{"id":2342,"date":"2022-04-23T15:04:05","date_gmt":"2022-04-23T12:04:05","guid":{"rendered":"https:\/\/rcsplus.org\/tr\/?post_type=event_listing&#038;p=2342"},"modified":"2025-03-31T14:40:15","modified_gmt":"2025-03-31T11:40:15","slug":"dogada-liderlik-egitimi-ve-seruven-programi-3","status":"publish","type":"event_listing","link":"https:\/\/rcsplus.org\/tr\/event\/dogada-liderlik-egitimi-ve-seruven-programi-3\/","title":{"rendered":"Do\u011fada Liderlik E\u011fitimi ve Ser\u00fcven Program\u0131"},"content":{"rendered":"\n<p>\u201cDo\u011fada Liderlik E\u011fitimi &amp; Ser\u00fcven program\u0131\u201c, kat\u0131l\u0131mc\u0131lar\u0131n do\u011fada \u00f6\u011frenilen becerileri hem akademik hayatta hem de g\u00fcndelik hayatta kullan\u0131labilmesi \u00fczere, 12-17 ya\u015f grubu i\u00e7in tasarlanm\u0131\u015f \u00f6zel e\u011fitim program\u0131d\u0131r. RCS Akademi \u00f6\u011frencileri spor ve do\u011fada ya\u015fam becerilerini bir araya getirerek liderlik hakk\u0131nda giri\u015f d\u00fczeyinde bilgi sahibi olacaklar.<\/p>\n\n\n\n<p>Birbirinden farkl\u0131 ve zengin i\u00e7erikli a\u00e7\u0131k hava etkinlikleri ile teknik beceri elde etmenin yan\u0131 s\u0131ra kat\u0131l\u0131mc\u0131lar g\u00fcvenlik, organizasyon, \u00e7evre ve do\u011fa bilinci, grup y\u00f6netimi ve problem \u00e7\u00f6zme becerilerini de geli\u015ftirecekler. Bu beceriler her lider i\u00e7in gerekli!<\/p>\n\n\n\n<p>Bu programda deneyimsel e\u011fitime odaklan\u0131yoruz. Bu e\u011fitim t\u00fcr\u00fcn\u00fcn eylem-yans\u0131tma d\u00f6ng\u00fcs\u00fcnden olu\u015ftu\u011fu yayg\u0131n olarak kabul ediliyor ve bu d\u00f6ng\u00fcn\u00fcn uygulanma \u015fekli ise deneyimsel e\u011fitimin etkinli\u011fini belirliyor.<\/p>\n\n\n\n<p>Program\u0131m\u0131z\u0131, her biri kendi temas\u0131 ve a\u015famalar\u0131 olan \u00fc\u00e7 ayr\u0131 kategoride organize ediyoruz.<\/p>\n\n\n\n<p>1. Do\u011fada hayatta kalma becerileri: G\u00fcvenlik i\u00e7in gerekli olan a\u00e7\u0131k havada\/do\u011fada ya\u015fam i\u00e7in teknik, kurtarma, t\u0131bbi ve saha y\u00f6netimi becerileri.<\/p>\n\n\n\n<p>2. Sosyal beceriler. Etkili ileti\u015fim ve \u00f6\u011fretimi i\u00e7in gerekli olan beceriler, ki\u015fileraras\u0131, ko\u00e7luk ve dan\u0131\u015fmanl\u0131k becerileri.<\/p>\n\n\n\n<p>3. E\u011fitim becerileri. G\u00fcvenli aktiviteler tasarlama ve y\u00f6netme yetene\u011fi ile birlikte aktivite yap\u0131s\u0131, ilerleleyi\u015fi ve temel do\u011fada ya\u015fam e\u011fitim stratejilerinin i\u015flevsel olarak anla\u015f\u0131lmas\u0131.<\/p>\n\n\n<p style=\"text-align: center;\"><a class=\"fasc-button fasc-size-large fasc-type-flat fasc-rounded-medium fasc-ico-before dashicons-location-alt\" style=\"background-color: #0a4f2d; color: #ffffff;\" href=\"https:\/\/rcsplus.org\/tr\/liderlik-programi\/\">Do\u011fada Liderlik E\u011fitimi Hakk\u0131nda Daha Fazla Bilgi<\/a><\/p>\n\n\n<div class=\"wp-block-group\"><div class=\"wp-block-group__inner-container is-layout-flow wp-block-group-is-layout-flow\">\n<hr class=\"wp-block-separator has-text-color has-cyan-bluish-gray-color has-css-opacity has-cyan-bluish-gray-background-color has-background is-style-default\"\/>\n\n\n\n<div class=\"wp-block-columns are-vertically-aligned-center is-layout-flex wp-container-core-columns-is-layout-9d6595d7 wp-block-columns-is-layout-flex\">\n<div class=\"wp-block-column is-vertically-aligned-center is-layout-flow wp-block-column-is-layout-flow\" style=\"flex-basis:40%\">\n<p class=\"has-text-align-center has-small-font-size\" style=\"line-height:1.2\"><strong>Program \u00dccreti<\/strong><\/p>\n\n\n\n<p class=\"has-text-align-center has-small-font-size\" style=\"line-height:1\">&#8211; \u20ba<\/p>\n<\/div>\n\n\n\n<div class=\"wp-block-column is-vertically-aligned-center is-layout-flow wp-block-column-is-layout-flow\" style=\"flex-basis:60%\">\n<p class=\"has-text-align-center has-small-font-size\" style=\"line-height:1.2\"><strong>Karde\u015f \/ Mezun \u0130ndirimli<\/strong><\/p>\n\n\n\n<p class=\"has-text-align-center has-small-font-size\" style=\"line-height:1\">&#8211; \u20ba*<\/p>\n<\/div>\n<\/div>\n\n\n\n<p class=\"has-text-align-center has-small-font-size\" style=\"line-height:1.2\">* Kayd\u0131 yap\u0131lan t\u00fcm karde\u015fler i\u00e7in ge\u00e7erlildir.<\/p>\n<\/div><\/div>\n","protected":false},"featured_media":2340,"template":"","meta":{"inline_featured_image":false},"event_listing_category":[94,96,91],"event_listing_type":[],"class_list":["post-2342","event_listing","type-event_listing","status-publish","has-post-thumbnail","hentry","event_listing_category-rcsa-summer-3rd","event_listing_category-rcsa-summer-afternoon","event_listing_category-rcsa-f2f"],"_links":{"self":[{"href":"https:\/\/rcsplus.org\/tr\/wp-json\/wp\/v2\/event_listing\/2342","targetHints":{"allow":["GET"]}}],"collection":[{"href":"https:\/\/rcsplus.org\/tr\/wp-json\/wp\/v2\/event_listing"}],"about":[{"href":"https:\/\/rcsplus.org\/tr\/wp-json\/wp\/v2\/types\/event_listing"}],"wp:featuredmedia":[{"embeddable":true,"href":"https:\/\/rcsplus.org\/tr\/wp-json\/wp\/v2\/media\/2340"}],"wp:attachment":[{"href":"https:\/\/rcsplus.org\/tr\/wp-json\/wp\/v2\/media?parent=2342"}],"wp:term":[{"taxonomy":"event_listing_category","embeddable":true,"href":"https:\/\/rcsplus.org\/tr\/wp-json\/wp\/v2\/event_listing_category?post=2342"},{"taxonomy":"event_listing_type","embeddable":true,"href":"https:\/\/rcsplus.org\/tr\/wp-json\/wp\/v2\/event_listing_type?post=2342"}],"curies":[{"name":"wp","href":"https:\/\/api.w.org\/{rel}","templated":true}]}}