{"id":3058,"date":"2024-03-29T15:44:26","date_gmt":"2024-03-29T12:44:26","guid":{"rendered":"https:\/\/rcsplus.org\/tr\/?post_type=event_listing&#038;p=3058"},"modified":"2025-07-21T15:34:32","modified_gmt":"2025-07-21T12:34:32","slug":"gelecegi-insa-etmek-tasarim-tabanli-sanal-gerceklik","status":"publish","type":"event_listing","link":"https:\/\/rcsplus.org\/tr\/event\/gelecegi-insa-etmek-tasarim-tabanli-sanal-gerceklik\/","title":{"rendered":"Gelece\u011fin \u0130n\u015fas\u0131: Tasar\u0131m \u0130\u00e7in Sanal Ger\u00e7eklik"},"content":{"rendered":"\n<p>Bu program kapsam\u0131nda, kat\u0131l\u0131mc\u0131lar yaln\u0131zca XR&#8217;\u0131n (Extended Reality) temel kavramlar\u0131na ve tarihsel geli\u015fimine, mevcut uygulamalar\u0131na ve gelecek potansiyeline derinlemesine inmekle kalmayacak, ayn\u0131 zamanda Tasar\u0131m Odakl\u0131 Sanal Ger\u00e7eklik konusunda uzmanla\u015fm\u0131\u015f e\u011fitim de alacaklar. Burada, \u00f6\u011frenciler VR i\u00e7inde do\u011frudan 3D ortamlar olu\u015fturma konusunda rehberlik alacak ve gelecekte oyun seviyeleri ve end\u00fcstriyel \u00fcr\u00fcnler tasarlamak i\u00e7in gerekli becerileri kazanacaklar.<\/p>\n\n\n\n<div class=\"wp-block-group\"><div class=\"wp-block-group__inner-container is-layout-flow wp-block-group-is-layout-flow\">\n<hr class=\"wp-block-separator has-text-color has-cyan-bluish-gray-color has-css-opacity has-cyan-bluish-gray-background-color has-background is-style-default\"\/>\n\n\n\n<div class=\"wp-block-columns are-vertically-aligned-center is-layout-flex wp-container-core-columns-is-layout-9d6595d7 wp-block-columns-is-layout-flex\">\n<div class=\"wp-block-column is-vertically-aligned-center is-layout-flow wp-block-column-is-layout-flow\">\n<p class=\"has-text-align-center has-small-font-size\" style=\"line-height:1.2\"><strong>Program \u00dccreti<\/strong><\/p>\n\n\n\n<p class=\"has-text-align-center has-small-font-size\" style=\"line-height:1\"> 40,000 \u20ba<\/p>\n<\/div>\n\n\n\n<div class=\"wp-block-column is-vertically-aligned-center is-layout-flow wp-block-column-is-layout-flow\">\n<p class=\"has-text-align-center has-small-font-size\" style=\"line-height:1.2\"><strong>Karde\u015f \/ Mezun \u0130ndirimli<\/strong><\/p>\n\n\n\n<p class=\"has-text-align-center has-small-font-size\" style=\"line-height:1\">  38,000 \u20ba*<\/p>\n<\/div>\n<\/div>\n\n\n\n<p class=\"has-text-align-center has-small-font-size\" style=\"line-height:1.2\">* Kayd\u0131 yap\u0131lan t\u00fcm karde\u015fler i\u00e7in ge\u00e7erlildir.<\/p>\n<\/div><\/div>\n","protected":false},"featured_media":3060,"template":"","meta":{"inline_featured_image":false},"event_listing_category":[94,96,91],"event_listing_type":[],"class_list":["post-3058","event_listing","type-event_listing","status-publish","has-post-thumbnail","hentry","event_listing_category-rcsa-summer-3rd","event_listing_category-rcsa-summer-afternoon","event_listing_category-rcsa-f2f"],"_links":{"self":[{"href":"https:\/\/rcsplus.org\/tr\/wp-json\/wp\/v2\/event_listing\/3058","targetHints":{"allow":["GET"]}}],"collection":[{"href":"https:\/\/rcsplus.org\/tr\/wp-json\/wp\/v2\/event_listing"}],"about":[{"href":"https:\/\/rcsplus.org\/tr\/wp-json\/wp\/v2\/types\/event_listing"}],"wp:featuredmedia":[{"embeddable":true,"href":"https:\/\/rcsplus.org\/tr\/wp-json\/wp\/v2\/media\/3060"}],"wp:attachment":[{"href":"https:\/\/rcsplus.org\/tr\/wp-json\/wp\/v2\/media?parent=3058"}],"wp:term":[{"taxonomy":"event_listing_category","embeddable":true,"href":"https:\/\/rcsplus.org\/tr\/wp-json\/wp\/v2\/event_listing_category?post=3058"},{"taxonomy":"event_listing_type","embeddable":true,"href":"https:\/\/rcsplus.org\/tr\/wp-json\/wp\/v2\/event_listing_type?post=3058"}],"curies":[{"name":"wp","href":"https:\/\/api.w.org\/{rel}","templated":true}]}}