{"id":3490,"date":"2025-04-01T15:16:30","date_gmt":"2025-04-01T12:16:30","guid":{"rendered":"https:\/\/rcsplus.org\/tr\/?post_type=event_listing&#038;p=3490"},"modified":"2025-06-26T14:35:22","modified_gmt":"2025-06-26T11:35:22","slug":"ap-bilgisayar-bilimi-ilk-konular","status":"publish","type":"event_listing","link":"https:\/\/rcsplus.org\/tr\/event\/ap-bilgisayar-bilimi-ilk-konular\/","title":{"rendered":"AP Bilgisayar Bilimi: \u0130lk Konular"},"content":{"rendered":"\n<p>Bu yaz at\u00f6lyesi ile AP Bilgisayar Bilimi A&#8217;ya giri\u015f yap\u0131n ve Java programlama dilinde sa\u011flam bir temel olu\u015fturun. Uygulamal\u0131 kodlama \u00e7al\u0131\u015fmalar\u0131 ve problem \u00e7\u00f6zme aktiviteleri sayesinde de\u011fi\u015fkenler, ko\u015fullar, d\u00f6ng\u00fcler ve nesne y\u00f6nelimli programlama gibi temel kavramlarda uzmanla\u015facaks\u0131n\u0131z. \u0130ster y\u0131l boyu s\u00fcrecek kursa haz\u0131rlan\u0131yor olun, ister becerilerinizi geli\u015ftirmek istiyor olun, bu ders, AP Bilgisayar Bilimi A&#8217;da ba\u015far\u0131l\u0131 olabilmeniz i\u00e7in size gereken avantaj\u0131 sa\u011flayacakt\u0131r.<\/p>\n\n\n\n<div class=\"wp-block-group\"><div class=\"wp-block-group__inner-container is-layout-flow wp-block-group-is-layout-flow\">\n<hr class=\"wp-block-separator has-text-color has-cyan-bluish-gray-color has-css-opacity has-cyan-bluish-gray-background-color has-background is-style-default\"\/>\n\n\n\n<div class=\"wp-block-columns are-vertically-aligned-center is-layout-flex wp-container-core-columns-is-layout-9d6595d7 wp-block-columns-is-layout-flex\">\n<div class=\"wp-block-column is-vertically-aligned-center is-layout-flow wp-block-column-is-layout-flow\">\n<p class=\"has-text-align-center has-small-font-size\" style=\"line-height:1.2\"><strong>Program \u00dccreti<\/strong><\/p>\n\n\n\n<p class=\"has-text-align-center has-small-font-size\" style=\"line-height:1\">&#8211; \u20ba<\/p>\n<\/div>\n\n\n\n<div class=\"wp-block-column is-vertically-aligned-center is-layout-flow wp-block-column-is-layout-flow\">\n<p class=\"has-text-align-center has-small-font-size\" style=\"line-height:1.2\"><strong>Karde\u015f \/ Mezun \u0130ndirimli<\/strong><\/p>\n\n\n\n<p class=\"has-text-align-center has-small-font-size\" style=\"line-height:1\">&#8211; \u20ba*<\/p>\n<\/div>\n<\/div>\n\n\n\n<p class=\"has-text-align-center has-small-font-size\" style=\"line-height:1.2\">* Kayd\u0131 yap\u0131lan t\u00fcm karde\u015fler i\u00e7in ge\u00e7erlildir.<\/p>\n<\/div><\/div>\n","protected":false},"featured_media":3510,"template":"","meta":{"inline_featured_image":false},"event_listing_category":[92,95,91],"event_listing_type":[],"class_list":["post-3490","event_listing","type-event_listing","status-publish","has-post-thumbnail","hentry","event_listing_category-rcsa-summer-1st","event_listing_category-rcsa-summer-morning","event_listing_category-rcsa-f2f"],"_links":{"self":[{"href":"https:\/\/rcsplus.org\/tr\/wp-json\/wp\/v2\/event_listing\/3490","targetHints":{"allow":["GET"]}}],"collection":[{"href":"https:\/\/rcsplus.org\/tr\/wp-json\/wp\/v2\/event_listing"}],"about":[{"href":"https:\/\/rcsplus.org\/tr\/wp-json\/wp\/v2\/types\/event_listing"}],"wp:featuredmedia":[{"embeddable":true,"href":"https:\/\/rcsplus.org\/tr\/wp-json\/wp\/v2\/media\/3510"}],"wp:attachment":[{"href":"https:\/\/rcsplus.org\/tr\/wp-json\/wp\/v2\/media?parent=3490"}],"wp:term":[{"taxonomy":"event_listing_category","embeddable":true,"href":"https:\/\/rcsplus.org\/tr\/wp-json\/wp\/v2\/event_listing_category?post=3490"},{"taxonomy":"event_listing_type","embeddable":true,"href":"https:\/\/rcsplus.org\/tr\/wp-json\/wp\/v2\/event_listing_type?post=3490"}],"curies":[{"name":"wp","href":"https:\/\/api.w.org\/{rel}","templated":true}]}}