{"id":3499,"date":"2025-04-01T16:06:58","date_gmt":"2025-04-01T13:06:58","guid":{"rendered":"https:\/\/rcsplus.org\/tr\/?post_type=event_listing&#038;p=3499"},"modified":"2025-04-01T16:07:23","modified_gmt":"2025-04-01T13:07:23","slug":"eglenceli-ingilizce-iyiden-mukemmele","status":"publish","type":"event_listing","link":"https:\/\/rcsplus.org\/tr\/event\/eglenceli-ingilizce-iyiden-mukemmele\/","title":{"rendered":"E\u011flenceli \u0130ngilizce &#8211; \u0130yiden M\u00fckemmele!"},"content":{"rendered":"\n<p>Hem e\u011flenip hem de \u0130ngilizce dil becerilerinizi ve \u00f6zg\u00fcveninizi geli\u015ftirin! Bu at\u00f6lye, 13-14 ya\u015f aras\u0131ndaki kat\u0131l\u0131mc\u0131lar i\u00e7in, deneyimsel \u00f6\u011frenmeye odaklanm\u0131\u015f, kapsay\u0131c\u0131 ve yarat\u0131c\u0131 edebiyat temelli bir at\u00f6lyedir. At\u00f6lye, farkl\u0131 seviyelerde \u0130ngilizce becerisine sahip kat\u0131l\u0131mc\u0131lar\u0131, dil becerilerini geli\u015ftirmek i\u00e7in f\u0131rsatlar\u0131 ke\u015ffetmeye bir davettir. Dersler, kat\u0131l\u0131mc\u0131lar\u0131n ihtiya\u00e7lar\u0131na y\u00f6nelik yap\u0131land\u0131r\u0131lacak ve drama, beden hareketleri ve ses \u00e7al\u0131\u015fmalar\u0131 gibi unsurlar\u0131 i\u00e7erecektir.<\/p>\n\n\n\n<div class=\"wp-block-group\"><div class=\"wp-block-group__inner-container is-layout-flow wp-block-group-is-layout-flow\">\n<hr class=\"wp-block-separator has-text-color has-cyan-bluish-gray-color has-css-opacity has-cyan-bluish-gray-background-color has-background is-style-default\"\/>\n\n\n\n<div class=\"wp-block-columns are-vertically-aligned-center is-layout-flex wp-container-core-columns-is-layout-9d6595d7 wp-block-columns-is-layout-flex\">\n<div class=\"wp-block-column is-vertically-aligned-center is-layout-flow wp-block-column-is-layout-flow\">\n<p class=\"has-text-align-center has-small-font-size\" style=\"line-height:1.2\"><strong>Program \u00dccreti<\/strong><\/p>\n\n\n\n<p class=\"has-text-align-center has-small-font-size\" style=\"line-height:1\">&#8211; \u20ba<\/p>\n<\/div>\n\n\n\n<div class=\"wp-block-column is-vertically-aligned-center is-layout-flow wp-block-column-is-layout-flow\">\n<p class=\"has-text-align-center has-small-font-size\" style=\"line-height:1.2\"><strong>Karde\u015f \/ Mezun \u0130ndirimli<\/strong><\/p>\n\n\n\n<p class=\"has-text-align-center has-small-font-size\" style=\"line-height:1\">&#8211; \u20ba*<\/p>\n<\/div>\n<\/div>\n\n\n\n<p class=\"has-text-align-center has-small-font-size\" style=\"line-height:1.2\">* Kayd\u0131 yap\u0131lan t\u00fcm karde\u015fler i\u00e7in ge\u00e7erlildir.<\/p>\n<\/div><\/div>\n","protected":false},"featured_media":0,"template":"","meta":{"inline_featured_image":false},"event_listing_category":[93,95,91],"event_listing_type":[],"class_list":["post-3499","event_listing","type-event_listing","status-publish","hentry","event_listing_category-rcsa-summer-2nd","event_listing_category-rcsa-summer-morning","event_listing_category-rcsa-f2f"],"_links":{"self":[{"href":"https:\/\/rcsplus.org\/tr\/wp-json\/wp\/v2\/event_listing\/3499","targetHints":{"allow":["GET"]}}],"collection":[{"href":"https:\/\/rcsplus.org\/tr\/wp-json\/wp\/v2\/event_listing"}],"about":[{"href":"https:\/\/rcsplus.org\/tr\/wp-json\/wp\/v2\/types\/event_listing"}],"wp:attachment":[{"href":"https:\/\/rcsplus.org\/tr\/wp-json\/wp\/v2\/media?parent=3499"}],"wp:term":[{"taxonomy":"event_listing_category","embeddable":true,"href":"https:\/\/rcsplus.org\/tr\/wp-json\/wp\/v2\/event_listing_category?post=3499"},{"taxonomy":"event_listing_type","embeddable":true,"href":"https:\/\/rcsplus.org\/tr\/wp-json\/wp\/v2\/event_listing_type?post=3499"}],"curies":[{"name":"wp","href":"https:\/\/api.w.org\/{rel}","templated":true}]}}