{"id":1535,"date":"2020-03-23T14:24:22","date_gmt":"2020-03-23T11:24:22","guid":{"rendered":"https:\/\/rcsplus.org\/tr\/?page_id=1535"},"modified":"2025-09-16T10:07:20","modified_gmt":"2025-09-16T07:07:20","slug":"liderlik-programi","status":"publish","type":"page","link":"https:\/\/rcsplus.org\/tr\/liderlik-programi\/","title":{"rendered":"Do\u011fada Liderlik E\u011fitimi &#038; Ser\u00fcven Program\u0131"},"content":{"rendered":"\n<div style=\"height:20px\" aria-hidden=\"true\" class=\"wp-block-spacer\"><\/div>\n\n\n\n<h2 class=\"wp-block-heading has-text-align-center has-text-color\" style=\"color:#ff0000\">RCS AKADEM\u0130 &#8211; DO\u011eADA L\u0130DERL\u0130K E\u011e\u0130T\u0130M\u0130 &amp; SER\u00dcVEN PROGRAMI<\/h2>\n\n\n\n<p>RCS Akademi g\u00fcnd\u00fcz program\u0131n\u0131n kat\u0131l\u0131mc\u0131lar\u0131 \u00f6\u011fleden sonra program\u0131n\u0131 da se\u00e7erek, Do\u011fada Liderlik ve Ser\u00fcven Program\u0131na devam ederek Akademi deneyimini daha geni\u015f bir \u00f6l\u00e7ekte ve t\u00fcm g\u00fcn ya\u015fama \u015fans\u0131na sahip olacaklar. RCS Akademi Do\u011fada Liderlik ve Macera E\u011fitimi program\u0131, kat\u0131l\u0131mc\u0131lara hayatlar\u0131n\u0131n her a\u015famas\u0131nda kullanabilecekleri liderlik becerilerini uygulamal\u0131 bir \u015fekilde aktarmay\u0131 ama\u00e7lar ve bunu ger\u00e7ekle\u015ftirirken kat\u0131l\u0131mc\u0131lar\u0131n do\u011fay\u0131 ve bize sunduklar\u0131n\u0131n k\u0131ymetini derinlikli \u00f6\u011frenmesini, \u00e7evre bilincini geli\u015ftirerek topluma yararl\u0131, aktif ve \u00f6nc\u00fc bireyler olmalar\u0131n\u0131 oda\u011f\u0131na al\u0131r. Kat\u0131l\u0131mc\u0131lar\u0131n uygulamal\u0131 ve interaktif bir \u00f6\u011frenme ortam\u0131nda yeteneklerini ke\u015ffetme ve ortaya koyma imkan\u0131 sunar.<\/p>\n\n\n\n<p><strong>Kat\u0131l\u0131mc\u0131lar t\u00fcm g\u00fcn program\u0131 (RCS Akademi G\u00fcnd\u00fcz Program\u0131 ve Liderlik E\u011fitimi ya da RCS Akademi \u00d6\u011fleden Sonra Program\u0131), yaln\u0131zca sabah program\u0131 ve\/veya yaln\u0131zca RCS Akademi \u00d6\u011fleden Sonra Program\u0131 veya Liderlik ve Ser\u00fcven program\u0131na kat\u0131labilirler.<\/strong> \u0130lgi alanlar\u0131 farkl\u0131 kat\u0131l\u0131mc\u0131lar\u0131m\u0131z, sabah programlar\u0131 ne olursa olsun bu programdan kazan\u0131mlar sa\u011flayabilecek, g\u00fcvenli bir ortamda risk alma ve yeteneklerini geli\u015ftirme imkan\u0131 bulacaklar.<\/p>\n\n\n\n<h3 class=\"wp-block-heading has-text-align-center has-text-color\" style=\"color:#ff0000\">PROGRAM HAKKINDA<\/h3>\n\n\n\n<p><strong>Pazartesi, Sal\u0131, \u00c7ar\u015famba ve Per\u015fembe<\/strong> g\u00fcnleri kat\u0131l\u0131mc\u0131lar\u0131m\u0131z, do\u011fada hayatta kalma, tak\u0131m \u00e7al\u0131\u015fmas\u0131 ve liderlik \u00e7at\u0131s\u0131 alt\u0131nda \u00e7e\u015fitli aktiviteleri <strong>saat 12:30 ile 16:00 aras\u0131nda<\/strong> Robert Kolej kamp\u00fcs\u00fcnde kendilerine ayr\u0131lm\u0131\u015f alanlarda ger\u00e7ekle\u015ftirecekler. Kat\u0131l\u0131mc\u0131lar\u0131m\u0131z\u0131n, \u0130stanbul&#8217;un merkezinde yer alan korunmu\u015f bu do\u011fal alan ve ekosistemin tad\u0131n\u0131 \u00e7\u0131karmalar\u0131n\u0131 hedeflemekteyiz.<\/p>\n\n\n\n<p>\u0130lk Cuma g\u00fcn\u00fcnde saat 12:30 itibari ile ilk hafta <strong>Ni\u015fantepe Orman Park<\/strong>\u2019a ve ikinci hafta Cumartesi <strong>\u015eile\u2019de bulunan Ye\u015fil Vadi<\/strong>\u2019ye veya benzer y\u00fcr\u00fcy\u00fc\u015f ve kamp alanlar\u0131na do\u011fru yola \u00e7\u0131kacak, do\u011fa y\u00fcr\u00fcy\u00fc\u015f\u00fc ve oryantiringin yan\u0131 s\u0131ra i\u00e7erisinde ate\u015f yakma, yemek pi\u015firme ve karanl\u0131kta navigasyon gibi aktivitelerin de bulundu\u011fu bir kamp deneyimi de kazanacaklar.<\/p>\n\n\n\n<div class=\"wp-block-columns is-layout-flex wp-container-core-columns-is-layout-9d6595d7 wp-block-columns-is-layout-flex\">\n<div class=\"wp-block-column is-layout-flow wp-block-column-is-layout-flow\" style=\"flex-basis:65%\">\n<h3 class=\"wp-block-heading has-text-align-center\"><strong>UZMAN \u00d6\u011eRET\u0130C\u0130M\u0130Z &#8211; L\u0130DERL\u0130\u011eE FARKLI B\u0130R BAKI\u015e A\u00c7ISI<\/strong><\/h3>\n\n\n\n<p>Burak \u0130kizler Ted Ankara Koleji ard\u0131ndan ODT\u00dc\u2019de Kimya M\u00fchendisli\u011fi b\u00f6l\u00fcm\u00fcnden mezun oldu. Sonras\u0131nda Bilkent \u00dcniversitesi ve New York \u00dcniversitesi SCPS\u2019de \u0130\u015fletme y\u00fcksek lisans\u0131 yapt\u0131. \u00c7e\u015fitli dan\u0131\u015fmanl\u0131k, e-ticaret firmalar\u0131 ve hizmet sekt\u00f6r\u00fcnde y\u00f6netici pozisyonlar\u0131nda \u00e7al\u0131\u015ft\u0131. Ge\u00e7ti\u011fimiz 12 y\u0131ld\u0131r sa\u011fl\u0131k sekt\u00f6r\u00fcnde sat\u0131\u015f m\u00fcd\u00fcrl\u00fc\u011f\u00fc, genel m\u00fcd\u00fcr yard\u0131mc\u0131l\u0131\u011f\u0131 ve genel m\u00fcd\u00fcrl\u00fck rollerini \u00fcstlendi.<\/p>\n\n\n\n<p>2018 sonras\u0131nda kendisini do\u011fay\u0131 ke\u015ffetme tutkusuna adad\u0131. EWES\u2019e dahil olmas\u0131n\u0131n sonras\u0131nda (Avrupa Yaban Hayat\u0131 E\u011fitimleri Okulu) Vah\u015fi Do\u011fa Rehberli\u011fi 1. Seviye e\u011fitim program\u0131na kat\u0131ld\u0131, \u0130spanyol, Frans\u0131z ve Katalonya Pirenlerinde bir sene ge\u00e7irdi, d\u00fcnyan\u0131n en g\u00fczel ulusal parklar\u0131ndan olan Andorra ve Donana\u2019da e\u011fitim ald\u0131. Vah\u015fi Do\u011fa Liderlik E\u011fitmeni olarak Y\u00f6ne-Team\u2019e kat\u0131ld\u0131. Robert Kolej ve Robert Kolej Yaz Programlar\u0131 ile uzun y\u0131llard\u0131r do\u011fa e\u011fitimi ve tak\u0131m olu\u015fturma \u00e7al\u0131\u015fmalar\u0131m\u0131zda partnerimiz olan Y\u00f6ne-Team \u015firketi , gelece\u011fin y\u00f6neticilerine deneyimsel \u00f6\u011frenim olanaklar\u0131 sunmaktad\u0131r.<\/p>\n\n\n\n<figure class=\"wp-block-gallery has-nested-images columns-3 is-cropped outdoor-gallery wp-block-gallery-1 is-layout-flex wp-block-gallery-is-layout-flex\">\n<figure class=\"wp-block-image size-large\"><img decoding=\"async\" data-id=\"2848\" src=\"https:\/\/rcsplus.org\/en\/wp-content\/uploads\/2020\/02\/LRD01477.jpg\" alt=\"\" class=\"wp-image-2848\"\/><\/figure>\n\n\n\n<figure class=\"wp-block-image size-large\"><img decoding=\"async\" data-id=\"2917\" src=\"https:\/\/rcsplus.org\/en\/wp-content\/uploads\/2020\/03\/outdoor-leadership.jpg\" alt=\"\" class=\"wp-image-2917\"\/><\/figure>\n\n\n\n<figure class=\"wp-block-image size-large\"><img decoding=\"async\" data-id=\"2849\" src=\"https:\/\/rcsplus.org\/en\/wp-content\/uploads\/2020\/02\/LRD01495.jpg\" alt=\"\" class=\"wp-image-2849\"\/><\/figure>\n\n\n\n<figure class=\"wp-block-image size-large\"><img decoding=\"async\" data-id=\"2850\" src=\"https:\/\/rcsplus.org\/en\/wp-content\/uploads\/2020\/02\/LRD01514.jpg\" alt=\"\" class=\"wp-image-2850\"\/><\/figure>\n\n\n\n<figure class=\"wp-block-image size-large\"><img decoding=\"async\" data-id=\"2858\" src=\"https:\/\/rcsplus.org\/en\/wp-content\/uploads\/2020\/02\/LRD01669.jpg\" alt=\"\" class=\"wp-image-2858\"\/><\/figure>\n\n\n\n<figure class=\"wp-block-image size-large is-style-default\"><img decoding=\"async\" data-id=\"4476\" src=\"https:\/\/rcsplus.org\/en\/wp-content\/uploads\/2022\/04\/LRD01600-edited.jpg\" alt=\"\" class=\"wp-image-4476\"\/><\/figure>\n\n\n\n<figure class=\"wp-block-image size-large\"><img decoding=\"async\" data-id=\"2854\" src=\"https:\/\/rcsplus.org\/en\/wp-content\/uploads\/2020\/02\/LRD01568.jpg\" alt=\"\" class=\"wp-image-2854\"\/><\/figure>\n\n\n\n<figure class=\"wp-block-image size-large\"><img decoding=\"async\" data-id=\"2857\" src=\"https:\/\/rcsplus.org\/en\/wp-content\/uploads\/2020\/02\/LRD01607.jpg\" alt=\"\" class=\"wp-image-2857\"\/><\/figure>\n\n\n\n<figure class=\"wp-block-image size-large\"><img decoding=\"async\" data-id=\"2855\" src=\"https:\/\/rcsplus.org\/en\/wp-content\/uploads\/2020\/02\/LRD01599.jpg\" alt=\"\" class=\"wp-image-2855\"\/><\/figure>\n\n\n\n<figure class=\"wp-block-image size-large\"><img decoding=\"async\" data-id=\"2852\" src=\"https:\/\/rcsplus.org\/en\/wp-content\/uploads\/2020\/02\/LRD01555.jpg\" alt=\"\" class=\"wp-image-2852\"\/><\/figure>\n\n\n\n<figure class=\"wp-block-image size-large\"><img decoding=\"async\" data-id=\"2851\" src=\"https:\/\/rcsplus.org\/en\/wp-content\/uploads\/2020\/02\/LRD01542.jpg\" alt=\"\" class=\"wp-image-2851\"\/><\/figure>\n<\/figure>\n<\/div>\n\n\n\n<div class=\"wp-block-column is-layout-flow wp-block-column-is-layout-flow\" style=\"flex-basis:35%\"><div class=\"wp-block-image\">\n<figure class=\"aligncenter is-resized\"><img decoding=\"async\" src=\"https:\/\/rcsplus.org\/en\/wp-content\/uploads\/2020\/02\/the-expert.jpg\" alt=\"\" class=\"wp-image-2803\" style=\"width:-310px;height:-508px\"\/><\/figure>\n<\/div><\/div>\n<\/div>\n\n\n\n<h3 class=\"wp-block-heading has-text-align-center\">PROGRAM \u0130\u00c7ER\u0130\u011e\u0130M\u0130Z<\/h3>\n\n\n\n<p>Liderlik E\u011fitimi Program\u0131, RCS Akademi g\u00fcnd\u00fcz program\u0131 ile e\u015f zamanl\u0131 olarak iki haftal\u0131k d\u00f6nemler halinde \u00f6\u011fleden sonralar\u0131 sunulacakt\u0131r.<\/p>\n\n\n\n<p>Program iki hafta boyunca, Pazartesi, Sal\u0131, \u00c7ar\u015famba ve Per\u015fembe g\u00fcnleri Robert Kolej kamp\u00fcs\u00fcnde ger\u00e7ekle\u015fecek. Cuma g\u00fcnleri kat\u0131l\u0131mc\u0131lar\u0131m\u0131z s\u0131ras\u0131yla Ni\u015fantepe Orman Park ve Ye\u015filvadi\u2019de, veya belirlenen benzer bir alanda do\u011fada kamp kuracak, kamp\u00fcs ortam\u0131nda edindikleri hayatta kalma ve liderlik becerilerini do\u011fada ger\u00e7ek\u00e7i senaryolarla uygulama f\u0131rsat\u0131 bulacaklar.<\/p>\n\n\n\n<p><strong>Hafta i\u00e7i her g\u00fcn<\/strong> kat\u0131l\u0131mc\u0131lar\u0131m\u0131z, do\u011fada hayatta kalma, tak\u0131m \u00e7al\u0131\u015fmas\u0131 ve liderlik \u00e7at\u0131s\u0131 alt\u0131nda \u00e7e\u015fitli aktiviteleri <strong>saat 12:30 ile 16:00 aras\u0131nda<\/strong> <strong>Robert Kolej kamp\u00fcs\u00fcnde<\/strong> kendilerine ayr\u0131lm\u0131\u015f alanlarda ger\u00e7ekle\u015ftirecektir. <strong>Cuma g\u00fcnleri saat 12:30 itibari ile<\/strong> ilk hafta <strong>Ni\u015fantepe Orman Park<\/strong>\u2019a ve ikinci hafta <strong>\u015eile\u2019de bulunan Ye\u015fil Vadi\u2019ye<\/strong>, veya belirlenen benzer bir mekana do\u011fru yola \u00e7\u0131kacak, do\u011fa y\u00fcr\u00fcy\u00fc\u015f\u00fc ve oryantiring aktivitelerinin yan\u0131 s\u0131ra kamp deneyimi de kazanacaklar.<\/p>\n\n\n\n<figure class=\"wp-block-image size-large\"><img decoding=\"async\" src=\"https:\/\/rcsplus.org\/tr\/wp-content\/uploads\/2023\/03\/liderlik-egitimi-rev23.svg\" alt=\"\" class=\"wp-image-2894\"\/><\/figure>\n\n\n<p style=\"text-align: center;\"><a class=\"fasc-button fasc-size-xlarge fasc-type-flat fasc-rounded-medium fasc-ico-before dashicons-location-alt\" style=\"background-color: #0a4f2d; color: #ffffff;\" href=\"https:\/\/rcsplus.org\/tr\/rcs-akademi-kayit-oncesi\/\">Do\u011fada Liderlik E\u011fitimi Program\u0131&#8217;na Kaydolun!<\/a><\/p>\n\n<div class=\"wp-block-image\">\n<figure class=\"aligncenter\"><img loading=\"lazy\" decoding=\"async\" width=\"423\" height=\"35\" src=\"https:\/\/rcsplus.org\/en\/wp-content\/uploads\/2017\/11\/arrow-spacer.png\" alt=\"\" class=\"wp-image-336\" srcset=\"https:\/\/rcsplus.org\/tr\/wp-content\/uploads\/2017\/11\/arrow-spacer.png 423w, https:\/\/rcsplus.org\/tr\/wp-content\/uploads\/2017\/11\/arrow-spacer-300x25.png 300w\" sizes=\"auto, (max-width: 423px) 100vw, 423px\" \/><\/figure>\n<\/div>\n\n\n<div class=\"wp-block-columns is-layout-flex wp-container-core-columns-is-layout-9d6595d7 wp-block-columns-is-layout-flex\">\n<div class=\"wp-block-column is-layout-flow wp-block-column-is-layout-flow\">\n<h3 class=\"wp-block-heading has-text-align-center\">DO\u011eANLA BULU\u015e<\/h3>\n\n\n<div class=\"wp-block-image\">\n<figure class=\"aligncenter\"><img decoding=\"async\" src=\"https:\/\/rcsplus.org\/en\/wp-content\/uploads\/2020\/02\/the-connection.jpg\" alt=\"\" class=\"wp-image-2785\"\/><\/figure>\n<\/div>\n\n\n<p>RCS Akademi Liderlik E\u011fitimi program\u0131nda do\u011fal \u00e7evre; ke\u015fif ve deneyimleme ortam\u0131 olarak kullan\u0131lacak ve \u00e7ok \u00e7e\u015fitli yeteneklere sahip kat\u0131l\u0131mc\u0131lar\u0131m\u0131z, hangi cinsiyette ve ya\u015fta olurlarsa olsun, daha y\u00fcksek bir fark\u0131ndal\u0131\u011fa ula\u015fma \u015fans\u0131 yakalayacaklar.<\/p>\n\n\n\n<p>Do\u011fada ge\u00e7irdi\u011fimiz s\u00fcrenin ciddi \u00f6l\u00e7\u00fclerde azalmas\u0131, ailemizle ve arkada\u015flar\u0131m\u0131zla kaliteli zaman ge\u00e7irememe ve dijital hayat\u0131m\u0131zda dengeyi sa\u011flayamama gibi etmenler stresimizin artmas\u0131na ve g\u00fcnl\u00fck hayat\u0131m\u0131z\u0131n s\u00fcrd\u00fcr\u00fclebilir olmaktan \u00e7\u0131kmas\u0131na, ili\u015fkilerimizin ve \u00e7evremizin bu durumdan negatif y\u00f6nde etkilenmesine sebep olabiliyor.<\/p>\n\n\n\n<p>Bu programla kat\u0131l\u0131mc\u0131lar\u0131m\u0131z\u0131n do\u011fayla ve kendi do\u011falar\u0131 ile yeniden ba\u011f kurmalar\u0131na yard\u0131mc\u0131 olmay\u0131 umuyoruz. Bu motto ile \u00f6zenle olu\u015fturulan program i\u00e7eri\u011fi;<\/p>\n\n\n\n<ul class=\"wp-block-list\">\n<li>Liderlikte sorumluluklar \u2013 Etik ve Ahlak<\/li>\n\n\n\n<li>\u00c7evreye kar\u015f\u0131 s\u00fcrd\u00fcr\u00fclebilir toplumsal bir bak\u0131\u015f a\u00e7\u0131s\u0131 ortaya koyma<\/li>\n\n\n\n<li>Uygulama ve E\u011fitim Teknikleri<\/li>\n\n\n\n<li>Grup \u0130\u015fleyi\u015fi<\/li>\n\n\n\n<li>\u00c7at\u0131\u015fma \u00c7\u00f6z\u00fcm\u00fc<\/li>\n\n\n\n<li>Oryantiring, Bar\u0131nak Yap\u0131m\u0131, Ekipman G\u00fcvenli\u011fi &amp; T\u0131rman\u0131\u015f<\/li>\n\n\n\n<li>Test Parkuru Uygulamas\u0131 ve Y\u00f6netimi<\/li>\n\n\n\n<li>Temel Yetenekler (tak\u0131m \u00e7al\u0131\u015fmas\u0131, ba\u011f\u0131ms\u0131zl\u0131k ve ileti\u015fim)<\/li>\n<\/ul>\n\n\n\n<p>Kat\u0131l\u0131mc\u0131lar \u00f6\u011fleden sonra ger\u00e7ekle\u015fecek Liderlik program\u0131na, sabah program\u0131na ek olarak ya da sadece \u00f6\u011fleden sonra kat\u0131labilir. \u0130lgi alanlar\u0131 farkl\u0131 kat\u0131l\u0131mc\u0131lar\u0131m\u0131z, sabah programlar\u0131 ne olursa olsun bu programdan kazan\u0131mlar sa\u011flayabilecek, g\u00fcvenli bir ortamda risk alma ve yeteneklerini geli\u015ftirme imkan\u0131 bulacaklar.<\/p>\n<\/div>\n\n\n\n<div class=\"wp-block-column is-layout-flow wp-block-column-is-layout-flow\">\n<h3 class=\"wp-block-heading has-text-align-center\">KEND\u0130 \u0130\u00c7\u0130NDE B\u0130R YOLCULUK<\/h3>\n\n\n<div class=\"wp-block-image\">\n<figure class=\"aligncenter\"><img decoding=\"async\" src=\"https:\/\/rcsplus.org\/en\/wp-content\/uploads\/2020\/02\/the-journey.jpg\" alt=\"\" class=\"wp-image-2787\"\/><\/figure>\n<\/div>\n\n\n<p>Liderlik e\u011fitimi program\u0131, ilk hafta, Robert Kolej kamp\u00fcs\u00fcnde program i\u00e7in \u00f6zel olarak se\u00e7ilmi\u015f alanda ba\u015flayacak. Kat\u0131l\u0131mc\u0131lar\u0131m\u0131z do\u011fada hayatta kalma becerilerini, ekoloji, bar\u0131nak yap\u0131m\u0131, ekipman kullan\u0131m\u0131, beslenme, y\u00f6n bulma, g\u00f6rev da\u011f\u0131l\u0131m\u0131, g\u00fcvenlik ve ate\u015f haz\u0131rlaman\u0131n da bulundu\u011fu \u00e7ok \u00e7e\u015fitli konularla besleyecekler.<\/p>\n\n\n\n<p>Grubumuz, ilk hafta Cuma ve Cumartesi g\u00fcn\u00fc Ni\u015fantepe Orman Park\u2019ta, veya benzer bir alanda, kamp\u00fcste edindikleri bilgiler \u0131\u015f\u0131\u011f\u0131nda do\u011fa y\u00fcr\u00fcy\u00fc\u015f\u00fc yapacak, ormanda y\u00f6n bulma, do\u011fada yemek pi\u015firme aktiviteleri ger\u00e7ekle\u015ftirecek ve tak\u0131m olu\u015fturma, oryantiring egzersizlerine kat\u0131lacaklar. Ard\u0131ndan kamp alanlar\u0131n\u0131 olu\u015fturup geceyi \u00e7ad\u0131rlar\u0131nda ge\u00e7irecekler.<\/p>\n\n\n\n<p>\u0130kinci hafta tekrar Robert Kolej kamp\u00fcs\u00fcnde ba\u015flayacak. Bu haftaya \u00f6zel olarak program liderlik, tak\u0131m olu\u015fturma, davran\u0131\u015f g\u00f6zlemleri ve incelemeleri \u00fczerine odaklanacak. Kat\u0131l\u0131mc\u0131lar\u0131m\u0131z ileti\u015fimin \u00f6\u011felerini inceleyecek, kendilerini ifade etmenin ve g\u00f6r\u00fc\u015f bildirmenin inceliklerini \u00f6\u011frenecekler. \u00c7e\u015fitli senaryolar ve tak\u0131m olu\u015fturma aktiviteleri ile kendilerini, ekip arkada\u015flar\u0131n\u0131 ve \u00e7evreyi g\u00f6zlemlemede yeni y\u00f6ntemler geli\u015ftirecekler.<\/p>\n\n\n\n<p>Program\u0131n zirvesi olarak, grubumuz \u015eile\u2019de yer alan Ye\u015fil Vadi tesislerinde, veya benzer bir alanda edindikleri liderlik ve do\u011fada hayatta kalma bilgilerini kar\u015f\u0131lar\u0131na \u00e7\u0131kacak senaryolarda test etme f\u0131rsat\u0131 yakalayacaklar. Her ad\u0131mda yanlar\u0131nda olacak e\u011fitmenimiz ve RCS Akademi ekibi kat\u0131l\u0131mc\u0131lar\u0131m\u0131z\u0131 en do\u011fru \u015fekilde y\u00f6nlendirecek, g\u00fcvenliklerinden emin olacak.<\/p>\n\n\n\n<p>G\u00fcn boyunca yap\u0131lacak haz\u0131rl\u0131klar\u0131n ard\u0131ndan kat\u0131l\u0131mc\u0131lar\u0131m\u0131z ikinci hafta Cuma ak\u015fam\u0131 ekibimizin deste\u011fi e\u015fli\u011finde do\u011fa y\u00fcr\u00fcy\u00fc\u015f\u00fc yapacak, tak\u0131m olu\u015fturma aktiviteleri ger\u00e7ekle\u015ftirecek ve birlikte bir ak\u015fam yeme\u011fi haz\u0131rlama \u015fans\u0131 yakalayacaklar. Gece \u00e7ad\u0131rlarda konaklaman\u0131n ard\u0131ndan Ye\u015fil Vadi ekibinin haz\u0131rlayaca\u011f\u0131 kahvalt\u0131 ile do\u011fada Cumartesi g\u00fcn\u00fcne keyifli bir ba\u015flang\u0131\u00e7 yapacak ve d\u00f6nemi noktalayaca\u011f\u0131z.<\/p>\n<\/div>\n<\/div>\n\n\n\n<p class=\"has-text-align-center\">\u00d6zetle, kat\u0131l\u0131mc\u0131lar\u0131n \u00e7e\u015fitli, \u00e7ok k\u00fclt\u00fcrl\u00fc bir ekosistemde konfor alanlar\u0131ndan \u00e7\u0131k\u0131p kendilerine odaklanarak dayan\u0131kl\u0131l\u0131k, g\u00fcven, yeterlilik, disiplin ve ba\u011f\u0131ms\u0131zl\u0131klar\u0131n\u0131 test ederek &#8220;b\u00fcy\u00fcmelerine&#8221; olanak sa\u011flamay\u0131 hedefliyoruz.<\/p>\n\n\n\n<p class=\"has-text-align-center\"><em>Do\u011fan\u0131n derinliklerine bak, sonras\u0131nda her \u015feyi daha iyi anlayacaks\u0131n.<\/em> &#8211; Albert Einstein<\/p>\n\n\n<div class=\"wp-block-image\">\n<figure class=\"aligncenter\"><img decoding=\"async\" src=\"https:\/\/rcsplus.org\/en\/wp-content\/uploads\/2020\/02\/the-hike.jpg\" alt=\"\" class=\"wp-image-2789\"\/><\/figure>\n<\/div>","protected":false},"excerpt":{"rendered":"<p>RCS AKADEM\u0130 &#8211; DO\u011eADA L\u0130DERL\u0130K E\u011e\u0130T\u0130M\u0130 &amp; SER\u00dcVEN PROGRAMI RCS Akademi g\u00fcnd\u00fcz program\u0131n\u0131n kat\u0131l\u0131mc\u0131lar\u0131 \u00f6\u011fleden sonra program\u0131n\u0131 da se\u00e7erek, Do\u011fada Liderlik ve Ser\u00fcven Program\u0131na devam ederek Akademi deneyimini daha geni\u015f bir \u00f6l\u00e7ekte ve t\u00fcm g\u00fcn ya\u015fama \u015fans\u0131na sahip olacaklar. RCS Akademi Do\u011fada Liderlik ve Macera E\u011fitimi program\u0131, kat\u0131l\u0131mc\u0131lara hayatlar\u0131n\u0131n her a\u015famas\u0131nda kullanabilecekleri liderlik becerilerini uygulamal\u0131 &hellip; <\/p>\n<p class=\"link-more\"><a href=\"https:\/\/rcsplus.org\/tr\/liderlik-programi\/\" class=\"more-link\">Okumaya devam et<span class=\"screen-reader-text\"> &#8220;Do\u011fada Liderlik E\u011fitimi &#038; Ser\u00fcven Program\u0131&#8221;<\/span><\/a><\/p>\n","protected":false},"author":1,"featured_media":0,"parent":0,"menu_order":0,"comment_status":"closed","ping_status":"closed","template":"","meta":{"inline_featured_image":false,"footnotes":""},"class_list":["post-1535","page","type-page","status-publish","hentry"],"_links":{"self":[{"href":"https:\/\/rcsplus.org\/tr\/wp-json\/wp\/v2\/pages\/1535","targetHints":{"allow":["GET"]}}],"collection":[{"href":"https:\/\/rcsplus.org\/tr\/wp-json\/wp\/v2\/pages"}],"about":[{"href":"https:\/\/rcsplus.org\/tr\/wp-json\/wp\/v2\/types\/page"}],"author":[{"embeddable":true,"href":"https:\/\/rcsplus.org\/tr\/wp-json\/wp\/v2\/users\/1"}],"replies":[{"embeddable":true,"href":"https:\/\/rcsplus.org\/tr\/wp-json\/wp\/v2\/comments?post=1535"}],"version-history":[{"count":33,"href":"https:\/\/rcsplus.org\/tr\/wp-json\/wp\/v2\/pages\/1535\/revisions"}],"predecessor-version":[{"id":3665,"href":"https:\/\/rcsplus.org\/tr\/wp-json\/wp\/v2\/pages\/1535\/revisions\/3665"}],"wp:attachment":[{"href":"https:\/\/rcsplus.org\/tr\/wp-json\/wp\/v2\/media?parent=1535"}],"curies":[{"name":"wp","href":"https:\/\/api.w.org\/{rel}","templated":true}]}}