{"id":1701,"date":"2020-06-16T11:22:17","date_gmt":"2020-06-16T08:22:17","guid":{"rendered":"https:\/\/rcsplus.org\/tr\/?page_id=1701"},"modified":"2025-03-25T11:36:20","modified_gmt":"2025-03-25T08:36:20","slug":"rcs-akademi-gecmis-programlar","status":"publish","type":"page","link":"https:\/\/rcsplus.org\/tr\/rcs-akademi-gecmis-programlar\/","title":{"rendered":"RCS Akademi Online"},"content":{"rendered":"\n<div style=\"height:20px\" aria-hidden=\"true\" class=\"wp-block-spacer\"><\/div>\n\n\n\n<h2 class=\"wp-block-heading has-text-align-center\"><mark style=\"background-color:rgba(0, 0, 0, 0);color:#ff0000\" class=\"has-inline-color\">RCS AKADEM\u0130 &#8211; GE\u00c7T\u0130\u011e\u0130M\u0130Z D\u00d6NEMLERDEK\u0130 PROGRAMLAR<\/mark><\/h2>\n\n\n\n<div class=\"wp-block-columns is-layout-flex wp-container-core-columns-is-layout-9d6595d7 wp-block-columns-is-layout-flex\">\n<div class=\"wp-block-column is-layout-flow wp-block-column-is-layout-flow\"><div class=\"wp-block-image\">\n<figure class=\"aligncenter\"><img decoding=\"async\" src=\"https:\/\/rcsplus.org\/en\/wp-content\/uploads\/2021\/06\/Portfolio-Boeno.jpg\" alt=\"\" class=\"wp-image-3491\"\/><\/figure>\n<\/div>\n\n\n<h3 class=\"wp-block-heading\">SANATSAL SES\u0130M\u0130 BULMAK \u2013 SANAT PORTFOLYOSU HAZIRLAMA<\/h3>\n\n\n\n<p>Bu proje tabanl\u0131 \u00fcniversite dan\u0131\u015fmanl\u0131\u011f\u0131 ve sanat program\u0131nda, kat\u0131l\u0131mc\u0131lar ba\u015far\u0131l\u0131 bir sanat ve tasar\u0131m \u00fcniversitesi ba\u015fvuru portfolyosuna y\u00f6nelik \u00e7al\u0131\u015fmalar ger\u00e7ekle\u015ftireceklerdir.&nbsp;Kat\u0131l\u0131mc\u0131lar, \u00f6z-kronoloji, malzemele ke\u015fifleri, yeni mecralar, edebiyat, veri toplama ve g\u00fcncel olaylar etraf\u0131nda olu\u015fturulmu\u015f sanat problemleri \u00fczerine i\u015fler \u00fcretirken kendi bireysel sanat dillerini geli\u015ftirecek ve ayn\u0131 zamanda \u00fcrettikleri i\u015fleri profesyonel \u015fekilde foto\u011fraflamay\u0131, foto\u011fraflar\u0131 d\u00fczenlemeyi, olu\u015fturduklar\u0131 portfolyolar\u0131 yaz\u0131l\u0131 ve s\u00f6zel \u015fekilde sunmay\u0131 \u00f6\u011freneceklerdir. Bu iki haftal\u0131k d\u00f6nem, \u00fcniversite kabullerine y\u00f6nelik portfolyo \u00fcretimi ve sanat\u00e7\u0131 bildirisi yaz\u0131lar\u0131 ile sonu\u00e7lanacakt\u0131r. Program\u0131n oda\u011f\u0131 yurtd\u0131\u015f\u0131 sanat ve tasar\u0131m \u00fcniversitelerinin ba\u015fvuru s\u00fcre\u00e7lerine haz\u0131rlanmak olsa da,&nbsp; program\u0131n hedefledi\u011fi sanatsal beceri geli\u015fimi ve deneysel yakla\u015f\u0131m, yarat\u0131c\u0131 ve ele\u015ftirel d\u00fc\u015f\u00fcnme, s\u00f6zel ve yaz\u0131l\u0131 ifade, yap\u0131c\u0131 ele\u015ftiri alabilme ve verebilme gibi \u00f6\u011frenim kazan\u0131mlar\u0131 sanat ve tasar\u0131mdan keyif alan herkes i\u00e7in de\u011ferli olacakt\u0131r.<\/p>\n\n\n\n<p><strong>\u00d6nemli Not:<\/strong>&nbsp;Kat\u0131l\u0131mc\u0131lar\u0131n deneme s\u00fcr\u00fcm Photoshop program\u0131na sahip olmalar\u0131 \u00f6nerilmekte ve foto\u011fraf \u00e7ekecek bir ayg\u0131ta sahip olmalar\u0131 beklenmektedir.<\/p>\n\n\n\n<p>Robert Kolej mezunu olan&nbsp;<strong>Sera Boeno<\/strong>&nbsp;sanat e\u011fitmeni ve aktif bir heykeltra\u015f\/yerle\u015ftirme sanat\u00e7\u0131s\u0131. Dartmouth \u00dcniversitesi\u2019nden N\u00f6robilim ve g\u00fczel Sanatlar alan\u0131nda lisans e\u011fitimini tamamlad\u0131ktan sonra, y\u00fcksek lisans\u0131n\u0131 Maryland \u00dcniversitesi\u2019nden heykel alan\u0131nda, k\u00fcrat\u00f6ryel pratik, ele\u015ftirel \u00e7al\u0131\u015fmalar ve sanat e\u011fitimine yan dallar\u0131 ile tamamlam\u0131\u015ft\u0131r. Boeno\u2019nun i\u015fleri Amerika\u2019da bir\u00e7ok \u015fehirde karma ve solo sergilerde g\u00f6sterildi. Dartmouth College, Maryland Institute College of Art, Johns Hopkins, Jefferson University, Kennedy Center for the Arts ve SUNY-Purchase\u2019in de aralar\u0131nda yer ald\u0131\u011f\u0131 pek \u00e7ok farkl\u0131 akademik platformda dersler verdi ve at\u00f6lyeler d\u00fczenledi. En son Moore College of Art and Design\u2019\u0131n G\u00fczel Sanatlar Lisans ve Sosyal Uygulamal\u0131 Sanat Y\u00fcksek Lisans b\u00f6l\u00fcmlerinde \u00f6\u011fretim g\u00f6revlisi olarak \u00e7al\u0131\u015ft\u0131.<\/p>\n<\/div>\n\n\n\n<div class=\"wp-block-column is-layout-flow wp-block-column-is-layout-flow\"><div class=\"wp-block-image\">\n<figure class=\"aligncenter size-full\"><img loading=\"lazy\" decoding=\"async\" width=\"790\" height=\"264\" src=\"https:\/\/rcsplus.org\/tr\/wp-content\/uploads\/2021\/12\/Counseling.jpg\" alt=\"\" class=\"wp-image-2156\" srcset=\"https:\/\/rcsplus.org\/tr\/wp-content\/uploads\/2021\/12\/Counseling.jpg 790w, https:\/\/rcsplus.org\/tr\/wp-content\/uploads\/2021\/12\/Counseling-300x100.jpg 300w, https:\/\/rcsplus.org\/tr\/wp-content\/uploads\/2021\/12\/Counseling-768x257.jpg 768w\" sizes=\"auto, (max-width: 767px) 89vw, (max-width: 1000px) 54vw, (max-width: 1071px) 543px, 580px\" \/><\/figure>\n<\/div>\n\n\n<h3 class=\"wp-block-heading\">\u00dcN\u0130VERS\u0130TE DANI\u015eMANLI\u011eI \u2013 \u00dcN\u0130VERS\u0130TE KABULLER\u0130NDE ASLINDA NE BEKLEN\u0130YOR?<\/h3>\n\n\n\n<p>\u00dcniversite kabulleri ile ilgili bir\u00e7ok efsane var! Peki ger\u00e7ekleri \u00f6\u011frenmek istemez misiniz? E\u011fer yurt d\u0131\u015f\u0131nda bir \u00fcniversiteye gitmeyi planl\u0131yor veya hayalini kuruyorsan\u0131z, bu programda g\u00fc\u00e7l\u00fc bir ba\u015fvuru haz\u0131rlaman\u0131n gerekli ad\u0131mlar\u0131n\u0131, kendinizi nas\u0131l geli\u015ftirece\u011finizi, kabuller i\u00e7in nas\u0131l ilgi \u00e7ekici olabilece\u011finizi ve ba\u015fvuru s\u00fcrecine dair bir\u00e7ok detay\u0131 ve gereklilikleri \u00f6\u011freneceksiniz. Bolca ipucu bulacak, ama hi\u00e7 hile \u00f6\u011frenmeyeceksiniz! Ayn\u0131 zamanda nas\u0131l etkileyici ki\u015fisel tan\u0131t\u0131m yaz\u0131lar\u0131 yazabilece\u011finizi, \u00fcstelik bunlar\u0131 bir program arac\u0131l\u0131\u011f\u0131yla yazmay\u0131 \u00f6\u011freneceksiniz.<\/p>\n\n\n\n<p>Kendiniz i\u00e7in en iyi \u00fcniversitelerin hangileri oldu\u011funu nas\u0131l ara\u015ft\u0131rman\u0131z gerekti\u011fini anlayacak, hatta kendiniz birer kabul mercii olup zor se\u00e7imler yapacaks\u0131n\u0131z! Daha \u00e7ok konu anlat\u0131m\u0131 ve tart\u0131\u015fma temelli olacak olan bu programda ayn\u0131 zamanda yaz\u0131l\u0131 \u00f6devler de olacak. As\u0131l oda\u011f\u0131m\u0131z Amerika ve \u0130ngiltere\u2019deki programlar olsa da Kanada, Avrupa ve bir\u00e7ok di\u011fer \u00fclke ile ilgili de genel kabul s\u00fcre\u00e7lerini g\u00f6zden ge\u00e7irece\u011fiz.<\/p>\n\n\n\n<p><strong>Onur \u00dcnver<\/strong>&nbsp;Richmond \u00dcniversitesi\u2019nden&nbsp;Bilgisayar Bilimi&nbsp;diplomas\u0131 ile mezun olduktan sonra Y\u00fcksek Lisans\u2019\u0131n\u0131 T\u00fcrkiye\u2019de K\u00fclt\u00fcrel \u00c7al\u0131\u015fmalar alan\u0131nda tamamlad\u0131. O zamandan beri Robert Kolej\u2019de \u00e7al\u0131\u015fmakta, 6 y\u0131ld\u0131r \u00dcniversite Dan\u0131\u015fman\u0131 olarak y\u00fczlerce \u00f6\u011frenciye d\u00fcnyan\u0131n \u00e7e\u015fitli yerlerinde harika \u00fcniversitelere girmeleri i\u00e7in haz\u0131rl\u0131klar\u0131nda yard\u0131m etmekte. Son bir y\u0131ld\u0131r ise Robert Kolej\u2019de Bilgisayar Bilimleri \u00d6\u011fretmenli\u011fi yap\u0131yor. Ayn\u0131 zamanda ba\u015far\u0131l\u0131 bir NGO olan ve binlerce \u00f6\u011frenci ve yeti\u015fkine yaz\u0131l\u0131m geli\u015ftirme alan\u0131nda e\u011fitim veren \u2018Kodluyoruz\u2019un da kurucular\u0131ndan biri ve&nbsp;bir\u00e7ok hobisi ve ilgi alan\u0131 olan bir gezgin.<\/p>\n<\/div>\n<\/div>\n\n\n\n<div class=\"wp-block-columns is-layout-flex wp-container-core-columns-is-layout-9d6595d7 wp-block-columns-is-layout-flex\">\n<div class=\"wp-block-column is-layout-flow wp-block-column-is-layout-flow\"><div class=\"wp-block-image\">\n<figure class=\"aligncenter\"><img decoding=\"async\" src=\"https:\/\/rcsplus.org\/en\/wp-content\/uploads\/2021\/03\/Python.jpg\" alt=\"\" class=\"wp-image-3345\"\/><\/figure>\n<\/div>\n\n\n<h3 class=\"wp-block-heading\">PYTHON PROGRAMLAMA D\u0130L\u0130NE G\u0130R\u0130\u015e<\/h3>\n\n\n\n<p>Bu programda Python programlama dilinin temellerini \u00f6\u011frenmenin yan\u0131 s\u0131ra bu d\u00fcnyan\u0131n en iyi uygulamalar\u0131yla da tan\u0131\u015facaks\u0131n\u0131z.<\/p>\n\n\n\n<p>Python veri t\u00fcrleri ve de\u011fi\u015fkenleri kullanarak verileri sunmay\u0131, depolamay\u0131 ve uygulama ak\u0131\u015f\u0131n\u0131 kontrol etmenize yarayan ko\u015fullu ifadeleri ve gerekli d\u00f6ng\u00fcleri kullanmay\u0131 \u00f6\u011freneceksiniz.<\/p>\n\n\n\n<p>\u0130lgili veri koleksiyonlar\u0131n\u0131 depolamak i\u00e7in listeler, k\u00fcmeler s\u00f6zl\u00fckler ve demetler gibi karma\u015f\u0131k veri yap\u0131lar\u0131n\u0131n g\u00fcc\u00fcnden yararlanacaks\u0131n\u0131z. Kendi \u00f6zel i\u015flevlerinizi tan\u0131mlayacak ve belgeleyeceksiniz. Komut dosyalar\u0131 yazacak ve hatalar\u0131 ay\u0131klamay\u0131 \u00f6\u011freneceksiniz!<\/p>\n\n\n\n<p><strong>Muhammet R. Ertu\u011frul<\/strong>&nbsp;Robert Kolej\u2019de Bilgisayar \u00d6\u011fretmeni ve programlama dersleri veriyor. \u00d6ncelikli ilgi alanlar\u0131 aras\u0131nda oyun tasar\u0131m\u0131, 3D modelleme ve Maker hareketi yer al\u0131yor.<\/p>\n<\/div>\n\n\n\n<div class=\"wp-block-column is-layout-flow wp-block-column-is-layout-flow\"><div class=\"wp-block-image\">\n<figure class=\"aligncenter\"><img decoding=\"async\" src=\"https:\/\/rcsplus.org\/en\/wp-content\/uploads\/2021\/05\/Micros.jpg\" alt=\"\" class=\"wp-image-3424\"\/><\/figure>\n<\/div>\n\n\n<h3 class=\"wp-block-heading\">ARDUINO \u0130LE M\u0130KRODENETLEY\u0130C\u0130LERE G\u0130R\u0130\u015e<\/h3>\n\n\n\n<p>Art\u0131k ak\u0131ll\u0131 elektroniklerin \u00e7a\u011f\u0131nda ya\u015f\u0131yoruz. Basit ampullerden \u015farj cihazlar\u0131na, otomatik \u00e7e\u015fmelerden c\u00fczdan\u0131m\u0131zdaki say\u0131s\u0131z karta, mikrodenetleyiciler ve bir ka\u00e7 sat\u0131r yaz\u0131l\u0131m hayatlar\u0131m\u0131z\u0131 kolayla\u015ft\u0131r\u0131yor, her zamankinden daha ba\u011fl\u0131 olmam\u0131za sebep oluyor.<\/p>\n\n\n\n<p>Az biraz programlama bilgisi, \u015furaya bir ka\u00e7 kablo, bir de \u015farj cihaz\u0131 ve i\u015fte! I\u015f\u0131klar\u0131 kontrol edip, hareketi ve insanlar\u0131 alg\u0131layabilece\u011fi, \u00e7ok \u00e7e\u015fitli \u00f6l\u00e7\u00fcmler yapabilen bir ayg\u0131t tasarlad\u0131n! Bu programda basit elektronik konseptlerini \u00f6\u011frenecek, bir Arduino geli\u015ftirme kart\u0131n\u0131 programlayacak ve ona kullan\u0131\u015fl\u0131 ve e\u011flenceli \u015feyler yapt\u0131racaks\u0131n! Program kodlama, robotik, elektronik ve nesnelerin internetine giri\u015f niteli\u011fi ta\u015f\u0131maktad\u0131r.<\/p>\n\n\n\n<p><strong>\u00d6nemli Not:&nbsp;<\/strong>Kat\u0131l\u0131mc\u0131lar program boyunca USB Type-B porta sahip bir bilgisayara ihtiya\u00e7 duyacaklard\u0131r.<\/p>\n\n\n\n<p><strong>Berkman G\u00fclen\u00e7<\/strong>&nbsp;RC Summer Programlar\u0131\u2019nda 6 y\u0131ld\u0131r Multimedya ve Program Koordinat\u00f6rl\u00fc\u011f\u00fc g\u00f6revlerini \u00fcstlenmi\u015ftir. Web uygulamalar\u0131 tasar\u0131m\u0131 ve geli\u015ftirilmesinden elektroni\u011fe, programlamadan dijital medyaya, Bilgi Teknolojileri ve \u00d6\u011fretimi konular\u0131yla profesyonel ve ki\u015fisel seviyede ilgilidir.<\/p>\n<\/div>\n<\/div>\n\n\n\n<div class=\"wp-block-columns is-layout-flex wp-container-core-columns-is-layout-9d6595d7 wp-block-columns-is-layout-flex\">\n<div class=\"wp-block-column is-layout-flow wp-block-column-is-layout-flow\"><div class=\"wp-block-image\">\n<figure class=\"aligncenter\"><img decoding=\"async\" src=\"https:\/\/rcsplus.org\/en\/wp-content\/uploads\/2021\/03\/digital-music.jpg\" alt=\"\" class=\"wp-image-3351\"\/><\/figure>\n<\/div>\n\n\n<h3 class=\"wp-block-heading\">ELEKTRON\u0130K M\u00dcZ\u0130K<\/h3>\n\n\n\n<p>Bu program\u0131n amac\u0131, kat\u0131l\u0131mc\u0131lara dijital sesle \u00e7al\u0131\u015fma istasyonu (DAW) kullanarak m\u00fczik \u00fcretiminin temel tekniklerini \u00f6\u011fretmektir. Kat\u0131l\u0131mc\u0131lar d\u00f6nem boyunca MIDI (m\u00fczik enstr\u00fcman\u0131 dijital aray\u00fcz\u00fc) teknolojisini kullanarak dijital m\u00fczik olu\u015fturmay\u0131, \u00e7e\u015fitli ses ve MIDI efektlerini kullanmay\u0131 ve d\u00fczenleme ve mikslemenin temel ilkelerini \u00f6\u011frenecekler.<\/p>\n\n\n\n<p>Program s\u00fcresince \u201cAbleton Live\u201d yaz\u0131l\u0131m\u0131n\u0131 kullanaca\u011f\u0131z. T\u00fcm kat\u0131l\u0131mc\u0131lar\u0131n yaz\u0131l\u0131m\u0131 \u00f6nceden y\u00fcklemi\u015f olmalar\u0131, kendi bilgisayarlar\u0131 ve iyi bir kulakl\u0131kla programa kat\u0131lmas\u0131 beklenmektedir.<\/p>\n<\/div>\n\n\n\n<div class=\"wp-block-column is-layout-flow wp-block-column-is-layout-flow\"><div class=\"wp-block-image\">\n<figure class=\"aligncenter\"><img decoding=\"async\" src=\"https:\/\/rcsplus.org\/en\/wp-content\/uploads\/2021\/03\/potter-book.jpg\" alt=\"\" class=\"wp-image-3353\"\/><\/figure>\n<\/div>\n\n\n<h3 class=\"wp-block-heading\">B\u00dcY\u00dcC\u00dcL\u00dcK D\u00dcNYASI \u2013 RCS AKADEM\u0130<\/h3>\n\n\n\n<p>Tebrikler! Bu yaz \u201cRCS Akademi B\u00fcy\u00fcc\u00fcl\u00fck Okulu\u201dna kabul edildiniz! Davetiyeyi kabul ederseniz, \u00fc\u00e7 temel konuda iki haftal\u0131k h\u0131zland\u0131r\u0131lm\u0131\u015f bir programa kat\u0131lacaks\u0131n\u0131z! Karanl\u0131k Sanatlara Kar\u015f\u0131 Savunma, \u0130ksirler ve T\u0131ls\u0131mlar!&nbsp;<\/p>\n\n\n\n<p>Bu programda, etkili ve yarat\u0131c\u0131 yazma tekniklerini ke\u015ffedecek ve \u201cmuggle d\u00fcnyas\u0131\u201d ile b\u00fcy\u00fcc\u00fcl\u00fck d\u00fcnyas\u0131 aras\u0131ndaki bir\u00e7ok ba\u011flant\u0131y\u0131 inceleyeceksiniz. Yaz sonunda, d\u00f6rt farkl\u0131 yarat\u0131c\u0131 b\u00f6l\u00fcmden olu\u015fan kendi b\u00fcy\u00fc kitab\u0131n\u0131z\u0131 yazm\u0131\u015f olacaks\u0131n\u0131z! Diagon Alley\u2019den malzeme sat\u0131n almaya gerek yok ancak zorunlu olmasa da Harry Potter serisinin temelini anlamak programdan daha \u00e7ok faydalanman\u0131za yard\u0131mc\u0131 olacakt\u0131r. Accio hayal g\u00fcc\u00fc ve mizah anlay\u0131\u015f\u0131! Ve art\u0131k bu programda ba\u015far\u0131l\u0131 olmak i\u00e7in her g\u00fcce sahipsiniz!<\/p>\n\n\n\n<p><strong>Kate Ready<\/strong>, T\u00fcrkiye\u2019ye yeni ta\u015f\u0131nm\u0131\u015f bir \u0130ngilizce dil e\u011fitimcisi! Colorado \u00dcniversitesi\u2019nden Edebiyat ve Orta \u00d6\u011fretim i\u00e7in \u00f6\u011fretmenlik b\u00f6l\u00fcm\u00fclerinden mezun olduktan sonra California, Oakland\u2019da \u00f6\u011fretmenlik yapt\u0131. Robert Kolej\u2019de y\u00fcr\u00fctt\u00fc\u011f\u00fc \u0130ngilizce \u00f6\u011fretmenli\u011finin yan\u0131 s\u0131ra, Lise Haz\u0131rl\u0131k kul\u00fcb\u00fc \u201cRC News\u201d in de dan\u0131\u015fmanl\u0131\u011f\u0131n\u0131 y\u00fcr\u00fct\u00fcyor. Katlyn, iyi bir okuyucudur ve bir kahve severdir. Hogwarts\u2019ta ders verme \u015fans\u0131 olsayd\u0131 bunun kesinlikle \u201cu\u00e7mak\u201d olaca\u011f\u0131n\u0131 s\u00f6yl\u00fcyor!<\/p>\n<\/div>\n<\/div>\n\n\n\n<div class=\"wp-block-columns is-layout-flex wp-container-core-columns-is-layout-9d6595d7 wp-block-columns-is-layout-flex\">\n<div class=\"wp-block-column is-layout-flow wp-block-column-is-layout-flow\"><div class=\"wp-block-image\">\n<figure class=\"aligncenter\"><img decoding=\"async\" src=\"https:\/\/rcsplus.org\/en\/wp-content\/uploads\/2020\/03\/Philoshopy-with-youth.jpg\" alt=\"\" class=\"wp-image-2975\"\/><\/figure>\n<\/div>\n\n\n<h3 class=\"wp-block-heading\">GEN\u00c7LERLE FELSEFE: D\u00dc\u015e\u00dcN &amp; YARAT<\/h3>\n\n\n\n<p>Hi\u00e7 zamanda yolculu\u011fun olas\u0131l\u0131\u011f\u0131 \u00fczerine d\u00fc\u015f\u00fcnd\u00fcn\u00fcz m\u00fc? Veya neden orjinal bir sanat eserinin m\u00fckemmel bir kopyas\u0131ndan \u00e7ok daha de\u011ferli oldu\u011funu? Yalan s\u00f6ylemenin yap\u0131lacak do\u011fru \u015fey oldu\u011fu bir durumu d\u00fc\u015f\u00fcnebiliyor musunuz?&nbsp; Gen\u00e7lerle Felsefe program\u0131 fantastik, e\u011flenceli ve \u00e7\u0131lg\u0131nca fikirlerle dolu bir d\u00fcnyaya kap\u0131 a\u00e7acak. Bu program yarat\u0131c\u0131 d\u00fc\u015f\u00fcnme, yarat\u0131c\u0131 yazma ve topluluk \u00f6n\u00fcnde konu\u015fma becerilerini sanatsal ve yarat\u0131c\u0131 y\u00f6ntemlerle birle\u015ftirecek.&nbsp;<\/p>\n\n\n\n<p>Bu programda gruplar halinde felsefi tart\u0131\u015fmalar yapacak, yarat\u0131c\u0131 zihin oyunlar\u0131 oynayacak ve \u00e7izgi romanlar, sanat eserleri, videolar olu\u015fturaca\u011f\u0131z. Bilim, edebiyat, estetik ve g\u00fcnl\u00fck hayata dair \u00e7e\u015fitli felsefi fikirleri e\u011flenceli y\u00f6ntemlerle ke\u015ffedece\u011fimiz&nbsp;at\u00f6lyelerde kat\u0131l\u0131mc\u0131lar\u0131m\u0131z,&nbsp;m\u00fczakere, sunum, topluluk \u00f6n\u00fcnde konu\u015fma ve sorun \u00e7\u00f6zme becerilerini geli\u015ftirecek, daha net ve ba\u011f\u0131ms\u0131z d\u00fc\u015f\u00fcnmeyi deneyimleyecekler.<\/p>\n\n\n\n<p><strong>Ezgi Emel Kalyoncu<\/strong>&nbsp;Robert Kolej\u2019den mezun olduktan sonra Manchester \u00dcniversitesi\u2019nde Felsefe okudu. 2010 y\u0131l\u0131ndan bu yana \u00e7ocuklarla ve gen\u00e7lerle birlikte \u00e7e\u015fitli felsefe at\u00f6lyeleri d\u00fczenliyor. Emel Kalyoncu i\u00e7lerinde evinin yolunu bulmaya \u00e7al\u0131\u015fan bir satran\u00e7 piyonunun felsefi hikayesinin anlat\u0131ld\u0131\u011f\u0131 \u201cPiyon Poi\u2019nin Okyanus Maceras\u0131\u201d da dahil, \u0130\u015f K\u00fclt\u00fcr taraf\u0131ndan bas\u0131lan be\u015f \u00e7ocuk kitab\u0131n\u0131n da yazar\u0131d\u0131r.<\/p>\n<\/div>\n\n\n\n<div class=\"wp-block-column is-layout-flow wp-block-column-is-layout-flow\"><div class=\"wp-block-image\">\n<figure class=\"aligncenter\"><img decoding=\"async\" src=\"https:\/\/rcsplus.org\/en\/wp-content\/uploads\/2020\/03\/Cryptography-The-Math-of-Secret-Codes.jpg\" alt=\"\" class=\"wp-image-2967\"\/><\/figure>\n<\/div>\n\n\n<h3 class=\"wp-block-heading\">KR\u0130PTOGRAF\u0130 \u2013 G\u0130ZL\u0130 KODLARIN MATEMAT\u0130\u011e\u0130<\/h3>\n\n\n\n<p>Birileriyle bulu\u015fmadan onlara nas\u0131l gizli bir mesaj g\u00f6nderebiliriz? TC kimlik numaralar\u0131m\u0131z nas\u0131l ve neye g\u00f6re tasarlanm\u0131\u015f? Neden bankalar ATM kartlar\u0131n\u0131n \u015fifrelerini bilmiyorlar? Bu programda bilgiyi gizli tutman\u0131n ard\u0131ndaki say\u0131 teorisini inceleyece\u011fiz. Enigma makinesi gibi tarihteki kriptografik \u015femalarla beraber RSA gibi bizi \u00e7evrimi\u00e7i platformlarda koruyan modern \u015fifreleme tekniklerine bakaca\u011f\u0131z.<\/p>\n\n\n\n<p>T\u00fcm bunlar\u0131n yan\u0131 s\u0131ra kriptolojinin nas\u0131l blok zinciri teknolojisini ger\u00e7ekle\u015ftirmeye yard\u0131mc\u0131 oldu\u011funu g\u00f6rece\u011fiz.<\/p>\n\n\n\n<p><strong>Andrew Tingleff<\/strong>&nbsp;Robert Kolej\u2019de, \u0130leri Matematik, \u0130leri \u0130statistik ve Ayr\u0131k Matematik dahil olmak \u00fczere 21 y\u0131ld\u0131r her seviye i\u00e7in matematik dersleri vermektedir. Tingleff Intel ile \u00f6zel projelerde \u00e7al\u0131\u015fm\u0131\u015f ve Amerika\u2019da bulunan DIMACS adl\u0131 ara\u015ft\u0131rma merkeziyle Biyo-matematik projeleri y\u00fcr\u00fctm\u00fc\u015ft\u00fcr. Tingleff ayn\u0131 zamanda Robert Kolej\u2019de ge\u00e7en y\u0131l ba\u015flad\u0131\u011f\u0131 RC Yelken Kul\u00fcb\u00fc\u2019n\u00fcn yan\u0131 s\u0131ra uzun zamand\u0131r Macera Kul\u00fcb\u00fc dan\u0131\u015fmanl\u0131\u011f\u0131n\u0131 y\u00fcr\u00fct\u00fcyor.<\/p>\n<\/div>\n<\/div>\n\n\n\n<div class=\"wp-block-columns is-layout-flex wp-container-core-columns-is-layout-9d6595d7 wp-block-columns-is-layout-flex\">\n<div class=\"wp-block-column is-layout-flow wp-block-column-is-layout-flow\"><div class=\"wp-block-image\">\n<figure class=\"aligncenter\"><img decoding=\"async\" src=\"https:\/\/rcsplus.org\/en\/wp-content\/uploads\/2017\/12\/Musical_Improvision.jpg\" alt=\"\" class=\"wp-image-1239\"\/><\/figure>\n<\/div>\n\n\n<h3 class=\"wp-block-heading\">ROCK, BLUES, FUNK &amp; JAZZ \u0130\u00c7\u0130N M\u00dcZ\u0130KAL DO\u011eA\u00c7LAMA TEKN\u0130KLER\u0130<\/h3>\n\n\n\n<p>\u00c7e\u015fitli kaynaklarda m\u00fczikal do\u011fa\u00e7lama \u015fu \u015fekilde tan\u0131mlanm\u0131\u015ft\u0131r:<\/p>\n\n\n\n<p>\u201cM\u00fczikal Do\u011fa\u00e7lama, (m\u00fczikal ba\u015fkala\u015ft\u0131rma olarak da bilinir) anl\u0131k m\u00fczikal besteleme olarak tan\u0131mlan\u0131r ve performansa duygular ve enstr\u00fcmental tekniklerin yan\u0131 s\u0131ra di\u011fer m\u00fczisyenlere anl\u0131k yan\u0131tlar\u0131n kat\u0131lmas\u0131n\u0131 i\u00e7eren aktivitedir. Baz\u0131 durumlarda do\u011fa\u00e7lama anl\u0131k ger\u00e7ekle\u015fse de, klasik m\u00fczi\u011fin de dahil oldu\u011fu bir \u00e7ok m\u00fczik t\u00fcr\u00fcndeki akor ge\u00e7i\u015fleri \u00fczerine de kurulabilir.<\/p>\n\n\n\n<p>Ba\u015fka tan\u0131mlar da do\u011fa\u00e7lamay\u0131 \u201cplanlama veya haz\u0131rl\u0131k olmadan anl\u0131k performans\u201d ve \u201cbir melodi \u00fczerinde varyasyonlar yaparak ya da tamamen yeni melodiler, ritimler ve harmoniler \u00fcreterek haz\u0131rl\u0131ks\u0131z \u00e7al\u0131p s\u00f6ylemek\u201d \u015feklinde a\u00e7\u0131klam\u0131\u015ft\u0131r.<\/p>\n\n\n\n<p>Do\u011fa\u00e7lama, sanat\u00e7\u0131lar\u0131n anl\u0131k \u00fcretti\u011fi solo, melodi ve destekleyici ritimlerin anl\u0131k geli\u015ftirildi\u011fi 20. y\u00fczy\u0131l\u0131n blues, rock, jazz, funk ve jazz fusion gibi \u00e7e\u015fitli m\u00fczik t\u00fcrleri i\u00e7in b\u00fcy\u00fck \u00f6neme sahiptir.<\/p>\n\n\n\n<p>Kat\u0131l\u0131mc\u0131lar bu programda a\u015fa\u011f\u0131daki do\u011fa\u00e7lama tekniklerinden baz\u0131lar\u0131n\u0131 \u00f6\u011frenecekler:<\/p>\n\n\n\n<ul class=\"wp-block-list\">\n<li>Basit ve modern gamlar,<\/li>\n\n\n\n<li>Basit ve modern akorlar, Akor ge\u00e7i\u015fleri,<\/li>\n\n\n\n<li>M\u00fczik formlar\u0131 (blues, rock, funk, pop, jazz vb.)<\/li>\n\n\n\n<li>Melodik ve harmonik dekorasyonlar,<\/li>\n\n\n\n<li>Ritmik yap\u0131lar,<\/li>\n\n\n\n<li>Farkl\u0131 enstr\u00fcmanlarla do\u011fa\u00e7lama ve performans sergileme.<\/li>\n<\/ul>\n\n\n\n<p><strong>\u00d6nemli Not:&nbsp;<\/strong>Programda kat\u0131l\u0131mc\u0131lar\u0131n temel nota bilgisinin olmas\u0131 beklenir.<\/p>\n\n\n\n<p><strong>Deniz Baysal<\/strong>&nbsp;\u0130stanbul\u2019da bir \u00e7ok Rock, Funk, Blues ve Jazz grubu i\u00e7in \u00e7ald\u0131. Bir st\u00fcdyo m\u00fczisyeni olmas\u0131n\u0131n yan\u0131nda aranj\u00f6r ve bestecidir. 28 y\u0131ld\u0131r st\u00fcdyo kay\u0131tlar\u0131nda \u00e7almaktad\u0131r. \u00c7e\u015fitli film ve tiyatro m\u00fczikleri bestelemi\u015ftir. Robert Kolej\u2019de 19 y\u0131ld\u0131r pratik ve ileri m\u00fczik derslerini vermektedir. Bunun yan\u0131nda Robert Kolej Orkestra\u2019s\u0131n\u0131n \u015eefli\u011fini yapmaktad\u0131r.<\/p>\n<\/div>\n\n\n\n<div class=\"wp-block-column is-layout-flow wp-block-column-is-layout-flow\">\n<figure class=\"wp-block-image\"><img decoding=\"async\" src=\"https:\/\/lh4.googleusercontent.com\/ptwveh-s9huBaxIKqleH34UOvJUCA5IwPGqN7DAus9G640ARbo6pcYAxBLVi9mVawRmsopeZ4qID7sg0U-99aJI_0JKREV2io_CjJgEGJKAZJw23ZKKGQM-PEKNzkpGicBrTzqzY\" alt=\"\"\/><\/figure>\n\n\n\n<h3 class=\"wp-block-heading\">DO\u011eADA YA\u015eAM &amp; L\u0130DERL\u0130K<\/h3>\n\n\n\n<p>\u201cDo\u011fada Ya\u015fam &amp; Liderlik program\u0131\u201c kat\u0131l\u0131mc\u0131lar\u0131n, do\u011fada \u00f6\u011frenilen becerileri hem akademik hayatta, hem de g\u00fcndelik hayatta kullanabilmesi i\u00e7in 13-17 ya\u015f grubu i\u00e7in tasarlanm\u0131\u015f \u00f6zel e\u011fitim program\u0131d\u0131r. RCS Akademi \u00f6\u011frencileri spor ve do\u011fada ya\u015fam becerilerini bir araya getirerek liderlik hakk\u0131nda giri\u015f d\u00fczeyinde bilgi sahibi olacaklar.<\/p>\n\n\n\n<p>Birbirinden farkl\u0131 ve zengin i\u00e7erikli a\u00e7\u0131k hava etkinlikleri ile teknik beceri elde etmenin yan\u0131 s\u0131ra kat\u0131l\u0131mc\u0131lar g\u00fcvenlik, organizasyon, \u00e7evre ve do\u011fa bilinci, grup y\u00f6netimi ve problem \u00e7\u00f6zme becerilerini de geli\u015ftirecekler. Bu beceriler her lider i\u00e7in gerekli!<\/p>\n\n\n\n<p>Bu programda deneyimsel e\u011fitime odaklan\u0131yoruz. Bu e\u011fitim t\u00fcr\u00fcn\u00fcn eylem-yans\u0131tma d\u00f6ng\u00fcs\u00fcnden olu\u015ftu\u011fu yayg\u0131n olarak kabul ediliyor ve bu d\u00f6ng\u00fcn\u00fcn uygulanma \u015fekli ise deneyimsel e\u011fitimin etkinli\u011fini belirliyor.<\/p>\n\n\n\n<p>Program\u0131m\u0131z\u0131, her biri kendi temas\u0131 ve a\u015famalar\u0131 olan \u00fc\u00e7 ayr\u0131 kategoride organize ediyoruz.<\/p>\n\n\n\n<p>1. Do\u011fada hayatta kalma becerileri: G\u00fcvenlik i\u00e7in gerekli olan a\u00e7\u0131k havada\/do\u011fada ya\u015fam i\u00e7in teknik, kurtarma, t\u0131bbi ve saha y\u00f6netimi becerileri.<br>2. Sosyal beceriler. Etkili ileti\u015fim ve \u00f6\u011fretimi i\u00e7in gerekli olan beceriler, ki\u015fileraras\u0131, ko\u00e7luk ve dan\u0131\u015fmanl\u0131k becerileri.<br>3. E\u011fitim becerileri. G\u00fcvenli aktiviteler tasarlama ve y\u00f6netme yetene\u011fi ile birlikte aktivite yap\u0131s\u0131, ilerleleyi\u015fi ve temel do\u011fada ya\u015fam e\u011fitim stratejilerinin i\u015flevsel olarak anla\u015f\u0131lmas\u0131.<\/p>\n\n\n\n<p><strong>Burak \u0130kizler<\/strong>&nbsp;Ted Ankara Koleji ard\u0131ndan ODT\u00dc\u2019de Bilgisayar Bilimleri b\u00f6l\u00fcm\u00fcnden mezun oldu. Sonras\u0131nda Bilkent \u00dcniversitesi ve New York \u00dcniversitesi SCPS\u2019de \u0130\u015fletme y\u00fcksek lisans\u0131 yapt\u0131. \u00c7e\u015fitli dan\u0131\u015fmanl\u0131k, e-ticaret firmalar\u0131 ve hizmet sekt\u00f6r\u00fcnde y\u00f6netici pozisyonlar\u0131nda \u00e7al\u0131\u015ft\u0131. Ge\u00e7ti\u011fimiz 12 y\u0131ld\u0131r sa\u011fl\u0131k sekt\u00f6r\u00fcnde sat\u0131\u015f m\u00fcd\u00fcrl\u00fc\u011f\u00fc, genel m\u00fcd\u00fcr yard\u0131mc\u0131l\u0131\u011f\u0131 ve genel m\u00fcd\u00fcrl\u00fck rollerini \u00fcstlendi.<\/p>\n\n\n\n<p>2018 sonras\u0131nda kendisini do\u011fay\u0131 ke\u015ffetmeye adad\u0131. EWES\u2019e dahil olmas\u0131n\u0131n sonras\u0131nda (Avrupa Yaban Hayat\u0131 E\u011fitimleri Okulu) \u201cVah\u015fi Do\u011fa Rehberli\u011fi\u201d (Bu \u00e7eviriden bir t\u00fcrl\u00fc emin olamad\u0131k biz) 1. Seviye e\u011fitim program\u0131na kat\u0131ld\u0131, \u0130spanyol, Frans\u0131z ve Katalonya Pirenlerinde bir sene ge\u00e7irdi, d\u00fcnyan\u0131n en g\u00fczel ulusal parklar\u0131ndan olan Andorra ve Donana\u2019da e\u011fitim ald\u0131. \u201cVah\u015fi Do\u011fa Liderlik E\u011fitmeni\u201d olarak Y\u00f6ne-Team\u2019e kat\u0131ld\u0131. Robert Kolej ve Robert Kolej Yaz Programlar\u0131 ile uzun y\u0131llard\u0131r do\u011fa e\u011fitimi ve tak\u0131m olu\u015fturma \u00e7al\u0131\u015fmalar\u0131m\u0131zda partnerimiz olan Y\u00f6ne-Team \u015firketi , gelece\u011fin y\u00f6neticilerine deneyimsel \u00f6\u011frenim olanaklar\u0131 sunmaktad\u0131r.\u201d<\/p>\n<\/div>\n<\/div>\n\n\n\n<div class=\"wp-block-columns is-layout-flex wp-container-core-columns-is-layout-9d6595d7 wp-block-columns-is-layout-flex\">\n<div class=\"wp-block-column is-layout-flow wp-block-column-is-layout-flow\"><div class=\"wp-block-image\">\n<figure class=\"aligncenter\"><img decoding=\"async\" src=\"https:\/\/rcsplus.org\/en\/wp-content\/uploads\/2021\/03\/script.jpg\" alt=\"\" class=\"wp-image-3357\"\/><\/figure>\n<\/div>\n\n\n<h3 class=\"wp-block-heading\">SENARYO YAZIMI 101<\/h3>\n\n\n\n<p>\u201cBu filmi g\u00f6rd\u00fcn m\u00fc?\u201d \u201cNetflix\u2019teki \u015fu yeni diziyi mutlaka izlemen laz\u0131m!\u201d \u201c Bug\u00fcne kadar g\u00f6rd\u00fc\u011f\u00fcm en iyi reklam bu!\u201d<\/p>\n\n\n\n<p>Ekranda g\u00f6rd\u00fc\u011f\u00fcm\u00fcz her \u015fey art\u0131k bu c\u00fcmlelerle ba\u015fl\u0131yor. Asl\u0131nda iyi bir senaryosu olmadan ne bir yap\u0131mc\u0131 yap\u0131mc\u0131d\u0131r; ne de bir y\u00f6netmen y\u00f6netmen say\u0131l\u0131r. \u0130nsanl\u0131k tarihi boyunca anlat\u0131lan hikayeleri d\u00fc\u015f\u00fcn\u00fcrsek de asl\u0131nda yeni bir \u015fey yok, format de\u011fi\u015fti ve sadece y\u00fcz y\u0131ldan biraz daha fazla zamand\u0131r bizimle.<\/p>\n\n\n\n<p>Bu programda, senaryo yazman\u0131n temellerini, bir fikri dramatik bir yaz\u0131ya d\u00f6n\u00fc\u015ft\u00fcrmeyi, olay \u00f6rg\u00fcs\u00fc yaratmay\u0131, diyalog yazmay\u0131 \u00f6\u011frenecek ve bir yap\u0131 in\u015fa edeceksiniz. Program boyunca sekt\u00f6rden misafirlerimiz olacak ve kat\u0131l\u0131mc\u0131lara yarat\u0131m s\u00fcrecinde destek olacaklar. Program\u0131n sonunda ise kat\u0131l\u0131mc\u0131lar kendi projelerini yazacak ve bu projenin yap\u0131 ta\u015flar\u0131n\u0131 ortaya \u00e7\u0131karmaya ba\u015flayacaklar.<\/p>\n\n\n\n<p><strong>Ozan Yoleri<\/strong>, Robert Kolej\u2019den mezun olduktan sonra Bo\u011fazi\u00e7i \u00dcniversitesi \u0130\u015fletme ve yandal olarak Film alan\u0131nda tamamlad\u0131. Ozan ayn\u0131 zamanda \u0130stanbul merkezli yap\u0131m \u015firketi Vigo Film\u2019in kurucu ortaklar\u0131ndan. Son k\u0131sa filmi Aylin (2019), 25. Palm Springs K\u0131sa Film Festivali\u2019nde a\u00e7\u0131l\u0131\u015f\u0131n\u0131 yapt\u0131ktan sonra 56. Antalya Alt\u0131n Portakal Film Festivali\u2019nde J\u00fcri \u00d6zel \u00d6d\u00fcl\u00fc\u2019ne lay\u0131k g\u00f6r\u00fcld\u00fc. \u015eu anda ilk uzun metrajl\u0131 projesi olan \u2018G\u00fczel Bir Gece\u2019 \u00fczerinde \u00e7al\u0131\u015fmaktad\u0131r.<\/p>\n<\/div>\n\n\n\n<div class=\"wp-block-column is-layout-flow wp-block-column-is-layout-flow\"><div class=\"wp-block-image\">\n<figure class=\"aligncenter\"><img decoding=\"async\" src=\"https:\/\/rcsplus.org\/en\/wp-content\/uploads\/2021\/05\/DI.jpg\" alt=\"\" class=\"wp-image-3419\"\/><\/figure>\n<\/div>\n\n\n<h3 class=\"wp-block-heading\">YARATICI PROBLEM \u00c7\u00d6ZME MERKEZ\u0130<\/h3>\n\n\n\n<p>Destination Imagination, yarat\u0131c\u0131l\u0131k, tak\u0131m \u00e7al\u0131\u015fmas\u0131 ve yarat\u0131c\u0131 problem \u00e7\u00f6zme prosesi \u00fczerine d\u00fcnyan\u0131n en b\u00fcy\u00fck organizasyonudur. Bu programda kat\u0131l\u0131mc\u0131lar bir tak\u0131m\u0131n par\u00e7as\u0131 olarak, yarat\u0131c\u0131l\u0131k, h\u0131zl\u0131 karar verme ve \u00e7\u00f6z\u00fcm \u00fcretme yeteneklerini kullanarak, k\u0131sa s\u00fcrede \u00e7\u00f6z\u00fclmesi gereken Anl\u0131k G\u00f6revler \u00fczerinde \u00e7al\u0131\u015facaklar.<\/p>\n\n\n\n<p>Ard\u0131ndan bulduklar\u0131 \u00e7\u00f6z\u00fcm\u00fc sunacak ve \u00e7\u00f6z\u00fcm \u00fcretme s\u00fcrecini tart\u0131\u015fma f\u0131rsat\u0131 yakalayacaklar.Ayr\u0131ca kat\u0131l\u0131mc\u0131lar, tak\u0131m \u00e7al\u0131\u015fmas\u0131 ve risk alma gibi becerilerini g\u00fcvenli ve keyifli bir ortamda geli\u015ftirecekler ve en \u00f6nemlisi b\u00fct\u00fcn bunlar\u0131 yaparken \u00e7ok e\u011flenecekler!<\/p>\n\n\n\n<p><strong>Odin<\/strong>&nbsp;RCSummer Programlar\u0131nda 20 y\u0131l boyunca \u00e7ok \u00e7e\u015fitli g\u00f6revler ald\u0131. E\u011fitim \u2013 \u00f6\u011fretim y\u0131l\u0131 i\u00e7erisinde ise&nbsp;<strong>Joe Welch<\/strong>&nbsp;olarak da bilinen Odin, Robert Kolej\u2019de Almanca \u00f6\u011fretmenli\u011fi ve Ders D\u0131\u015f\u0131 Etkinliklerden sorumlu Direkt\u00f6r g\u00f6revini y\u00fcr\u00fctmektedir. Ayr\u0131ca g\u00fcn\u00fcm\u00fczde bir \u00e7ok okulda olduk\u00e7a pop\u00fcler bir ders d\u0131\u015f\u0131 aktivite olan Destination Imagination\u2019u T\u00fcrkiye\u2019de ilk olarak Robert Kolej\u2019de ba\u015flatm\u0131\u015ft\u0131r.<\/p>\n<\/div>\n<\/div>\n\n\n\n<div class=\"wp-block-columns is-layout-flex wp-container-core-columns-is-layout-9d6595d7 wp-block-columns-is-layout-flex\">\n<div class=\"wp-block-column is-layout-flow wp-block-column-is-layout-flow\"><div class=\"wp-block-image\">\n<figure class=\"aligncenter\"><img decoding=\"async\" src=\"https:\/\/rcsplus.org\/en\/wp-content\/uploads\/2021\/05\/Hosting_2.jpg\" alt=\"\" class=\"wp-image-3423\"\/><\/figure>\n<\/div>\n\n\n<h3 class=\"wp-block-heading\">BULUTTAK\u0130 SAYFALAR \u2013 WEB SUNUCULARINA G\u0130R\u0130\u015e<\/h3>\n\n\n\n<p>\u0130nternet taray\u0131c\u0131n\u0131z\u0131 a\u00e7\u0131p bir adres girdi\u011finizde arka planda neler oldu\u011funu hi\u00e7 merak ettiniz mi? Bu sayfalar nas\u0131l oluyor da size diledi\u011finiz \u015feyleri g\u00f6steriyor? \u201cG\u00f6nder\u201d veya \u201cKaydet\u201d butonuna bast\u0131\u011f\u0131n\u0131zda yazd\u0131\u011f\u0131n\u0131z metin ya da se\u00e7ti\u011finiz foto\u011fraf nereye gidiyor?<\/p>\n\n\n\n<p>Bu programda sunucular ile ekran\u0131n\u0131z aras\u0131ndaki veri ak\u0131\u015f\u0131n\u0131 inceleyece\u011fiz. Buluttaki bilgisayarlardan bahsedecek, sunucu y\u00f6neticilerinin bu bilgisayarlara nas\u0131l yaz\u0131l\u0131m y\u00fckledi\u011fini, web sayfalar\u0131n\u0131n nas\u0131l \u00e7al\u0131\u015ft\u0131\u011f\u0131n\u0131 inceleyece\u011fiz. Ba\u015fka birinin bilgisayar\u0131n\u0131n nas\u0131l sizin favori mimlerinizi ve kedinizin foto\u011fraflar\u0131n\u0131 depolad\u0131\u011f\u0131n\u0131 g\u00f6recek,kendi internet sayfan\u0131z\u0131&nbsp; nas\u0131l depolayabilece\u011finizi \u00f6\u011freneceksiniz.<\/p>\n\n\n\n<p><strong>Berkman G\u00fclen\u00e7<\/strong>&nbsp;RC Summer Programlar\u0131\u2019nda 6 y\u0131ld\u0131r Multimedya ve Program Koordinat\u00f6rl\u00fc\u011f\u00fc g\u00f6revlerini \u00fcstlenmi\u015ftir. Web uygulamalar\u0131 tasar\u0131m\u0131 ve geli\u015ftirilmesinden elektroni\u011fe, programlamadan dijital medyaya, Bilgi Teknolojileri ve \u00d6\u011fretimi konular\u0131yla profesyonel ve ki\u015fisel seviyede ilgilidir.<\/p>\n<\/div>\n\n\n\n<div class=\"wp-block-column is-layout-flow wp-block-column-is-layout-flow\">\n<figure class=\"wp-block-image\"><img decoding=\"async\" src=\"https:\/\/lh6.googleusercontent.com\/mjliiX088i7csNLhsa5tt0mCc73dG68mkdiNXLYVRtG57PGB3o64oegFEiFSZPHw_JVRkdxvp6ZZ2SVzDdY4sYmFKNtyqx5DO1_874TgIxDN5hFhBPgspXn9N81F4DB526UnV81L\" alt=\"\"\/><\/figure>\n\n\n\n<h3 class=\"wp-block-heading\">YURT DI\u015eI \u00dcN\u0130VERS\u0130TELERE G\u0130R\u0130\u015e \u2013 SANAT VE TASARIM PORTFOLYOSU NASIL HAZIRLANIR?<\/h3>\n\n\n\n<p>Bu program g\u00fczel sanatlar, moda ve tekstil tasar\u0131m\u0131, mimarl\u0131k ve grafik tasar\u0131mda sanat portfolyosu haz\u0131rl\u0131\u011f\u0131n\u0131 kapsamaktad\u0131r. Kat\u0131l\u0131mc\u0131lar program sonunda g\u00fc\u00e7l\u00fc ve ba\u015far\u0131l\u0131 bir \u00e7al\u0131\u015fma olu\u015fturmak i\u00e7in gerekli yarat\u0131c\u0131 s\u00fcre\u00e7 ve d\u00fc\u015f\u00fcnce hakk\u0131nda bilgi ve fark\u0131ndal\u0131klar\u0131n\u0131 art\u0131racaklar. Ara\u015ft\u0131rma ile nas\u0131l yenilik\u00e7i olunaca\u011f\u0131n\u0131, eskiz defteri kullanmay\u0131, \u00e7izim becerileri ve tekniklerini art\u0131rmay\u0131; di\u011fer sanat\u00e7\u0131lar, tasar\u0131mc\u0131lar ve sanat ak\u0131mlar\u0131yla\/ hareketleriyle ilgili fikirlerini geli\u015ftirmeyi \u00f6\u011frenecekler.<\/p>\n\n\n\n<p>Bu program kat\u0131l\u0131mc\u0131lar\u0131 risk almaya te\u015fvik etme, kendi yarat\u0131c\u0131l\u0131klar\u0131n\u0131 geli\u015ftirme, deneyimleme ve bireyselliklerini ke\u015ffetmeleri i\u00e7in tasarlanm\u0131\u015ft\u0131r. Projeler, s\u00fcre\u00e7, ki\u015fisel hikaye\/kimlik, sosyal meseleler ve \u00e7evre ile ilgili konular\u0131 kapsayacak. Oturumlardan biri sanat\u00e7\u0131 profil ve sanat eseri a\u00e7\u0131klamas\u0131 yaz\u0131m\u0131 \u00fczerine kurgulanm\u0131\u015ft\u0131r. Bu program, kat\u0131l\u0131mc\u0131lar\u0131n mevcut yarat\u0131c\u0131 \u00e7al\u0131\u015fmalar\u0131n\u0131 da g\u00f6zden ge\u00e7irmelerini ve yenilemelerini sa\u011flayacak.<\/p>\n\n\n\n<p><strong>Nazl\u0131 Ceren \u00d6zerdem<\/strong>, Brown University ve Rhode Island School of Design \u00dcniversitelerinin Resim ve Sanat Tarihi b\u00f6l\u00fcmlerinde \u00e7ift anadal yapt\u0131. E\u011fitim hayat\u0131 boyunca \u00d6zerdem, Brown University Uluslararas\u0131 Akademisyenler Bursu, Kendall Kerfoot Smith Bursu, Brown Y\u0131ll\u0131k Fonu ve Dekanl\u0131k \u0130mtiyat\u0131 gibi bir \u00e7ok bursla \u00f6d\u00fcllendirildi. Uluslararas\u0131 sergilerde yer alan \u00d6zerdem, resim, \u00e7izim, cam, ka\u011f\u0131t, tekstil ve film gibi pek \u00e7ok ortam ile \u00e7al\u0131\u015fma deneyimine sahiptir. Ceren \u00d6zerdem Robert Kolej mezunu ve Robert Kolej\u2019de Uluslararas\u0131 \u00dcniversite dan\u0131\u015fmanl\u0131\u011f\u0131 b\u00f6l\u00fcm\u00fcnde \u00e7al\u0131\u015fmaktad\u0131r.<\/p>\n<\/div>\n<\/div>\n\n\n\n<div class=\"wp-block-columns is-layout-flex wp-container-core-columns-is-layout-9d6595d7 wp-block-columns-is-layout-flex\">\n<div class=\"wp-block-column is-layout-flow wp-block-column-is-layout-flow\">\n<figure class=\"wp-block-image\"><img decoding=\"async\" src=\"https:\/\/lh5.googleusercontent.com\/jlk6n7bhtI9jT8FEEtoCXlh2N7ypljqGEj0TYY2DZz_hdaNyh-Mat2NBGRlYPH2pXCfiWpKDBn0uUiQkos5bowO2r48iU84Qfn_pWtOL4abQMCD7bhAogL9VcVsTl2TiyFAOhf3z\" alt=\"\"\/><\/figure>\n\n\n\n<h3 class=\"wp-block-heading\">NANOB\u0130L\u0130M \u2013 K\u00dc\u00c7\u00dcK S\u0130STEMLER\u0130N B\u00dcY\u00dcK ETK\u0130LER\u0130<\/h3>\n\n\n\n<p>Nanomalzemelerin gizemli d\u00fcnyas\u0131 hakk\u0131nda daha fazlas\u0131n\u0131 bilmek isteyen gen\u00e7 bilimciler ar\u0131yoruz.<\/p>\n\n\n\n<p>\u201cNanobilim: K\u00fc\u00e7\u00fck Sistemlerin b\u00fcy\u00fck etkileri\u201d g\u00fcndelik hayat\u0131m\u0131zda kulland\u0131\u011f\u0131m\u0131z nano malzemelerin tarihine, kimyas\u0131na, sentezine, fabrikasyonu ve karakterizasyonuna odaklanan be\u015f ana b\u00f6l\u00fcmden olu\u015fmaktad\u0131r. Program s\u00fcresince kat\u0131l\u0131mc\u0131lar deneyler, sim\u00fclasyonlar ve grup etkinlikleri arac\u0131l\u0131\u011f\u0131yla OD, 1D, 2D ve 3D nano malzemeler hakk\u0131nda bilgi edinecekler. Program s\u00fcresince \u00f6\u011frendikleri metodlar \u00e7er\u00e7evesinde nanopartik\u00fcllerin kullan\u0131m\u0131 ile ilgili etik tart\u0131\u015fmalar ve bu alanda yap\u0131lan bir ara\u015ft\u0131rma\/makalenin inceleme ve ara\u015ft\u0131rmas\u0131n\u0131 yapacaklar.<\/p>\n\n\n\n<p><strong>G\u00f6zde Kamer \u0130lter<\/strong>, doktora derecesini \u0130stanbul Teknik \u00dcniversitesi manyetik ve nanopar\u00e7ac\u0131k-serya par\u00e7ac\u0131k kimyas\u0131 alan\u0131nda tamamlad\u0131. Avrupa Okul A\u011f\u0131 projelerinde koordinat\u00f6r \u00f6\u011fretmen olarak T\u00fcrkiye\u2019de nano bilim e\u011fitiminin geli\u015ftirilmesi \u00fczerine \u00e7al\u0131\u015ft\u0131. Robert Kolej\u2019de 4 y\u0131ld\u0131r kimya \u00f6\u011fretmenli\u011fi yap\u0131yor ve \u201cBilimin Yans\u0131malar\u0131\u201d kul\u00fcb\u00fc dan\u0131\u015fmanl\u0131\u011f\u0131n\u0131 y\u00fcr\u00fct\u00fcyor.<\/p>\n<\/div>\n\n\n\n<div class=\"wp-block-column is-layout-flow wp-block-column-is-layout-flow\"><div class=\"wp-block-image\">\n<figure class=\"aligncenter\"><img decoding=\"async\" src=\"https:\/\/rcsplus.org\/en\/wp-content\/uploads\/2021\/03\/theamazingolive.jpg\" alt=\"\" class=\"wp-image-3342\"\/><\/figure>\n<\/div>\n\n\n<h3 class=\"wp-block-heading\">THE AMAZING OLIVE<\/h3>\n\n\n\n<p>People in Anatolia have been growing olives for at least 6 000 years. Olive oil trade is arguably what made antiquity, golden.Today olive oil means prestige and prosperity. There are people willing to give almost 200 USD for just one bottle of fine olive oil. What is so special about this ordinary looking fruit and its ordinary looking oil? Let&#8217;s find out. Ege\u2019de At\u00f6lye Zeytin Programs have brought together over 100 people over the course of 8 years making the olive the focus of interdisciplinary learning. Students and scholars met in Yeni Fo\u00e7a, Karaburun Zeytin okulu and \u015eirince Math Village exploring communities, olive groves, ancient sites combining academic knowledge with civic engagement.<\/p>\n\n\n\n<p><strong>Zeynep Delen Nircan<\/strong> Graduated from Bo\u011fazi\u00e7i University in 2001. Received her Ph.D in organic chemistry from University of Massachusetts. Worked at Amherst College at the Chemistry Department between 2007-2009. Returned to Turkey in 2010 to start the education initiative Ege&#8217;de At\u00f6lye (www.egedeatolye.org). Has taught at Bo\u011fazi\u00e7i University since 2010 and Sabanc\u0131 University since 2018. She is the coauthor of the book &#8220;The Chemical Story of Olive Oil: From Grove to Table, also translated to Turkish as &#8220;Tarladan Sofraya Zeytinya\u011f\u0131n\u0131n Hikayesi&#8221;.<\/p>\n<\/div>\n<\/div>\n\n\n\n<div class=\"wp-block-columns is-layout-flex wp-container-core-columns-is-layout-9d6595d7 wp-block-columns-is-layout-flex\">\n<div class=\"wp-block-column is-layout-flow wp-block-column-is-layout-flow\">\n<figure class=\"wp-block-image\"><img decoding=\"async\" src=\"https:\/\/lh3.googleusercontent.com\/RMgtNJJZdSzlHU4iJUYihGHjXzRl27BF7GZuTB_PAhx3UahnD7wlXjtClGG5Q4PnzHuYLckQH6y0MB1Rkq1U0IjVUiYZ6_3JkgqUgqoB6oQBxkdKA8F7NsompP-_e7qeXVMMIiWZ\" alt=\"\"\/><\/figure>\n\n\n\n<h3 class=\"wp-block-heading\">BASKETBOL AKADEM\u0130S\u0130<\/h3>\n\n\n\n<p>RC Basketbol akademisi, basketbolun temellerine odakl\u0131 bir programd\u0131r. 13 \u2013 16 ya\u015f aral\u0131\u011f\u0131nda basketbol deneyimi ne olursa olsun t\u00fcm kat\u0131l\u0131mc\u0131lara uygundur. Bu programda kat\u0131l\u0131mc\u0131lar\u0131m\u0131z temel becerileri edinecek, h\u00fccum, savunma ve kondisyon egzersizleri ger\u00e7ekle\u015ftirecek, \u00e7aba, \u00f6zveri ve sportmenli\u011fin \u00f6nemini \u00f6\u011frenecekler. Her ya\u015ftan kat\u0131l\u0131mc\u0131 tak\u0131m olarak hareket edecek, birlikte h\u00fccuma \u00e7\u0131kacak ayn\u0131 zamanda ko\u00e7lar\u0131 ile birebir \u00e7al\u0131\u015fma f\u0131rsat\u0131 yakalayacaklar. RC Basketbol Akademisi t\u00fcm kat\u0131l\u0131mc\u0131lar\u0131 i\u00e7in e\u011flenceli, g\u00fcvenli ve egzersizle dolu bir atmosfer yaratmay\u0131 hedefliyor.<\/p>\n\n\n\n<p><strong>Greg Pinto<\/strong>&nbsp;15 y\u0131l\u0131 a\u015fk\u0131n bir s\u00fcredir basketbol ko\u00e7lu\u011fu yapmaktad\u0131r. Kariyeri s\u00fcresince ba\u015flang\u0131\u00e7tan ileri seviyelere kadar 5-18 ya\u015f aras\u0131 \u00f6\u011frencilere ko\u00e7luk yapt\u0131. Greg\u2019in gen\u00e7lere kar\u015f\u0131 duydu\u011fu rehberlik etme tutkusu onu \u00f6\u011fretmenlik kariyerine itti. Ge\u00e7ti\u011fimiz 8 y\u0131ld\u0131r Robert Kolej\u2019de Beden E\u011fitimi \u00f6\u011fretmenli\u011fi g\u00f6revine devam eden Greg, \u0130stanbul\u2019a ta\u015f\u0131nmadan \u00f6nce, Connecticut\u2019taki Greenwich Country Day School\u2019da ders verdi. Orada ge\u00e7irdi\u011fi s\u00fcre boyunca, Amerika Birle\u015fik Devletleri\u2019ndeki Division 1 olarak bilinen spor odakl\u0131 okullarda oynayan bir\u00e7ok \u00f6\u011frenciye ko\u00e7luk yapma ayr\u0131cal\u0131\u011f\u0131 yakalad\u0131. Greg, GCDS\u2019deyken g\u00fcn\u00fcm\u00fczde bir NBA y\u0131ld\u0131z\u0131 olan Donovan Mitchell\u2019e d\u00f6rt y\u0131l boyunca ko\u00e7luk yapmaktan onur duyuyor.. Greg ayr\u0131ca 12 y\u0131l RC Summer\u2019da rehber ve y\u00f6netici kadro g\u00f6revleri \u00fcstlendi. Greg, basketbol bilgisini ve sevgisini RC Akademi toplulu\u011fuyla payla\u015fmak i\u00e7in sab\u0131rs\u0131zlan\u0131yor.<\/p>\n<\/div>\n\n\n\n<div class=\"wp-block-column is-layout-flow wp-block-column-is-layout-flow\">\n<figure class=\"wp-block-image\"><img decoding=\"async\" src=\"https:\/\/lh6.googleusercontent.com\/B0E8zmZeTM6DjLkkq0uG44aF9BzzFnep-4mjnZbowP8vc64mgFldOb8poBAKJcyPP8kegLS3cw-aU4lmjBh_8vUt0gRih0qz2MunIXv51Pt6SEfMv50ATFBYa97J3CQAKK2Q4KPt\" alt=\"\"\/><\/figure>\n\n\n\n<h3 class=\"wp-block-heading\">GELECE\u011e\u0130N EDEB\u0130YATI<\/h3>\n\n\n\n<p>Gelece\u011fin Edebiyat\u0131 sizi hep b\u00fcy\u00fcledi mi? Distopya romanlar\u0131 ve A\u00e7l\u0131k Oyunlar\u0131, Divergent ve An Ember in the Ashes gibi serilerle ilgileniyor musunuz? Bu programda, \u00f6\u011frenciler gelecekte ge\u00e7en \u0130ngilizce kurmaca hikaye, deneme ve filmler \u00fczerine \u00e7al\u0131\u015farak gelecekle ilgili se\u00e7enekleri ke\u015ffedecekler. Program s\u00fcresince, s\u00f6zl\u00fc tart\u0131\u015fma ve yazma \u00fczerine \u00e7al\u0131\u015farak edebi analiz ve mant\u0131ksal yaz\u0131m yeteneklerini geli\u015ftirecekler. Kat\u0131l\u0131mc\u0131lar program\u0131 gelecekte ge\u00e7en ve g\u00fcn\u00fcm\u00fcz\u00fcn sorunlar\u0131na odaklanan bir k\u0131sa kurmaca hikayeyle tamamlayacaklar.<\/p>\n\n\n\n<p><strong>Allison Finn<\/strong>, 20 y\u0131ld\u0131r retorik ve dil \u00f6\u011fretmenli\u011fi yap\u0131yor. \u00d6\u011frenmeyi \u00e7ok seven Finn, \u00f6\u011fretmenli\u011fin en g\u00fczel y\u00f6n\u00fcn\u00fcn, s\u00fcrekli entelekt\u00fcel sohbetlere kat\u0131larak ya\u015fam boyu \u00f6\u011frenci kalabilmek oldu\u011funa inan\u0131yor. Finn, Robert Kolej\u2019de 4 y\u0131l \u0130ngilizce B\u00f6l\u00fcm Ba\u015fkan Yard\u0131mc\u0131l\u0131\u011f\u0131ndan sonra, \u015fu anda E\u011fitim Ara\u015ft\u0131rmalar\u0131 Koordinat\u00f6r\u00fc olarak g\u00f6revine devam etmektedir.<\/p>\n<\/div>\n<\/div>\n\n\n\n<div class=\"wp-block-columns is-layout-flex wp-container-core-columns-is-layout-9d6595d7 wp-block-columns-is-layout-flex\">\n<div class=\"wp-block-column is-layout-flow wp-block-column-is-layout-flow\">\n<figure class=\"wp-block-image\"><img decoding=\"async\" src=\"https:\/\/lh3.googleusercontent.com\/Kl7JQ4Lk1PEQRpCBCMryGIuG7bnzeDaT7LPTDSy28mp3v2Q-3CfW4pgjisiCRQbGoJzKoW5s6qWh_dmL6hfkWl4Zl2QsYMu-IdOpw3Sj9qhDLJw-lSUMqEYbmIhVddR5IPNOQNWT\" alt=\"\"\/><\/figure>\n\n\n\n<h3 class=\"wp-block-heading\">FRANSIZCA KONU\u015e, D\u00dc\u015e\u00dcN, PAYLA\u015e!<\/h3>\n\n\n\n<p>Avrupadan Kuzey Amerika\u2019ya, Karayipler\u2019den Afrika\u2019ya, Orta Do\u011fu\u2019ya kadar d\u00fcnya \u00e7ap\u0131nda 270 milyon Frans\u0131zca konu\u015fan insan oldu\u011funu biliyor muydunuz? Bu programa kat\u0131larak Frans\u0131zca ve d\u00fcnya \u00e7ap\u0131ndaki Frankofon k\u00fclt\u00fcr\u00fcn\u00fc derinlemesine inceleme \u015fans\u0131 yakalayabilirsiniz.<br>Kelime da\u011farc\u0131\u011f\u0131n\u0131z\u0131 geni\u015fletmek ve aksan\u0131n\u0131z\u0131 ilerletmek mi istiyorsunuz? B\u00fct\u00fcn bunlar\u0131 e\u011flenceli bir ortamda ger\u00e7ekle\u015ftirebilece\u011finiz \u2018Frans\u0131zca Konu\u015f, D\u00fc\u015f\u00fcn, Payla\u015f!\u2019 program\u0131 tam sizin i\u00e7in! Allez-y!<\/p>\n\n\n\n<p><strong>Madam Papillion<\/strong>&nbsp;yirmi y\u0131l\u0131 a\u015fk\u0131n s\u00fcredir aralar\u0131nda Almanya, Fransa, Kanada ve \u0130rlanda\u2019n\u0131n da bulundu\u011fu \u00fclkelerde Frans\u0131zca \u00f6\u011fretmektedir. Ge\u00e7ti\u011fimiz 10 senedir \u0130stanbul\u2019da ya\u015fayan Papillion\u2019un favori aktiviteleri ko\u015fu, tenis, yoga, pilates, kitaplar, seyahat ve yeni tarifler denemek!<\/p>\n<\/div>\n\n\n\n<div class=\"wp-block-column is-layout-flow wp-block-column-is-layout-flow\">\n<figure class=\"wp-block-image\"><img decoding=\"async\" src=\"https:\/\/lh3.googleusercontent.com\/MzFJHwxEfkQvae3D5RejshToLmpwjljJ1Eyag_oMttpmv9-CITpeepfgTwPJ-hbd4ZLUTYIBsp8Zv0YCRumgsXD1LNwzUx7MK6wlGsCpf4baOUSjG87f7tuQe3u0kn_qiou1c6VJ\" alt=\"\"\/><\/figure>\n\n\n\n<h3 class=\"wp-block-heading\">M\u00dcNAZARA USTALARI<\/h3>\n\n\n\n<p>Tart\u0131\u015fmay\u0131 seviyor musun? Ara\u015ft\u0131rmay\u0131 ve \u00f6\u011frendiklerini resm\u00ee ve gayr\u0131 resm\u00ee m\u00fcnazaralarda kullanmay\u0131 ister misin? \u00d6\u011frenciler, bu programda Aristo retori\u011fi ve daha modern y\u00f6ntemlerden olan Stephen Toulmin\u2019in tart\u0131\u015fma modeli gibi bir\u00e7ok retorik yap\u0131s\u0131yla tan\u0131\u015ft\u0131r\u0131lacaklar. \u00d6\u011frenciler, farkl\u0131 uluslararas\u0131 m\u00fcnazara formatlar\u0131na kat\u0131larak farkl\u0131 tart\u0131\u015fma y\u00f6ntemlerini ke\u015ffedecek ve ara\u015ft\u0131rma yeteneklerini geli\u015ftirecekler.<\/p>\n\n\n\n<p><strong>Allison Finn<\/strong>, 20 y\u0131ld\u0131r retorik ve dil \u00f6\u011fretmenli\u011fi yap\u0131yor. \u00d6\u011frenmeyi \u00e7ok seven Finn, \u00f6\u011fretmenli\u011fin en g\u00fczel y\u00f6n\u00fcn\u00fcn, s\u00fcrekli entelekt\u00fcel sohbetlere kat\u0131larak ya\u015fam boyu \u00f6\u011frenci kalabilmek oldu\u011funa inan\u0131yor. Finn, Robert Kolej\u2019de 4 y\u0131l \u0130ngilizce B\u00f6l\u00fcm Ba\u015fkan Yard\u0131mc\u0131l\u0131\u011f\u0131ndan sonra, \u015fu anda E\u011fitim Ara\u015ft\u0131rmalar\u0131 Koordinat\u00f6r\u00fc olarak g\u00f6revine devam etmektedir.<\/p>\n<\/div>\n<\/div>\n\n\n\n<div class=\"wp-block-columns is-layout-flex wp-container-core-columns-is-layout-9d6595d7 wp-block-columns-is-layout-flex\">\n<div class=\"wp-block-column is-layout-flow wp-block-column-is-layout-flow\">\n<figure class=\"wp-block-image\"><img decoding=\"async\" src=\"https:\/\/lh6.googleusercontent.com\/-yQZxz_A8qZ0SeySxIoSDauRMpQKtAf8fv1YG5pKDskL28DsD1Wdlzk6ztdYXvtYpgVAXF_flbuIwwD8ehguSZsz5WgjjbzpDntvQDYkgBx9yrp9VgSoeZlrnwXEhEHsA0wgCGir\" alt=\"\"\/><\/figure>\n\n\n\n<h3 class=\"wp-block-heading\">KESK\u0130N BAKI\u015e \u2013 B\u0130R FOTO\u011eRAF\u00c7ILIK PROGRAMI<\/h3>\n\n\n\n<p>Kameran\u0131n yapabileceklerinin s\u0131n\u0131rlar\u0131n\u0131 ke\u015ffet! Her g\u00fcn elinizdeki kameran\u0131n g\u00fcc\u00fcn\u00fc daha iyi anlaman\u0131za yard\u0131mc\u0131 olacak teknik bilgi \u00f6\u011freneceksiniz. Sonra \u00f6nemli foto\u011fraf\u00e7\u0131lar\u0131n \u00e7al\u0131\u015fmalar\u0131na g\u00f6z atacak ve kendi imajlar\u0131m\u0131z\u0131 \/ foto\u011fraflar\u0131m\u0131z\u0131 yaratmak i\u00e7in ilham alaca\u011f\u0131z\/arayaca\u011f\u0131z. Kat\u0131l\u0131mc\u0131lar\u0131n her g\u00fcn farkl\u0131 bir hedefi olacak ve her oturumun sonunda di\u011fer kat\u0131l\u0131mc\u0131larla tart\u0131\u015fma \u015fans\u0131n\u0131z olacak. Bununla birlikte kat\u0131l\u0131mc\u0131lar\u0131n yap\u0131c\u0131 ele\u015ftiri alma ve ayn\u0131 \u00f6dev\/g\u00f6rev i\u00e7in yap\u0131lan farkl\u0131 yakla\u015f\u0131mlar\u0131 deneyimleme \u015fanslar\u0131 olacak. Program\u0131n sonunda gururla herkese g\u00f6sterebilece\u011finiz bir dijital serginiz olacak.<\/p>\n\n\n\n<p><strong>\u00d6nemli Not :<\/strong>&nbsp;Bu programdan en iyi \u015fekilde yararlanmak i\u00e7in manuel ayarl\u0131 bir dijital kameran\u0131z\u0131n olmas\u0131 yeterli!<\/p>\n\n\n\n<p><strong>Ozan Yoleri<\/strong>, Robert Kolejden mezun olduktan sonra Bo\u011fazi\u00e7i \u00dcniversitesi \u0130\u015fletme B\u00f6l\u00fcm\u00fc\u2019n\u00fc ve Film Sertifika Program\u0131\u2019n\u0131 tamamlad\u0131. Ozan ayn\u0131 zamanda \u0130stanbul\u2019da bulunan bir yap\u0131m \u015firketi olan Vigo Film\u2019in kurucu ortaklar\u0131ndan. Son k\u0131sa filmi Aylin (2019), 25. Palm Springs K\u0131sa Film Festivali\u2019nde a\u00e7\u0131l\u0131\u015f\u0131n\u0131 yapt\u0131ktan sonra 56. Antalya Alt\u0131n Portakal Film Festivali\u2019nde J\u00fcri \u00d6zel \u00d6d\u00fcl\u00fc\u2019ne lay\u0131k g\u00f6r\u00fcld\u00fc. \u015eu anda ilk uzun metrajl\u0131 projesi olan \u2018G\u00fczel Bir Gece\u2019 \u00fczerinde \u00e7al\u0131\u015fmaktad\u0131r.<\/p>\n<\/div>\n\n\n\n<div class=\"wp-block-column is-layout-flow wp-block-column-is-layout-flow\">\n<figure class=\"wp-block-image\"><img decoding=\"async\" src=\"https:\/\/lh6.googleusercontent.com\/1bK4eVg5oJrN0fLoYHMfpxFVSFjcvR2bIaVVYqQFx89VX7UfuJqgdUoSKCn_PUCE2HQfbkKcZhg6WuBRWNd3qfXb0yJf3L0BkdZ_L1zaRWHI4za4R8NpD1NJFlqAnuaue8NV5-aV\" alt=\"\"\/><\/figure>\n\n\n\n<h3 class=\"wp-block-heading\">K\u00dcLT\u00dcRLERARASI \u0130LET\u0130\u015e\u0130M<\/h3>\n\n\n\n<p>\u201cK\u00fclt\u00fcr\u201d kelimesini duydu\u011funuzda akl\u0131n\u0131za gelen ilk \u015fey nedir? Dil, yemek, m\u00fczik, yo\u011furt? Kendinizi hi\u00e7 \u201ck\u00fclt\u00fcrel bir varl\u0131k\u201d olarak d\u00fc\u015f\u00fcnd\u00fcn\u00fcz m\u00fc? Veya farkl\u0131 k\u00fclt\u00fcrlerden insanlarla nas\u0131l ileti\u015fim kuruyorsunuz? Ortak k\u00fclt\u00fcr diye bir\u015fey var m\u0131d\u0131r? K\u00fclt\u00fcr, konu\u015fma d\u00fc\u015f\u00fcnme ve bir \u015feyi yapma bi\u00e7imimizi nas\u0131l etkileyebilir? Farkl\u0131 k\u00fclt\u00fcrler aras\u0131nda daha etkin ileti\u015fim nas\u0131l kurulur?<\/p>\n\n\n\n<p>Bu programda bu sorular\u0131 ve daha fazlas\u0131n\u0131 soraca\u011f\u0131z kendimize. Sunumlar, k\u0131sa videolar, deneyimsel aktiviteler, ve farkl\u0131 k\u00fclt\u00fcrlerden akranlarla diyalog kurarak, \u201ck\u00fclt\u00fcrel varl\u0131klar\u201d olarak kendimiz ve ba\u015fkalar\u0131 hakk\u0131nda fark\u0131ndal\u0131k yaratacak, k\u00fclt\u00fcrel farkl\u0131l\u0131klar aras\u0131nda k\u00f6pr\u00fc kuraca\u011f\u0131z.<\/p>\n\n\n\n<p>Aslen Kaliforniya\u2019l\u0131 olan&nbsp;<strong>Kathryn Bourgeois<\/strong>, son 25 y\u0131ld\u0131r T\u00fcrkiye\u2019de ya\u015famas\u0131na ra\u011fmen iyi bir T\u00fcrk Kahvesi pi\u015firememekten \u015fikayet\u00e7i. Scripps College\u2019da ald\u0131\u011f\u0131 Antropoloji e\u011fitiminin ard\u0131ndan, Bilgi \u00dcniversitesi\u2019nde Sosyal Projeler ve STK Y\u00f6netimi alan\u0131nda y\u00fcksek lisans\u0131n\u0131 tamamlayan Kathryn, 18 y\u0131ld\u0131r uluslararas\u0131 e\u011fitim alan\u0131nda \u00e7al\u0131\u015f\u0131yor. Daha \u00f6nce Ko\u00e7 \u00dcniversitesi ve Orta Do\u011fu Teknik \u00dcniversitesi\u2019nde yer alan Amerikal\u0131 \u00fcniversite \u00f6\u011frencilerinin yurtd\u0131\u015f\u0131nda e\u011fitim programlar\u0131n\u0131 y\u00f6netti. Amerika\u2019da Yunanistan\u2019da ve T\u00fcrkiye\u2019de \u0130ngilizce e\u011fitimi verdi. \u015eimdi ise; Robert Kolej Topluma Hizmet Projeleri departman\u0131nda dan\u0131\u015fman olarak g\u00f6rev yapan Bourgeois, \u00f6\u011frencilerin projelerini geli\u015ftirmelerine ve uygulamalar\u0131na destek oluyor.<\/p>\n<\/div>\n<\/div>\n\n\n\n<div class=\"wp-block-columns is-layout-flex wp-container-core-columns-is-layout-9d6595d7 wp-block-columns-is-layout-flex\">\n<div class=\"wp-block-column is-layout-flow wp-block-column-is-layout-flow\">\n<figure class=\"wp-block-image\"><img decoding=\"async\" src=\"https:\/\/lh4.googleusercontent.com\/s379usuEyF3YwjoAUlGcjKAXxdrNlIFH-edZzbSpmBdVa5VNFQmdXt9UWVXYm_UeBDkG8gO5CwrfGlnKOMMKbZJ4yDnBlfWhnzD3gTVFcgmmFBFM2D1Hvxjs8QaOCVmmtfyAaQjJ\" alt=\"\"\/><\/figure>\n\n\n\n<h3 class=\"wp-block-heading\">GEN\u00c7 G\u0130R\u0130\u015e\u0130MC\u0130LER<\/h3>\n\n\n\n<p>Bu programda kat\u0131l\u0131mc\u0131lar sorgulay\u0131c\u0131 ve \u00e7\u00f6z\u00fcm odakl\u0131 y\u00f6ntemlerle teknoloji temelli \u00e7\u00f6z\u00fcmler \u00fcretecek ve yenilik\u00e7i kabiliyetlerini geli\u015ftirecekler. Kendi se\u00e7tikleri bir \u00f6rnek olay \u00fczerinde 2 ki\u015filik gruplar olarak \u00e7al\u0131\u015ft\u0131klar\u0131 projeleri 2 hafta boyunca devam edecek. Vaka \u00e7al\u0131\u015fmalar\u0131 hedef kitleye y\u00f6nelik olarak IDEO U\u2019dan esinlenilerek haz\u0131rlanacak.<\/p>\n\n\n\n<p>Program\u0131n hedefleri:<\/p>\n\n\n\n<ul class=\"wp-block-list\">\n<li>Dinleyerek \u00f6\u011frenme y\u00f6ntemi olan \u2018Derin \u00f6\u011frenme\u2019nin \u00f6nemini kavramak<\/li>\n\n\n\n<li>Do\u011fru sorular\u0131 sorma aray\u0131\u015f\u0131<\/li>\n\n\n\n<li>Yenilik\u00e7i \u00fcr\u00fcnler i\u00e7in fikir geli\u015ftirme<\/li>\n\n\n\n<li>Websitesi veya mobil uygulamalar gibi teknoloji odakl\u0131 \u00e7\u00f6z\u00fcmler ile ilham kayna\u011f\u0131 olma<\/li>\n<\/ul>\n\n\n\n<p>*IDEO U ki\u015filere modern d\u00fcnyaya uyumu art\u0131racak beceriler, d\u00fc\u015f\u00fcnce yap\u0131lar\u0131 ve ara\u00e7lar sa\u011flayan online bir okuldur.<\/p>\n\n\n\n<p><strong>\u00d6nemli Not :<\/strong>&nbsp;Kat\u0131l\u0131mc\u0131lar\u0131n d\u00f6nem boyunca her g\u00fcn bir diz\u00fcst\u00fc bilgisayar getirmeleri gerekmektedir.<\/p>\n\n\n\n<p><strong>P\u0131nar Kad\u0131o\u011flu<\/strong>&nbsp;6 y\u0131ld\u0131r Robert Kolej\u2019de e\u011fitim teknolojileri koordinat\u00f6r\u00fc olarak \u00f6\u011frenciler ve \u00f6\u011fretmenlerle teknoloji entegrasyonu \u00fczerine \u00e7al\u0131\u015fmaktad\u0131r. Bilkent \u00dcniversitesi Bilgisayar ve \u00d6\u011fretim Teknolojileri b\u00f6l\u00fcm\u00fcnden mezun olduktan sonra 2 sene boyunca \u00f6zel okullarda ilk ve orta \u00f6\u011frenim seviyeleriyle ICT \u00f6\u011frenimi konusunda \u00e7al\u0131\u015ft\u0131. Y\u0131l i\u00e7erisinde yeni teknolojilerin (Art\u0131r\u0131lm\u0131\u015f Ger\u00e7eklik, Sanal Ger\u00e7eklik ve Yapay Zeka gibi) okul m\u00fcfredat\u0131na entegrasyonu ve \u00f6\u011frenme \u00fczerindeki etkileri \u00fczerinde \u00e7al\u0131\u015fmaktad\u0131r. Ayr\u0131ca National Geographic Kids taraf\u0131ndan yay\u0131nlanacak olan \u2018Steve Jobs Gibi Yap\u2019 isimli \u00e7ocuk serisinin yazar\u0131d\u0131r.<\/p>\n<\/div>\n\n\n\n<div class=\"wp-block-column is-layout-flow wp-block-column-is-layout-flow\">\n<figure class=\"wp-block-image\"><img decoding=\"async\" src=\"https:\/\/lh4.googleusercontent.com\/c6B3Y-OWjT9_qtzxVs4kSJ0UCqFpocE_FN5vM-c_CFQMz-QkgvKVoQnDcvlKPGCP5nhyWVX_iHoEtjOG7oWk7mGuXQ-yXNpW_4CPlpZAt3pE3sGUq5hvHeYs_4yLeuZdo-ii6bs_\" alt=\"\"\/><\/figure>\n\n\n\n<h3 class=\"wp-block-heading\">PS\u0130KOLOJ\u0130DE K\u0130M K\u0130MD\u0130R<\/h3>\n\n\n\n<p>Psikoloji s\u00fcrekli etraf\u0131m\u0131zda; g\u00fcndelik hayat\u0131m\u0131zda s\u00fcrekli kar\u015f\u0131la\u015ft\u0131\u011f\u0131m\u0131z bu bilim dal\u0131, izledi\u011fimiz TV Programlar\u0131nda, filmlerde, kitaplarda ve hatta ad\u0131 Psikoloji olmayan derslerimizde bile kar\u015f\u0131m\u0131za \u00e7\u0131k\u0131yor. Fakat \u00e7ok say\u0131da insan, psikolojiye dair bulgular hakk\u0131nda yeterli bilgiye sahip olmadan bahsetmekte, dolay\u0131s\u0131yla hatal\u0131 bir \u015fekilde kullanmaktad\u0131r. Dahas\u0131, d\u00fcnyaca \u00fcnl\u00fc psikologlar\u0131n iyi bilinen deneyleri, bulgular\u0131n g\u00fcn\u00fcm\u00fczde tekrarlanamamas\u0131ndan dolay\u0131, etik \u00e7er\u00e7evesinde sorgulanmaktad\u0131r.<\/p>\n\n\n\n<p>Bu programda \u00fcnl\u00fc psikologlardan, teorilerinden, \u00e7\u0131\u011f\u0131r a\u00e7an deneylerinden bahsedecek, bulgular\u0131n\u0131 inceleyecek teknolojideki geli\u015fmeler ve g\u00fcn\u00fcm\u00fczde sahip oldu\u011fumuz bilgi \u0131\u015f\u0131\u011f\u0131nda, nas\u0131l farkl\u0131 yakla\u015f\u0131mlar geli\u015ftirebilece\u011fimizi d\u00fc\u015f\u00fcn\u00fcp tart\u0131\u015faca\u011f\u0131z. T\u00fcm bunlara ek olarak, kendi ara\u015ft\u0131rma sorular\u0131m\u0131z\u0131 belirleyip bu sorulara bir bilim insan\u0131 yakla\u015f\u0131m\u0131yla \u00e7\u00f6z\u00fcm \u00fcretece\u011fiz.<\/p>\n\n\n\n<p>RC\u201908 Mezunu olan&nbsp;<strong>Dr. Ceymi Doenyas<\/strong>&nbsp;lisans e\u011fitimini Psikoloji, N\u00f6roloji ve Yak\u0131n Do\u011fu Ara\u015ft\u0131rmalar\u0131 \u00fczerine Princeton \u00dcniversitesinde tamamlam\u0131\u015ft\u0131r. Princeton\u2019dan b\u00f6l\u00fcm\u00fcn\u00fcn en y\u00fcksek not ortalamas\u0131 ile mezun olan Doenyas, Geli\u015fim Psikolojisi alan\u0131nda Master ve Doktora e\u011fitimini Ko\u00e7 \u00dcniversitesinde tamamlam\u0131\u015ft\u0131r ve \u015fu anda AP Psikoloji dersleri vermektedir.<\/p>\n<\/div>\n<\/div>\n\n\n\n<div class=\"wp-block-columns is-layout-flex wp-container-core-columns-is-layout-9d6595d7 wp-block-columns-is-layout-flex\">\n<div class=\"wp-block-column is-layout-flow wp-block-column-is-layout-flow\">\n<figure class=\"wp-block-image\"><img decoding=\"async\" src=\"https:\/\/lh5.googleusercontent.com\/_s_v6lYE1CTUOIeN2IezxIrukbwcZLBFhdsvQfVcYW5mrun-zXCtqgy_BdUCjUh8-hgjnTlbvlfpwdY4l0wT2EqYrr1vBsuNBAamrr9E4fuUCMMqy9BZevEXdqTUT9nJwhVONhKC\" alt=\"\"\/><\/figure>\n\n\n\n<h3 class=\"wp-block-heading\">ALL STAR TEN\u0130S<\/h3>\n\n\n\n<p>Ge\u00e7mi\u015fi 12. Y\u00fczy\u0131l Fransa\u2019s\u0131na dayanan, kraliyet ailelerinin oyunu olan Tenis, g\u00fcn\u00fcm\u00fczde her \u00e7evreden insan\u0131n dikkatini \u00e7ekmektedir. Kapal\u0131 alanda ba\u015flayan bu spor dal\u0131, g\u00fcn\u00fcm\u00fczde a\u00e7\u0131k alanda da ger\u00e7ekle\u015ftirilmekte, sporcular\u0131n fiziksel dayan\u0131kl\u0131l\u0131klar\u0131n\u0131n yan\u0131 s\u0131ra taktiksel yeteneklerini de s\u0131nanmaktad\u0131r.<\/p>\n\n\n\n<p>Bu programda kat\u0131l\u0131mc\u0131lar\u0131m\u0131z tenisi profesyonel ancak e\u011flenceli bir konseptte bireysel ve tak\u0131m egzersizi olarak deneyimleyecek, vuru\u015f tekniklerini ve kurallar\u0131n\u0131 \u00f6\u011frenecekler.<\/p>\n\n\n\n<p><strong>Serda \u00d6rnek<\/strong>, aralar\u0131nda Robert Kolej ve Enka Okullar\u0131n\u0131n da bulundu\u011fu e\u011fitim kurumlar\u0131nda 15 y\u0131l\u0131 a\u015fk\u0131n s\u00fcredir Tenis dersleri vermektedir. Kariyeri boyunca jimnasti\u011fin yan\u0131 s\u0131ra tenis ve voleybol da oynam\u0131\u015ft\u0131r. Marmara \u00dcniversitesi\u2019nde lisans e\u011fitimini tamamlam\u0131\u015f, \u015fimdi ise yine o \u00fcniversitede Y\u00fcksek Lisans e\u011fitimine devam etmektedir., aralar\u0131nda Robert Kolej ve Enka Okullar\u0131n\u0131n da bulundu\u011fu e\u011fitim kurumlar\u0131nda 15 y\u0131l\u0131 a\u015fk\u0131n s\u00fcredir Tenis dersleri vermektedir. Kariyeri boyunca jimnasti\u011fin yan\u0131 s\u0131ra tenis ve voleybol da oynam\u0131\u015ft\u0131r. Marmara \u00dcniversitesi\u2019nde Y\u00fcksek Lisans e\u011fitimine devam etmektedir.<\/p>\n<\/div>\n\n\n\n<div class=\"wp-block-column is-layout-flow wp-block-column-is-layout-flow\">\n<figure class=\"wp-block-image\"><img decoding=\"async\" src=\"https:\/\/lh3.googleusercontent.com\/ZqGvSzWbnSaLLRQLj3p2BIc0RJ5jN3ooR3iB5h-paBscRLETrHz7Mva2ad8r3EjbGY9f268udIrxlGB8VPRp-C4g6c3BvATBRCid36Hxc764cwRYbeWkKiKVJAV75rnSSznLoW5E\" alt=\"\"\/><\/figure>\n\n\n\n<h3 class=\"wp-block-heading\">G\u00dcZEL SANATLAR<\/h3>\n\n\n\n<p>Bu uygulama program\u0131, sanat\u0131 seven ve metodunu geli\u015ftirmek isteyen herkes i\u00e7in! Program\u0131n oda\u011f\u0131, \u2018ba\u015far\u0131l\u0131 bir sanat\u00e7\u0131n\u0131n sahip olmas\u0131 gereken ana yetiler\u2019 olmakla beraber, ilk hafta \u2018G\u00f6rmeyi \u00d6\u011frenmek\u2019 ikinci hafta ise \u2018Yaratmay\u0131 \u00d6\u011frenmek\u2019 temalar\u0131 alt\u0131nda ger\u00e7ekle\u015ftirilecektir.<\/p>\n\n\n\n<p>G\u00fcnl\u00fck olarak ger\u00e7ekle\u015ftirilecek aktivitelerin baz\u0131lar\u0131;<\/p>\n\n\n\n<ul class=\"wp-block-list\">\n<li>G\u00f6rsel sanat unsurlar\u0131n\u0131n ve tasar\u0131m prensiplerinin ke\u015ffedilmesi<\/li>\n\n\n\n<li>Eserlerin ve farkl\u0131 sanat\u00e7\u0131lar\u0131n fikirlerini ifade etme y\u00f6ntemlerinin incelenmesi<\/li>\n\n\n\n<li>\u0130stanbul i\u00e7erisinde bir m\u00fczeyi ziyaret ederek, sergilenen eserlerden birinin eskizini \u00e7\u0131karma ve st\u00fcdyo\u2019da bir modelin e\u015fli\u011finde fig\u00fcr \u00e7izimini deneyimleme \u015fans\u0131<\/li>\n\n\n\n<li>Linear Perspektif ve Mimari Tasar\u0131m<\/li>\n\n\n\n<li>Yarat\u0131c\u0131 fikirlerin edinilmesi ve ilham vermesi i\u00e7in yerel bir galerinin ziyareti<\/li>\n\n\n\n<li>Sanatsal bir kompozisyon olu\u015fturma amac\u0131yla soyutlama ve sanat\u00e7\u0131n\u0131n eserlerinde kendi sesini bulmas\u0131<\/li>\n<\/ul>\n\n\n\n<p>\u0130ki haftan\u0131n sonunda kat\u0131l\u0131mc\u0131lar\u0131m\u0131z \u00fcrettikleri i\u015fleri sergileyecekler.<\/p>\n\n\n\n<p><strong>Merril Hope Brown<\/strong>, uzun y\u0131llar Londra\u2019daki farkl\u0131 liselerde \u00f6\u011fretmenlik yapt\u0131ktan sonra 1998\u2019de Robert Kolej\u2019de m\u00fczik ve g\u00f6rsel sanatlar \u00f6\u011fretmenli\u011fi g\u00f6revine ba\u015flad\u0131. 2006 y\u0131l\u0131ndan bu yana ile Sanat Departman\u0131 B\u00f6l\u00fcm Ba\u015fkan\u0131 olarak g\u00f6rev yapan Brown, kolej b\u00fcnyesinde her s\u0131n\u0131ftan \u00f6\u011frenciye g\u00f6rsel sanatlar\u0131 ve m\u00fczi\u011fi tan\u0131tt\u0131.<\/p>\n\n\n\n<p>E\u011fitim y\u0131l\u0131 i\u00e7erisinde iki kere ger\u00e7ekle\u015fen Lise Live konserlerinin yarat\u0131c\u0131s\u0131 ve direkt\u00f6r\u00fc olmakla beraber, G\u00f6rsel Sanatlar St\u00fcdyosu kul\u00fcb\u00fcn\u00fc y\u00fcr\u00fct\u00fcc\u00fcl\u00fc\u011f\u00fcn\u00fc yapmaktad\u0131r. Okul i\u00e7erisinde say\u0131s\u0131z sanat etkinli\u011fini ger\u00e7ekle\u015ftiren Brown, 15 y\u0131l\u0131 a\u015fk\u0131n s\u00fcredir, St. Petersburg ve The Hague, Hollanda\u2019da ger\u00e7ekle\u015fen Model United Nations (MUN) konferanslar\u0131nda RC \u00d6\u011frenci delegasyonlar\u0131na rehberlik etmi\u015ftir.<\/p>\n\n\n\n<p>Geriye kalan bo\u015f zamanlar\u0131n\u0131 m\u00fczik, tiyatro, sanat, edebiyat ve el i\u015flerine ay\u0131rmakta olan Brown (ah, tabii, \u00e7ok sevdi\u011fi kedilerini de unutmamal\u0131) \u015fiir yazmaya, ragbi kar\u015f\u0131la\u015fmalar\u0131n\u0131 izlemeye ve arkada\u015flar\u0131n\u0131 sahip oldu\u011fu o \u0130ngiliz espri anlay\u0131\u015f\u0131na maruz b\u0131rakmaya bay\u0131l\u0131r.<\/p>\n<\/div>\n<\/div>\n\n\n\n<div class=\"wp-block-columns is-layout-flex wp-container-core-columns-is-layout-9d6595d7 wp-block-columns-is-layout-flex\">\n<div class=\"wp-block-column is-layout-flow wp-block-column-is-layout-flow\">\n<figure class=\"wp-block-image\"><img decoding=\"async\" src=\"https:\/\/lh3.googleusercontent.com\/nThOqmBarQ209tEHnFZ5xtblM5xZAQ0yvw4JT8NTWlqaRK0TzebQOfXQsdxd3VnQzyJ6lsQ-_YU0NARhP8zopN4tOTLkSMDGYLmbb7pR5leusE2S1eYArc2JSYIcTd8rf_kPkTem\" alt=\"\"\/><\/figure>\n\n\n\n<h3 class=\"wp-block-heading\">SPORUN F\u0130Z\u0130\u011e\u0130<\/h3>\n\n\n\n<p>Bir topun, voleybol a\u011f\u0131n\u0131 ge\u00e7mesi i\u00e7in gereken minimum h\u0131z nedir? Bir futbolcu topu havada nas\u0131l kavislendirir? Bir basketbolcunun havada as\u0131l\u0131 kalmas\u0131 ger\u00e7ekten m\u00fcmk\u00fcn m\u00fcd\u00fcr? Bu programda t\u00fcm bu sorulara ve daha fazlas\u0131na yan\u0131t bulabilirsiniz! Sporun Fizi\u011fi program\u0131n\u0131n kat\u0131l\u0131mc\u0131lar\u0131, bilimsel metodu bir \u00e7ok spor dal\u0131na uygulama f\u0131rsat\u0131 bulacaklar.<\/p>\n\n\n\n<p>\u00d6rne\u011fin, kat\u0131l\u0131mc\u0131lar\u0131m\u0131z, bir basketbol at\u0131\u015f\u0131n\u0131n videosunu Logger Pro video analiz yaz\u0131l\u0131m\u0131 ile inceleyip Vernier Tools ile bir \u00e7ok top oyunu hakk\u0131nda veri toplayarak Newton\u2019un Yasalar\u0131n\u0131 derinlemesine \u00f6\u011frenme \u015fans\u0131 elde edecek!<\/p>\n\n\n\n<p><strong>Mehmet Salih Gen\u00e7er&nbsp;<\/strong>son iki y\u0131ld\u0131r Johns Hopkins Universitesi\u2019nin Yetenekli Gen\u00e7lik Merkezi program\u0131 dahilinde Sporun Fizi\u011fi program\u0131n\u0131 y\u00f6netti. Bu y\u0131l ise tecr\u00fcbelerini RCS Akademi kat\u0131l\u0131mc\u0131lar\u0131 ile payla\u015fmay\u0131 hedefliyor. Son be\u015f y\u0131ld\u0131r, Robert Kolej b\u00fcnyesinde verdi\u011fi fizik derslerinin \u00f6ncesinde be\u015f y\u0131l kadar da \u0130ngiltere, Almanya ve Azerbaycan\u2019da \u00f6\u011fretmenlik yapt\u0131. Bunun yan\u0131nda ilk kez Robert Kolej\u2019de denedi\u011fi salon hokeyinin ko\u00e7lu\u011funu y\u00fcr\u00fct\u00fcyor.<\/p>\n<\/div>\n\n\n\n<div class=\"wp-block-column is-layout-flow wp-block-column-is-layout-flow\">\n<figure class=\"wp-block-image\"><img decoding=\"async\" src=\"https:\/\/lh3.googleusercontent.com\/eFqFjTgHNHxVh8x4GRNoKzQfd4ArNKM-SaMKw9qZleFqNutcik5EeKOIwabmeVhBrVex7-PEVRQd6U2Olhm49HLaWN4H9ASLWVYJ-uennwv-oMR1Sl7JO52nXNoImYGBkY3CtNfb\" alt=\"\"\/><\/figure>\n\n\n\n<h3 class=\"wp-block-heading\">MUTLU \u015eEFLER<\/h3>\n\n\n\n<p>E\u011flenceli, Yaramaz ve lezzetli sa\u011fl\u0131kl\u0131 yiyecekler yemek m\u00fcmk\u00fcn m\u00fc? Mutlu \u015eef, &nbsp;insanlar\u0131 neyin sa\u011fl\u0131kl\u0131 k\u0131ld\u0131\u011f\u0131 ve farkl\u0131 k\u00fclt\u00fcrlerden insanlar\u0131n nas\u0131l yemek haz\u0131rlad\u0131klar\u0131 hakk\u0131nda bilgi edinme f\u0131rsat\u0131 veren uygulamal\u0131 bir program. &nbsp;Lezzetli yemekler haz\u0131rlarken ham, vegan, vejeteryan, organik, makrobiyotik, glutensiz, vs. gibi insanlar\u0131n tercih etti\u011fi diyet t\u00fcrlerini tart\u0131\u015facak veya sorgulayacaks\u0131n\u0131z.<\/p>\n\n\n\n<p>Kat\u0131l\u0131mc\u0131lar her g\u00fcne meditasyon, yoga, nefes alma \u00e7al\u0131\u015fmalar\u0131 veya \u201cdikkat toplama\u201d gibi k\u0131sa bir sa\u011fl\u0131kl\u0131 ya\u015fam uygulamas\u0131 ile ba\u015flayacak. Daha sonra mutfak g\u00fcvenli\u011fi, hijyen, temel kesim becerileri, sunum ve en \u00f6nemlisi beslenme bilgilerini i\u00e7erecek olan g\u0131da haz\u0131rl\u0131\u011f\u0131na ge\u00e7ecekler. Dahas\u0131, su\u015fi (Japonya), taco (Meksika), pizza (\u0130talya), humus (Orta Do\u011fu), pirin\u00e7 eri\u015ftesi (\u00c7in) gibi d\u00fcnyan\u0131n d\u00f6rt bir yan\u0131ndan farkl\u0131 yiyecekleri tadacak ve k\u00fclt\u00fcrlerini deneyimleme \u015fans\u0131 elde edecekler. Kat\u0131l\u0131mc\u0131lar d\u00f6nem sonunda, yeni tarifler ve kendi eserlerini ekledikleri kendi yemek tarifleri kitab\u0131yla &nbsp;eve d\u00f6necekler.<br><br>\u0130ki haftal\u0131k macera, daha sa\u011fl\u0131kl\u0131 beslenme al\u0131\u015fkanl\u0131klar\u0131 konusundaki fark\u0131ndal\u0131\u011f\u0131 artt\u0131rmay\u0131, kullan\u0131\u015fl\u0131 mutfak becerileri \u00f6\u011fretmeyi ve yeni lezzetler ve tarifleri takdir etmeyi ama\u00e7l\u0131yor.<\/p>\n\n\n\n<p><strong>Ayda Manukyan<\/strong>, ABD\u2019de ve T\u00fcrkiye\u2019de i\u015fletme, sanat \/ k\u00fclt\u00fcr sosyolojisi ve \u0130ngilizce \u00f6\u011fretimi alanlar\u0131nda kariyer yapt\u0131. Hem gen\u00e7 \u00f6\u011frencilere hem de \u00fcniversite \u00f6\u011frencilerine ders verdi. Yemek yapmak, sa\u011fl\u0131kl\u0131 ve b\u00fct\u00fcnc\u00fcl beslenme onun ya\u015fam boyu tutkusu oldu. Su\u015fi yap\u0131m\u0131, \u00e7i\u011f yiyecekler ve Changa Restaurant tarifleri alan\u0131nda \u00e7e\u015fitli yiyecek haz\u0131rlama kurslar\u0131n\u0131 ve 6 haftal\u0131k sa\u011fl\u0131kl\u0131 vegan kursunu tamamlad\u0131. Yoga, meditasyon alan\u0131nda bir\u00e7ok seminer ve inzivaya kat\u0131ld\u0131. Manukyan, halen Robert Kolej\u2019de \u0130ngilizce \u00f6\u011fretmeni olarak \u00e7al\u0131\u015f\u0131yor ve okulda hem G\u0131da Komitesi hem de \u00c7evre Komitesi \u00fcyesi.<\/p>\n<\/div>\n<\/div>\n\n\n\n<div class=\"wp-block-columns is-layout-flex wp-container-core-columns-is-layout-9d6595d7 wp-block-columns-is-layout-flex\">\n<div class=\"wp-block-column is-layout-flow wp-block-column-is-layout-flow\">\n<figure class=\"wp-block-image\"><img decoding=\"async\" src=\"https:\/\/lh5.googleusercontent.com\/FKgMlTrQscAPGL4Unw25Sttn0fAotkrwS1TXacZhbkp_3Yk76VPPqZRb132SI4ckY5ll54xkTrhaPImuHpFqx4LfdvfOmHpX_v6tbJ9T0z39iXhjHsaEFomJXk7VBNXAQC5z0RZU\" alt=\"\"\/><\/figure>\n\n\n\n<h3 class=\"wp-block-heading\">\u0130LER\u0130 SEV\u0130YE KEMAN<\/h3>\n\n\n\n<p>Keman \u00e7almak fedakarl\u0131k ister; hem zaman\u0131n\u0131zdan, hem de hassas parmak u\u00e7lar\u0131ndan. Keman telleri \u00fczerindeki koreografinizi geli\u015ftirmek i\u00e7in yazdan daha iyi bir zaman d\u00fc\u015f\u00fcn\u00fclemez! Kat\u0131l\u0131mc\u0131lar\u0131m\u0131z tekniklerini geli\u015ftirme f\u0131rsat\u0131 yakalayacak, yeni par\u00e7alar \u00f6\u011frenecek ve Akademi Keman Orkestra\u2019s\u0131nda yer alabilecek.<\/p>\n\n\n\n<p><strong>\u00d6nemli Not :<\/strong>&nbsp;Kat\u0131l\u0131mc\u0131lar\u0131n d\u00f6nem boyunca kendi kemanlar\u0131n\u0131 getirmeleri gerekmektedir.<\/p>\n\n\n\n<p><strong>Emel \u00d6zer<\/strong>, Hacettepe \u00dcniversitesi Ankara Devlet Konservatuar\u0131\u2019ndan mezun olduktan sonra New York &nbsp;Mannes M\u00fczik Koleji\u2019nden y\u00fcksek lisans derecesi ald\u0131. ABD, \u00c7in, Rusya, Avusturya, Fransa, \u0130spanya, \u0130srail, \u0130talya, Hollanda, Estonya, Moldova, Kuzey K\u0131br\u0131s T\u00fcrk Cumhuriyeti ve Pakistan\u2019da sahne ald\u0131.<\/p>\n\n\n\n<p>T\u00fcrkiye Devlet Opera ve Balesi Genel Koordinat\u00f6r\u00fc ve L\u0130MAK Filarmoni Orkestras\u0131 Genel Koordinat\u00f6r\u00fc olarak g\u00f6rev yapt\u0131. Ankara Devlet Opera ve Bale Orkestras\u0131\u2019ndan keman b\u00f6l\u00fcm\u00fc m\u00fcd\u00fcr\u00fc olarak emekli oldu. &nbsp;<\/p>\n\n\n\n<p>2004-2008 y\u0131llar\u0131 aras\u0131nda Robert Kolej\u2019de, 2010-2015 y\u0131llar\u0131 aras\u0131nda TED Ankara Koleji\u2019nde keman \u00f6\u011fretmeni olarak \u00e7al\u0131\u015ft\u0131. ENKA Okullar\u0131, \u015ei\u015fli Terakki Vakf\u0131 Okullar\u0131, \u0130T\u00dc Vakf\u0131 Okullar\u0131 ve TED Ankara Koleji\u2019nde hem e\u011fitmen hem de koordinat\u00f6r olarak g\u00f6rev ald\u0131.<\/p>\n\n\n\n<p>Halen Robert Kolej\u2019de yar\u0131 zamanl\u0131 m\u00fczik \u00f6\u011fretmeni olarak \u00e7al\u0131\u015fan \u00d6zer, kendi konser projelerini y\u00fcr\u00fctmeye devam ediyor.<\/p>\n<\/div>\n\n\n\n<div class=\"wp-block-column is-layout-flow wp-block-column-is-layout-flow\">\n<figure class=\"wp-block-image\"><img decoding=\"async\" src=\"https:\/\/lh3.googleusercontent.com\/lWHlY3WQdMlwURm2tEbiqKUhyHXlskcOVNhC3fENeqpBJLrLr_eXPKHYvAmJnDbNoWMcMj6s1qb9g3TfAbVq-75tt0Z-CdFjhPjw0ALXMD0744TG7SXDF6SprDzuDnXmzBKL6JYI\" alt=\"\"\/><\/figure>\n\n\n\n<h3 class=\"wp-block-heading\">B\u0130YO-MATEMAT\u0130K<\/h3>\n\n\n\n<p>Bir vir\u00fcs\u00fcn yay\u0131lmas\u0131n\u0131 DNA kullanarak nas\u0131l izleyebiliriz? Medikal testler ve taramalar sa\u011fl\u0131k durumumuz hakk\u0131nda bize nas\u0131l bilgi verir? Hayatta kalma stratejileri do\u011fada nas\u0131l i\u015fliyor? Do\u011fal i\u015fleyi\u015f ve modeller nas\u0131l a\u00e7\u0131klanabilir? Bu sorular\u0131 yan\u0131tlamak i\u00e7in okullarda genellikle \u00f6\u011fretilmeyen bir matematik kullanmam\u0131z gerekir. Kat\u0131l\u0131mc\u0131lar bu programda sim\u00fclasyonlar, bulmacalar, bilgisayarlar ve Robert Kolej\u2019in Faralyal\u0131 Parkuru\u2019ndaki do\u011fa y\u00fcr\u00fcy\u00fc\u015fleri ile bu \u00f6nemli sorulara yan\u0131tlar arayacak, ve matemati\u011fin biyoloji ile ba\u011flant\u0131s\u0131n\u0131 \u00f6\u011frenecekler.<\/p>\n\n\n\n<p><strong>Andrew Tingleff<\/strong>&nbsp;Robert Kolej\u2019de, \u0130leri Matematik ve \u0130leri \u0130statistik dahil olmak \u00fczere 19 y\u0131ld\u0131r her seviye i\u00e7in matematik dersleri vermektedir. Tingleff Intel ile \u00f6zel projelerde \u00e7al\u0131\u015fm\u0131\u015f ve Amerika\u2019da bulunan DIMACS adl\u0131 ara\u015ft\u0131rma merkeziyle Biyo-matematik projeleri y\u00fcr\u00fctm\u00fc\u015ft\u00fcr. Tingleff ayn\u0131 zamanda Robert Kolej\u2019de uzun zamand\u0131r Macera Kul\u00fcb\u00fc dan\u0131\u015fmanl\u0131\u011f\u0131n\u0131 y\u00fcr\u00fct\u00fcyor.<\/p>\n<\/div>\n<\/div>\n\n\n\n<div class=\"wp-block-columns is-layout-flex wp-container-core-columns-is-layout-9d6595d7 wp-block-columns-is-layout-flex\">\n<div class=\"wp-block-column is-layout-flow wp-block-column-is-layout-flow\">\n<figure class=\"wp-block-image\"><img decoding=\"async\" src=\"https:\/\/lh6.googleusercontent.com\/uFM1bK6XrUIA7rAtJ2HFSiCDmmGy24TQuyw9PmX8h2WhOLMocS6RTt3fzpxReJaErRFU7BGE1r2NBmUfSxYP8cN2VVLG6lzrGmAdxdN5ziX_Q3NOv1cnsISjglSXmIa5nIbwaRld\" alt=\"\"\/><\/figure>\n\n\n\n<h3 class=\"wp-block-heading\">EKOLOJ\u0130K KA\u015e\u0130FLER<\/h3>\n\n\n\n<p>Kat\u0131l\u0131mc\u0131lar\u0131m\u0131z Ekolojik Ka\u015fifler program\u0131 ile bu yaz s\u0131n\u0131flardan \u00e7\u0131k\u0131p do\u011fan\u0131n derinliklerine dalacaklar! Yaz\u0131n b\u00fct\u00fcn g\u00fczelliklerini ve Robert Kolej kamp\u00fcs\u00fcn\u00fcn ye\u015filini sonuna kadar deneyimleyecek olan kat\u0131l\u0131mc\u0131lar\u0131m\u0131z bu program ile do\u011fa bilimleri \u00e7er\u00e7evesinde kalitatif ve kantitatif ara\u015ft\u0131rma yetenekleri edinecekler. Ka\u015fiflerimiz, ekolojik ara\u015ft\u0131rmalar\u0131n g\u00f6zlem yapma, veri toplama, deney tasarlama ve bulgular\u0131n raporlanmas\u0131 gibi prensiplerini \u00f6\u011frenip uygulama \u015fans\u0131 yakalayacaklar. Ekolojik Ke\u015fifler program\u0131n\u0131n hedefi kat\u0131l\u0131mc\u0131lara b\u00fct\u00fcnsel bir ekolojik g\u00f6r\u00fc\u015f kazand\u0131rarak, do\u011fan\u0131n incelenip korunmas\u0131n\u0131n \u00f6nemini a\u015f\u0131lamak ve ne denli muazzam bir senfoni oldu\u011funu g\u00f6zler \u00f6n\u00fcne sermek olacakt\u0131r. E\u011fer \u00e7ocuklar\u0131n\u0131z d\u00fcnyan\u0131n do\u011fal i\u015fleyi\u015fini merak ediyorsado\u011fal d\u00fcnyan\u0131n nas\u0131l d\u00f6nd\u00fc\u011f\u00fcn\u00fc d\u00fc\u015f\u00fcnd\u00fcyseniz, hi\u00e7 beklemeyin ve merak\u0131n\u0131z\u0131 bu program ile doyurun!<\/p>\n\n\n\n<p><strong>D\u00fcnya \u00d6nen<\/strong>, 2003\u2019te Robert Kolej\u2019den mezun olduktan sonra do\u011faya duydu\u011fu merak\u0131 takip ederek Amerika\u2019da Dartmouth College\u2019da Biyoloji ve \u00c7evre Bilimleri alan\u0131nda e\u011fitim g\u00f6rd\u00fc. Ara\u015ft\u0131rmaya ve maceraya duydu\u011fu sevgi onu Avustralya, Kostarika, Alaska ve Hawaii\u2019ye kadar g\u00f6t\u00fcrd\u00fc. 2010 y\u0131l\u0131nda \u0130stanbul\u2019a d\u00f6nd\u00fckten sonra, do\u011faya olan tutku ve heyecan\u0131n\u0131 ilkokul ve lise \u00f6\u011frencilerine Ekoloji \u00f6\u011freterek s\u00fcrd\u00fcrd\u00fc. O g\u00fcnden beri lise \u00f6\u011frencilerine Biyoloji dersleri vermeye devam eden Do\u011fa, Robert Kolej\u2019de Biyoloji \u00f6\u011fretmenli\u011fine devam ediyor.<\/p>\n<\/div>\n\n\n\n<div class=\"wp-block-column is-layout-flow wp-block-column-is-layout-flow\">\n<figure class=\"wp-block-image\"><img decoding=\"async\" src=\"https:\/\/lh6.googleusercontent.com\/jttB_7GLXlo3zVd9T0c1Pwxu0R8nF-rxl4GMr5lBh4-iX4CiCyXnB3lGl4jWFqvMYgSThN_5pwcllZXtgl9JAI69qqaeBMtrn2ZczfsZV5ifFKPrY-6aJO63U1tSirCQkDKz37nQ\" alt=\"\"\/><\/figure>\n\n\n\n<h3 class=\"wp-block-heading\">DRAMA &amp; PERFORMANS SER\u00dcVEN\u0130<\/h3>\n\n\n\n<p>Drama ve Performans Ser\u00fcveni \u00f6\u011frencileri hem geleneksel tiyatro hem de m\u00fczikal sahneleme ve icra etme becerileri \u00fczerinde \u00e7al\u0131\u015facaklar ve yeteneklerini geli\u015ftirecekler.Bu programda \u0130ngilizce tiyatro terimlerinin \u00f6\u011fretilmesinin yan\u0131 s\u0131ra oyunculuk ve koreografiye odaklan\u0131lacakt\u0131r. Kat\u0131l\u0131mc\u0131lar \u00fcnl\u00fc m\u00fczikal tiyatro standartlar\u0131n\u0131 \u00f6\u011frenme ve Shakespeare\u2019den modern eserlere kadar monologlar sergileme f\u0131rsat\u0131 bulacaklard\u0131r. Beden dili ve projeksiyon gibi temel performans becerilerinden, duyguyu bir kitleye etkili bir \u015fekilde aktarmaya ve izleyici kar\u015f\u0131s\u0131nda k\u0131sa sahnelerin sergilenmesine kadar ilerleyeceklerdir. Kat\u0131l\u0131mc\u0131lar yaln\u0131zca dramay\u0131 ke\u015ffetmekle kalmayacak, ayn\u0131 zamanda tek s\u0131n\u0131r\u0131n hayal g\u00fcc\u00fc oldu\u011fu destekleyici ve yarat\u0131c\u0131 bir ortamda e\u011flenceli aktiviteler ger\u00e7ekle\u015ftirecekler.<\/p>\n\n\n\n<p><strong>Caitlin Dunne<\/strong>&nbsp;aslen Massachusetts\u2019li olup New York The Bronx\u2019ta, 11 y\u0131l boyunca \u0130ngilizce, Drama ve M\u00fczik \u00f6\u011fretmenli\u011fi yapm\u0131\u015ft\u0131r. 2007\u2019de Fulbright bursuyla gitti\u011fi \u0130ngiltere\u2019de yurtd\u0131\u015f\u0131nda \u00f6\u011fretmenlik yapma deneyimi kazand\u0131. 2014 y\u0131l\u0131nda uluslararas\u0131 alana ge\u00e7i\u015f yapmaya karar verdi ve y\u0131l i\u00e7erisinde \u0130ngilizce \u00f6\u011fretmenli\u011fi yapt\u0131\u011f\u0131 Robert Kolej\u2019de ayn\u0131 zamanda Hamlin Oyuncular\u0131 M\u00fczikal Tiyatro performans kul\u00fcb\u00fcn\u00fc y\u00f6netmektedir.<\/p>\n<\/div>\n<\/div>\n\n\n\n<div class=\"wp-block-columns is-layout-flex wp-container-core-columns-is-layout-9d6595d7 wp-block-columns-is-layout-flex\">\n<div class=\"wp-block-column is-layout-flow wp-block-column-is-layout-flow\">\n<figure class=\"wp-block-image\"><img decoding=\"async\" src=\"https:\/\/lh5.googleusercontent.com\/X9Q_s1fnrVS8UXzU3NYZZcpQCNlPexZVvYdvZSb7pknp1OMqeZmdCCb-75_UDrfbj_32-GZvWncmgA311LIMJNaaQEoKzD5TrSHi0tnCWSOdAgP_VOysU8H7XkxCartBFpFbxbTF\" alt=\"\"\/><\/figure>\n\n\n\n<h3 class=\"wp-block-heading\">GLOBAL SORUNLAR, GLOBAL \u00c7\u00d6Z\u00dcMLER<\/h3>\n\n\n\n<p>D\u00fcnya tarihine ilginiz mi var? Haberleri okuyor, izliyor ve kendinizi, daha iyisini yapabiliriz derken mi buluyorsunuz? Ba\u015far\u0131l\u0131 bir konu\u015fmac\u0131 veya Birle\u015fmi\u015f Milletler temsilcisi mi olmak istiyorsunuz? Tarihi, politikay\u0131 ve uluslararas\u0131 ili\u015fkileri bir araya getirdi\u011fimiz bu programda, g\u00fcn\u00fcm\u00fcz\u00fcn problemlerine yarat\u0131c\u0131 \u00e7\u00f6z\u00fcmler ortaya koyup, bu fikirlerin ne derece etkili olabilece\u011fini tart\u0131\u015faca\u011f\u0131z. Program, d\u00fcnya tarihi ve g\u00fcndemdeki olaylar ile ilgili, \u0130ngilizce yetene\u011fini geli\u015ftirmek isteyen gen\u00e7 kat\u0131l\u0131mc\u0131lar\u0131m\u0131z\u0131n ilgisini \u00e7ekecektir. \u00d6zellikle Model Birle\u015fmi\u015f Milletler (MUN) program\u0131na ilgi duyan kat\u0131l\u0131mc\u0131lar ara\u015ft\u0131rma ve konu\u015fma\/tart\u0131\u015fma yeteneklerini geli\u015ftirme f\u0131rsat\u0131 bulacaklar.<\/p>\n\n\n\n<p><strong>\u00d6nemli Not :<\/strong>&nbsp;Kat\u0131l\u0131mc\u0131lar\u0131n d\u00f6nem boyunca her g\u00fcn bir diz\u00fcst\u00fc bilgisayar veya tablet getirmeleri gerekmektedir. Mecbur kal\u0131nd\u0131\u011f\u0131 takdirde ak\u0131ll\u0131 telefonlar da kullan\u0131labilir.<\/p>\n\n\n\n<p><strong>Francis van der Hoeven&nbsp;<\/strong>25 y\u0131l\u0131 a\u015fan bir s\u00fcredir Kanada, \u0130svi\u00e7re ve T\u00fcrkiye\u2019de ulusal ve uluslararas\u0131 okullarda \u0130ngilizce ve Tarih \u00f6\u011fretmenli\u011fi yapt\u0131. Orta okul ve lise seviyesinde Model UN program y\u00f6neticili\u011fini y\u00fcr\u00fctt\u00fc. Robert Kolej\u2019de \u0130ngilizce \u00f6\u011fretmenli\u011fi yan\u0131nda, RCMUN\u2019de dan\u0131\u015fmanl\u0131k yapmaktad\u0131r.<\/p>\n<\/div>\n\n\n\n<div class=\"wp-block-column is-layout-flow wp-block-column-is-layout-flow\">\n<figure class=\"wp-block-image\"><img decoding=\"async\" src=\"https:\/\/lh4.googleusercontent.com\/0nlyl3sNIWouq1jFJWguQCRN0nyUkxHiPe93JxDvZUlYDCsDDTuUQz1Fpx3e1AKEbPwO1nzXxtLUW1Vp2SulgjMWGDQ80-r573IHWyngwjU0NPl-2sjrNOHt8I6lu-wFgP6MqZom\" alt=\"\"\/><\/figure>\n\n\n\n<h3 class=\"wp-block-heading\">DRAMA D\u00dcNYASI<\/h3>\n\n\n\n<p>Bu programda kat\u0131l\u0131mc\u0131lar drama d\u00fcnyas\u0131n\u0131n farkl\u0131 \u00f6\u011feleri ile tan\u0131\u015facaklar: bedenin ve sesin kendini ifade arac\u0131 olarak kullan\u0131lmas\u0131, oyun ve tiyatro oyunlar\u0131, do\u011fa\u00e7lama, monolog, sahne \u00e7al\u0131\u015fmas\u0131 ve d\u00fczeni bunlardan baz\u0131lar\u0131. Bu programa kat\u0131lmak i\u00e7in tiyatro d\u00fcnyas\u0131n\u0131 merak etmeniz, fiziksel harekete ve hayal g\u00fcc\u00fcn\u00fcz\u00fc kullanmaya haz\u0131r olman\u0131z yeterlidir.<\/p>\n\n\n\n<p>Oyunculuk deneyimi aranmaz. Bu program tam oyunculu\u011fa merakl\u0131 ancak s\u0131n\u0131rl\u0131 deneyimi olan kat\u0131l\u0131mc\u0131lara g\u00f6re!<\/p>\n\n\n\n<p><strong>Jake Becker<\/strong>&nbsp;son alt\u0131 y\u0131ld\u0131r Robert Kolej\u2019de yarat\u0131c\u0131 sanatlar, modern drama dersleri ve RC Tiyatro Toplulu\u011fu\u2019nun y\u00fcr\u00fct\u00fcc\u00fcl\u00fc\u011f\u00fcn\u00fc yap\u0131yor. Daha \u00f6nce Amerika ve Japonya\u2019da \u00f6\u011fretmenlik yapan Becker son 18 y\u0131ld\u0131r T\u00fcrkiye\u2019de mesle\u011fini s\u00fcrd\u00fcr\u00fcyor. Mr. Becker ayr\u0131ca k\u0131zlar \u2018flag futbol\u2019, y\u00fczme ve beyzbol kul\u00fcplerine de dan\u0131\u015fmanl\u0131k yapt\u0131.<\/p>\n<\/div>\n<\/div>\n\n\n\n<div class=\"wp-block-columns is-layout-flex wp-container-core-columns-is-layout-9d6595d7 wp-block-columns-is-layout-flex\">\n<div class=\"wp-block-column is-layout-flow wp-block-column-is-layout-flow\">\n<figure class=\"wp-block-image\"><img decoding=\"async\" src=\"https:\/\/lh3.googleusercontent.com\/VC5sh3k_u7ASct4p0VI1VB56r2ePighxKGMwJIubzNt-RsWgfWNUdQ9MmnEbbBHrq4CcW6HVQOgr-M2gc-ckzAEgFCgsWqPxyGaEPTUqYqF4mqSJNkQoY9SVS1pdbGFpRlke8cK9\" alt=\"\"\/><\/figure>\n\n\n\n<h3 class=\"wp-block-heading\">RCS AKADEM\u0130 \u00c7OK SATANLAR&nbsp;<\/h3>\n\n\n\n<p>Gelece\u011fin Elif \u015eafak\u2019lar\u0131 Orhan Pamuk\u2019lar\u0131 olmay\u0131 ister miydiniz? \u00d6yleyse bu programtam size g\u00f6re! RCS \u00c7ok Satanlar program\u0131 \u00e7er\u00e7evesinde, kat\u0131l\u0131mc\u0131lar \u00e7e\u015fitli yarat\u0131c\u0131 yaz\u0131 t\u00fcrlerinde kendilerini nas\u0131l geli\u015ftirebileceklerini \u00f6\u011frenecekler. Program s\u00fcresince kat\u0131l\u0131mc\u0131lar, t\u00fcm d\u00fcnyadan romanlar\u0131, k\u0131sa hikayeleri, \u015fiirleri, oyunlar\u0131 ve \u00e7izgi romanlar\u0131 inceleyecek, bir yaz\u0131l\u0131 eseri neyin ola\u011fan\u00fcst\u00fc k\u0131ld\u0131\u011f\u0131n\u0131 g\u00f6recekler. Ard\u0131ndan deneyimleriyle kendi orijinal \u00e7al\u0131\u015fmalar\u0131n\u0131 yaratarak uygulama f\u0131rsat\u0131 bulacaklar. Kat\u0131l\u0131mc\u0131lar, en iyi eserlerini program sonunda bir antoloji olarak yay\u0131mlayacaklar! Yarat\u0131c\u0131l\u0131\u011f\u0131n\u0131 yeni bir seviyeye ta\u015f\u0131 ve RCS Akademi \u00c7ok Satanlar\u2019a kat\u0131l!<\/p>\n\n\n\n<p><strong>Marshall Hoovler<\/strong>&nbsp;on be\u015f y\u0131ld\u0131r e\u011fitim sekt\u00f6r\u00fcnde olmakla beraber Robert Kolej\u2019de yedi y\u0131ld\u0131r \u0130ngilizce \u00f6\u011fretmenli\u011fi yap\u0131yor. Verdi\u011fi L9 \u0130ngilizce, Modern Roman ve D\u00fcnya Edebiyat\u0131 derslerinin yan\u0131 s\u0131ra okulun Akademik Yaz\u0131m Merkezi\u2019nde de \u00fc\u00e7 y\u0131l g\u00f6rev ald\u0131. Klasik ve modern edebiyata olan ilgisi ve sahip oldu\u011fu 3,000 \u00e7izgi roman, onu gelecekteki en \u00e7ok satan eserleriniz i\u00e7in m\u00fckemmel bir okuyucu yapaca\u011f\u0131na inan\u0131yor.<\/p>\n<\/div>\n\n\n\n<div class=\"wp-block-column is-layout-flow wp-block-column-is-layout-flow\">\n<figure class=\"wp-block-image\"><img decoding=\"async\" src=\"https:\/\/lh3.googleusercontent.com\/4IyZOwyR6B2rEJmo-CQpLPyDi3DFR-OL5oRrmoSEeuVwyg4GSHjf4KTO73QNjoqBiCo49FkUdQF8mTOekqQhC6Y7NupAKV2w7zfLuytjsM4hVPe2ILU_S1CNZfNnqui2m0oC3jNF\" alt=\"\"\/><\/figure>\n\n\n\n<h3 class=\"wp-block-heading\">D\u0130J\u0130TAL M\u00dcZ\u0130K PROD\u00dcKS\u0130YONU<\/h3>\n\n\n\n<p>Elektronik m\u00fczik elli y\u0131ldan fazlad\u0131r devam eden deneysel akademik u\u011fra\u015ftan \u00e7\u0131karak ba\u015fl\u0131ca m\u00fczik y\u00f6ntemlerinden birine d\u00f6n\u00fc\u015ft\u00fc. Bu programda, kat\u0131l\u0131mc\u0131lar elektronik m\u00fczi\u011fin tarihinin \u00f6nemli k\u0131r\u0131lma noktalar\u0131n\u0131 ve k\u00f6\u015fe ta\u015flar\u0131n\u0131 ke\u015ffedecekler: Kraftwerk\u2019ten 80\u2019lerin elektronik pop\u2019una, ana ak\u0131m teknoya, Aphex Twin gibi ustalara ve son y\u0131llar\u0131n bilgisayar devrimine kadar\u2026 Kat\u0131l\u0131mc\u0131lar ayr\u0131ca elektronik m\u00fczi\u011fin basit ara\u00e7lar\u0131n\u0131, \u00f6rnekleyici c\u00fcmleyiciler, davul makinelerini, sintisayz\u0131rlar\u0131 ve efekt proses\u00f6rlerini g\u00fc\u00e7l\u00fc sim\u00fclat\u00f6rlerle \u00f6\u011frenecekler. \u015eark\u0131lar\u0131n temel yap\u0131lar\u0131n\u0131 \u00f6\u011frendikten sonra bu elektronik ara\u00e7lar\u0131 analiz ve \u201cremix\u201d yapmak i\u00e7in kullanacak, kendi \u015fark\u0131lar\u0131n\u0131 olu\u015fturacak ve yay\u0131nlayacaklar.<\/p>\n\n\n\n<p><strong>\u00d6nemli Not :<\/strong>&nbsp;Kat\u0131l\u0131mc\u0131lar\u0131n d\u00f6nem boyunca her g\u00fcn diz\u00fcst\u00fc bilgisayar ve kulakl\u0131k getirmeleri gerekmektedir.<\/p>\n\n\n\n<p><strong>Sean Vander Meulen<\/strong>&nbsp;(DJ Trogdor the Burninator olarak da bilinir) aslen Amerikal\u0131. Robert Kolej\u2019de fizik \u00f6\u011fretmeni olarak ikinci senesi. RC\u2019den \u00f6nce Asya, Afrika ve Latin Amerika\u2019da ya\u015fad\u0131 ve \u00f6\u011fretmenlik yapt\u0131. K\u00fc\u00e7\u00fck ya\u015flardan beri m\u00fczikle i\u00e7 i\u00e7e olan Meulen cazdan, popa ve metale de\u011fi\u015fen stillerde m\u00fczik yapan gruplarda davul \u00e7ald\u0131. Ba\u015fka bir tak\u0131m m\u00fczik aletleri daha \u00e7al\u0131yor, bir\u00e7o\u011funu amat\u00f6rce\u2026<\/p>\n<\/div>\n<\/div>\n\n\n\n<div class=\"wp-block-columns is-layout-flex wp-container-core-columns-is-layout-9d6595d7 wp-block-columns-is-layout-flex\">\n<div class=\"wp-block-column is-layout-flow wp-block-column-is-layout-flow\">\n<figure class=\"wp-block-image\"><img decoding=\"async\" src=\"https:\/\/lh4.googleusercontent.com\/3ukz8r8Cx1gO7PSTAs_4Pp5yr57uUoQ-iaL3QdNZiKjeKUJssVKJKeNSBMcbTT3mdvPqFtbQL_YP0hCEzpb_CDswP1ZZJVixkbqTSXfEmsxcnSStRzjFKmTVVtdaTDU5tYbk2CCb\" alt=\"\"\/><\/figure>\n\n\n\n<h3 class=\"wp-block-heading\">RCS AKADEM\u0130 \u2013 STEM<\/h3>\n\n\n\n<p>RCS Akademi STEM (Bilim, Teknoloji, M\u00fchendislik &amp; Matematik) aktiviteleri ile i\u00e7inizdeki bilim insan\u0131n\u0131 a\u00e7\u0131\u011fa \u00e7\u0131kar\u0131n! Bilimi \u00e7e\u015fitli deneylerle heyecan verici bir \u015fekilde ke\u015ffedin!<\/p>\n\n\n\n<p>Her seferinde yeni bir bilgi ile, olduk\u00e7a e\u011flenceli bir g\u00fcn\u00fc geride b\u0131rak\u0131p ertesi g\u00fcn i\u00e7in sab\u0131rs\u0131zlanacaks\u0131n\u0131z! STEM (Bilim, Teknoloji, M\u00fchendislik &amp; Matematik)\u2019le&nbsp; ilgili olmasan\u0131z bile, e\u011flence ve bilim dolu hat\u0131ralar i\u00e7in bize kat\u0131l\u0131n! Pi\u015fman olmayacaks\u0131n\u0131z!<\/p>\n\n\n\n<p>T\u00fcm bunlara ek olarak,&nbsp; yeteneklerinizi oynayarak ve \u00fcreterek uygulama f\u0131rsat\u0131 bulacaks\u0131n\u0131z. \u00c7ok e\u011flenecek ve -evde yapabilece\u011finiz- deneylerle bilimsel ke\u015fifler yapacaks\u0131n\u0131z.<\/p>\n\n\n\n<p>\u201cNeden?\u201d sorusuna yan\u0131t verebilmeyi seviyor ve istiyor musunuz? Bilim kendine \u00f6zg\u00fc evrensel bi dildir ve anca kendini i\u00e7inde kaybetti\u011fin zaman anlayabilir ve konu\u015fabilirsin.<\/p>\n\n\n\n<ul class=\"wp-block-list\">\n<li>Manyetik m\u0131s\u0131r gevre\u011fini ara\u015ft\u0131r\u0131n.<\/li>\n\n\n\n<li>Suyun \u015fa\u015f\u0131rt\u0131c\u0131 y\u00fcr\u00fcy\u00fc\u015f\u00fcn\u00fc g\u00f6zlemleyin.<\/li>\n\n\n\n<li>G\u00f6r\u00fcnmez kase ile e\u011flenin.<\/li>\n\n\n\n<li>Ata\u015f\u0131 dokunmadan hareket ettirin,.<\/li>\n\n\n\n<li>Sihirli f\u0131skiyenizi in\u015fa edin ve bir su roketi tasarlay\u0131n!<\/li>\n<\/ul>\n\n\n\n<p>Siz de heyecanland\u0131ysan\u0131z, gelin ve i\u00e7inizdeki bilim insan\u0131n\u0131 harekete ge\u00e7irin.<\/p>\n\n\n\n<p><strong>Ferdi Kaya<\/strong>&nbsp;bir Bo\u011fazi\u00e7i \u00dcniversitesi mezunu olmakla beraber Fizik \u00d6\u011fretmenli\u011fi ve Lise Matematik ve Fen Bilimleri e\u011fitimi alanlar\u0131nda birle\u015fik Lisans ve Lisans\u00fcst\u00fc programlar\u0131n\u0131 tamamlam\u0131\u015ft\u0131r. Lisansl\u0131 bir STEM e\u011fitmeni olan Kaya, iki kez lise \u00f6\u011frencilerine y\u00f6nelik olan ATIC (Abu Dhabi Technology investment company) STEM k\u0131\u015f akademilerinde g\u00f6rev ald\u0131.<\/p>\n<\/div>\n\n\n\n<div class=\"wp-block-column is-layout-flow wp-block-column-is-layout-flow\">\n<figure class=\"wp-block-image\"><img decoding=\"async\" src=\"https:\/\/lh4.googleusercontent.com\/bygRoz64EXJANs8rs4Puw0UBDnf0f1r38GR3UufV7EpJ3Idn80kwMVO_vGlIapXnM-_0J0cDdjCge5HbnjGePZmv-4TJkNilPHunxeTI_Lhv-6K2efLkRRfOf-SboReA-f6CCc0k\" alt=\"\"\/><\/figure>\n\n\n\n<h3 class=\"wp-block-heading\">SOSYAL G\u0130R\u0130\u015e\u0130MC\u0130L\u0130K<\/h3>\n\n\n\n<p>RCS Akademi Sosyal Giri\u015fimcilik program\u0131 gen\u00e7 kat\u0131l\u0131mc\u0131lar\u0131n okullar\u0131nda ve \u00e7evrelerinde olumlu bir sosyal de\u011fi\u015fim yaratmalar\u0131 i\u00e7in tasar\u0131m odakl\u0131 d\u00fc\u015f\u00fcnme becerilerini geli\u015ftirmeyi ama\u00e7l\u0131yor. Kat\u0131l\u0131mc\u0131lar\u0131m\u0131z, sosyal giri\u015fimcili\u011fin, sosyal inovasyonun ve BM S\u00fcrd\u00fcr\u00fclebilir Kalk\u0131nma Hedeflerinin b\u00fcnyesinde kullan\u0131lan terminolojiyi tan\u0131yacak, tak\u0131mlar halinde \u00e7al\u0131\u015farak bir sosyal problemi tespit etmeye, tan\u0131mlamaya ve \u00e7\u00f6zmeye davet edilecekler. Robert Kolej\u2019de bu dersi alan \u00f6\u011frenciler bir akran dan\u0131\u015fmanl\u0131k program\u0131 geli\u015ftirdiler, bir \u201cmurder mystery\u201d gecesi, bir TEDx etkinli\u011fi ve bir de Bilkent Laboratuvar Okullar\u0131 ile ortak bir giri\u015fimcilik de\u011fi\u015fim program\u0131 d\u00fczenlediler. Farkl\u0131 \u015fehirlerdeki devlet okullar\u0131nda sosyal giri\u015fimcilik at\u00f6lyeleri organize ettiler, Ayr\u0131ca Harvard \u00dcniversitesi Sosyal \u0130novasyon \u0130\u015fbirli\u011fi taraf\u0131ndan d\u00fczenlenen \u201cVillage to Raise a Child\u201d Sosyal Giri\u015fimcilik Yar\u0131\u015fmas\u0131\u2019nda Suriyeli g\u00f6\u00e7menler i\u00e7in olu\u015fturduklar\u0131 online i\u015f bulma platformu projesi ile finale kald\u0131lar. \u0130nsanlarla vakit ge\u00e7irmek, onlar\u0131n hikayelerini dinlemek ilginizi \u00e7ekiyorsa, topluluk olu\u015fturmay\u0131, problem \u00e7\u00f6zmeyi ve \u00e7evrenizdeki toplumsal problemler i\u00e7in proje ve \u00e7\u00f6z\u00fcm \u00fcretmeyi seviyorsan\u0131z, bu program tam size g\u00f6re!<\/p>\n\n\n\n<p><strong>\u00d6nemli Not :<\/strong>&nbsp;Kat\u0131l\u0131mc\u0131lar\u0131n her g\u00fcn programa laptoplar\u0131n\u0131 getirmeleri gerekmektedir. Materyal haz\u0131rlamak ve payla\u015fmak i\u00e7in Google Docs kullan\u0131lacakt\u0131r. L\u00fctfen G-mail hesab\u0131n\u0131z oldu\u011fundan emin olun!<\/p>\n\n\n\n<p><strong>Aybike O\u011fuz<\/strong>&nbsp;kendisini gen\u00e7lerin kendilerini bulma yolunda yanlar\u0131nda olan bir \u00f6\u011fretmen olarak tarif etmektedir. E\u011fitim alan\u0131nda 17 y\u0131ld\u0131r g\u00f6rev yapan O\u011fuz, ge\u00e7ti\u011fimiz son yedi y\u0131l i\u00e7erisinde, verdi\u011fi \u0130ngilizce derslerinde, Robert Kolej Sosyal Giri\u015fimcilik Kul\u00fcb\u00fcnde, WINPEACE (Women\u2019s Initiative in Peace) gibi gen\u00e7lik kamplar\u0131nda, yurtd\u0131\u015f\u0131nda ve T\u00fcrkiye\u2019nin farkl\u0131 \u015fehirlerinde lise \u00f6\u011frencilerini desteklemek ve \u00e7evrelerinde pozitif bir sosyal de\u011fi\u015fim olu\u015fturmalar\u0131n\u0131 sa\u011flamak ad\u0131na, fark yaratma, sosyal giri\u015fimcilik ve sosyal inovasyon tekniklerini \u00f6\u011fretmektedir. Sosyal giri\u015fimcilik e\u011fitiminin bar\u0131\u015f e\u011fitimi gen\u00e7lik kamp\u0131na entegrasyonu \u00fczerine International School Magazine\u2019de yay\u0131nlanmak \u00fczere bir at\u00f6lye raporuna ve Ashoka T\u00fcrkiye ile T\u00fcrkiye\u2019de \u00fcniversite \u00f6\u011frencilerine sosyal giri\u015fimcili\u011fi tan\u0131tan bir \u00e7al\u0131\u015fma kitab\u0131na e\u015f-yazarl\u0131k yapt\u0131.<\/p>\n<\/div>\n<\/div>\n\n\n\n<div class=\"wp-block-columns is-layout-flex wp-container-core-columns-is-layout-9d6595d7 wp-block-columns-is-layout-flex\">\n<div class=\"wp-block-column is-layout-flow wp-block-column-is-layout-flow\">\n<figure class=\"wp-block-image\"><img decoding=\"async\" src=\"https:\/\/lh3.googleusercontent.com\/oPohd5ySkbm7pKYn8TWYAvPeeXDAjmDv35ph824jh-I0bzGUAAcBLH4qGKMYshx8kHXsGEzoDLxwtUxVSVCg6nICA0erU38njz8RAv01FMRSwt3fLRc1VCGB_3HqTxOwhnueP5-1\" alt=\"\"\/><\/figure>\n\n\n\n<h3 class=\"wp-block-heading\">JAVA \u0130LE B\u0130LG\u0130SAYAR B\u0130L\u0130M\u0130NE G\u0130R\u0130\u015e<\/h3>\n\n\n\n<p>Bilgisayar Bilimi programlanabilir makineler kullanarak problem \u00e7\u00f6zme sanat\u0131d\u0131r. Java sekt\u00f6r\u00fcn genelinde kullan\u0131lan en pop\u00fcler ve \u00e7ok y\u00f6nl\u00fc programlama dillerinden biri olman\u0131n yan\u0131nda, ayn\u0131 zamanda AP m\u00fcfredat\u0131nda da kabul g\u00f6rmektedir. Bu giri\u015f seviyesi program, kodlama konusunda \u00e7ok fazla bilgisi ve ge\u00e7mi\u015fi olmayan ancak \u00fcniversiteye ba\u015flamadan \u00f6nce bu alan\u0131 ke\u015ffetmek isteyen kat\u0131l\u0131mc\u0131lara y\u00f6nelik olarak tasarland\u0131. Stanford Courses\u2019tan yola \u00e7\u0131karak haz\u0131rlanan program i\u00e7eri\u011fi h\u0131zl\u0131, ders i\u00e7i ve sonras\u0131 pratikler ile dopdolu; b\u00f6ylece kat\u0131l\u0131mc\u0131lar \u00f6nemli konseptleri uygulamal\u0131 olarak s\u0131kl\u0131kla pratik etme imkan\u0131 yakalayacaklar.<\/p>\n\n\n\n<p><strong>Onur \u00dcnver<\/strong>&nbsp;Richmond \u00dcniversitesi\u2019nden&nbsp;Bilgisayar Bilimi&nbsp;diplomas\u0131 ile mezun olduktan sonra Y\u00fcksek Lisans\u2019\u0131n\u0131 T\u00fcrkiye\u2019de K\u00fclt\u00fcrel \u00c7al\u0131\u015fmalar alan\u0131nda tamamlad\u0131. O zamandan beri Robert Kolej\u2019de \u00e7al\u0131\u015fmakta, 6 y\u0131ld\u0131r \u00dcniversite Dan\u0131\u015fman\u0131 olarak y\u00fczlerce \u00f6\u011frenciye d\u00fcnyan\u0131n \u00e7e\u015fitli yerlerinde harika \u00fcniversitelere girmeleri i\u00e7in haz\u0131rl\u0131klar\u0131nda yard\u0131m etmekte. Ayn\u0131 zamanda ba\u015far\u0131l\u0131 bir NGO olan ve binlerce \u00f6\u011frenci ve yeti\u015fkine yaz\u0131l\u0131m geli\u015ftirme alan\u0131nda e\u011fitim veren \u2018Kodluyoruz\u2019un da kurucular\u0131ndan biri ve&nbsp;bir\u00e7ok hobisi ve ilgi alan\u0131 olan bir gezgin.<\/p>\n<\/div>\n\n\n\n<div class=\"wp-block-column is-layout-flow wp-block-column-is-layout-flow\">\n<figure class=\"wp-block-image\"><img decoding=\"async\" src=\"https:\/\/lh3.googleusercontent.com\/-qFHzXBml9ZmPGDRphhzdJfg3Rxdt2JMF3_ZGD_2Oe92cK3YYMtjyfOe9RDviJEDnY40xsyycyVrpVwN9ZPaxUpeU_BYky9PKyYUFYyGoc7G6SaqpPQjY47gfpnriyo0zCa4jMWl\" alt=\"\"\/><\/figure>\n\n\n\n<h3 class=\"wp-block-heading\">YAYINCILIK AKADEM\u0130S\u0130<\/h3>\n\n\n\n<p>Podcast art\u0131k sadece radyo yay\u0131nc\u0131lar\u0131n\u0131n tekelinde olmaktan \u00e7\u0131kt\u0131! Bug\u00fcnlerde farkl\u0131 gruplardan pek \u00e7ok ki\u015fi yay\u0131n yap\u0131yor! Neden dersiniz?<br>Kendi \u201csesinizi bulmak\u201d, hikaye ve bilgi payla\u015f\u0131m\u0131, sizler ve ba\u015fkalar\u0131 i\u00e7in \u00f6nemli olan yeni meseleri ve fikirleri ke\u015ffetmek i\u00e7in harika bir ortam. Neden denemeyeseniz?<\/p>\n\n\n\n<p>Bu programda kat\u0131l\u0131mc\u0131lar;<\/p>\n\n\n\n<ul class=\"wp-block-list\">\n<li>Farkl\u0131 bir\u00e7ok yay\u0131n dinleyecek ve kendilerini ifade etme, deneyim ve bilgilerini aktarma olana\u011f\u0131 bulacak,Kendileri i\u00e7in \u00f6nemli olan sorunlar\u0131 ve fikirleri tan\u0131mlay\u0131p, yay\u0131nlar\u0131n\u0131dinleyiciye aktarabilecek<\/li>\n\n\n\n<li>Podcast \u00fcretme ve y\u00f6netme s\u00fcre\u00e7lerini tan\u0131mlayabilecek,<\/li>\n\n\n\n<li>Yay\u0131n metni\/ak\u0131\u015f\u0131 planlamay\u0131 ve geli\u015ftirmeyi \u00f6\u011frenecek,<\/li>\n\n\n\n<li>Seslerini nas\u0131l etkin bir bi\u00e7imde kullanabileceklerini ve r\u00f6portaj tekniklerini \u00f6\u011frenecek, yay\u0131n s\u0131ras\u0131nda ihtiya\u00e7 duyulan mikrofon ve kay\u0131t tekniklerine a\u015fina olacak,<\/li>\n\n\n\n<li>Orjinal bir podcast b\u00f6l\u00fcm\u00fc olu\u015fturmak i\u00e7in akranlar\u0131 ile i\u015fbirli\u011fi yapacaklar.<\/li>\n<\/ul>\n\n\n\n<p>D\u00fcnya sizi duymak i\u00e7in sab\u0131rs\u0131zlan\u0131yor!<\/p>\n\n\n\n<p>Aslen Kaliforniya\u2019l\u0131 olan&nbsp;<strong>Kathryn Bourgeois<\/strong>, son 25 y\u0131ld\u0131r T\u00fcrkiye\u2019de ya\u015famas\u0131na ra\u011fmen iyi bir T\u00fcrk Kahvesi pi\u015firememekten \u015fikayet\u00e7i. Scripps College\u2019da ald\u0131\u011f\u0131 Antropoloji e\u011fitiminin ard\u0131ndan, Bilgi \u00dcniversitesi\u2019nde Sosyal Projeler ve STK Y\u00f6netimi alan\u0131nda y\u00fcksek lisans\u0131n\u0131 tamamlayan Kathryn, 18 y\u0131ld\u0131r uluslararas\u0131 e\u011fitim alan\u0131nda \u00e7al\u0131\u015f\u0131yor. Daha \u00f6nce Ko\u00e7 \u00dcniversitesi ve Orta Do\u011fu Teknik \u00dcniversitesi\u2019nde yer alan Amerikal\u0131 \u00fcniversite \u00f6\u011frencilerinin yurtd\u0131\u015f\u0131nda e\u011fitim programlar\u0131n\u0131 y\u00f6netti. Amerika\u2019da Yunanistan\u2019da ve T\u00fcrkiye\u2019de \u0130ngilizce e\u011fitimi verdi. \u015eimdi ise; Robert Kolej Topluma Hizmet Projeleri departman\u0131nda dan\u0131\u015fman olarak g\u00f6rev yapan Bourgeois, \u00f6\u011frencilerin projelerini geli\u015ftirmelerine ve uygulamalar\u0131na destek oluyor.<\/p>\n<\/div>\n<\/div>\n\n\n\n<div class=\"wp-block-columns is-layout-flex wp-container-core-columns-is-layout-9d6595d7 wp-block-columns-is-layout-flex\">\n<div class=\"wp-block-column is-layout-flow wp-block-column-is-layout-flow\">\n<figure class=\"wp-block-image\"><img decoding=\"async\" src=\"https:\/\/lh3.googleusercontent.com\/jc9LeDk3Qd5N9ancbCFoHcWxbVEaa11qgMhCA4CR5nn-ETa-723icMj7KefKx6hY5oRUd20xv3cjtREAl9iS_-3CUApV5oLbY0Rb-bNdjJh-BE3z2JlIncTaFwe6-H_V7LptLXfJ\" alt=\"\"\/><\/figure>\n\n\n\n<h3 class=\"wp-block-heading\">GRENL\u0130 G\u00dcNLER \u2013 S\u0130NEMA TAR\u0130H\u0130NE HIZLI B\u0130R G\u0130R\u0130\u015e &amp; UYGULAMALI F\u0130LM YAPIMI<\/h3>\n\n\n\n<p>Bu programa kat\u0131lmadan \u00f6nce bile y\u00fczlerce video \u00e7ekti\u011finize eminiz. \u0130nsta-hikayeleri kaydettiniz, snapleri \u2018y\u00f6nettiniz\u2019, hatta baz\u0131lar\u0131n\u0131z YouTube\u2019da \u2018canl\u0131 yay\u0131n\u2019 yapt\u0131n\u0131z. Harika, yolu yar\u0131lad\u0131n\u0131z bile! Geri kalan yar\u0131m i\u00e7in ise, Grenli G\u00fcnlere davetlisiniz!<\/p>\n\n\n\n<p>Her g\u00fcne k\u0131sa bir sinema tarihi anlat\u0131m\u0131 ile ba\u015flayaca\u011f\u0131z. Her \u015feyin salt resime dayand\u0131\u011f\u0131 bir zaman diliminde, \u2018ses\u2019 ve \u2018renk\u2019 olmaks\u0131z\u0131n t\u00fcm bunlar\u0131n nas\u0131l ba\u015flad\u0131\u011f\u0131n\u0131 g\u00f6rece\u011fiz. Sonras\u0131nda s\u0131ras\u0131yla \u00f6nce \u2018ses\u2019in bu resmin i\u00e7ine dahil olmas\u0131yla ne gibi etkileri oldu\u011funu, ard\u0131ndan da \u2018renkli film\u2019in ke\u015ffiyle sineman\u0131n nas\u0131l bug\u00fcnk\u00fc modern haline evrildi\u011fini inceleyece\u011fiz. Bu s\u00fcre\u00e7 boyunca sinema tarihine y\u00f6n vermi\u015f bir\u00e7ok \u00f6nemli insanla da tan\u0131\u015faca\u011f\u0131z elbette; Chaplin, Keaton, Eisenstein, Kuleshov, Vigo, Ford, Hitchcock, Scorsese\u2026<\/p>\n\n\n\n<p>Program\u0131n ikinci yar\u0131s\u0131nda ise film yap\u0131m\u0131na odaklanaca\u011f\u0131z. Kat\u0131l\u0131mc\u0131lar ilk hafta film yap\u0131m\u0131n\u0131n temellerini \u00f6\u011frenecek. Nas\u0131l senaryo yaz\u0131l\u0131r? Set ortam\u0131ndaki kime ne g\u00f6revi d\u00fc\u015fer? Kurgu nas\u0131l yap\u0131l\u0131r? Kameran\u0131n elementleri nelerdir ve hikayemizi anlatmak i\u00e7in bu elementleri nas\u0131l kullan\u0131r\u0131z? T\u00fcm bu sorular\u0131n cevaplar\u0131n\u0131 buldu\u011fumuzda ise k\u00fc\u00e7\u00fck gruplar olu\u015fturacak ve ikinci hafta birer k\u0131sa film \u00e7ekece\u011fiz. Birlikte yazacak, prova yapacak ve kurgulayaca\u011f\u0131z; ve emin olun t\u00fcm bunlar\u0131 yaparken \u00e7ok e\u011flenecek, \u00e7ok pratik yapacak ve \u00e7ok g\u00fczel an\u0131lar biriktirece\u011fiz!<\/p>\n\n\n\n<p><strong>Ozan Yoleri<\/strong>, Robert Kolejden mezun olduktan sonra Bo\u011fazi\u00e7i \u00dcniversitesi \u0130\u015fletme B\u00f6l\u00fcm\u00fc\u2019n\u00fc ve Film Sertifika Program\u0131\u2019n\u0131 tamamlad\u0131. Ozan ayn\u0131 zamanda \u0130stanbul\u2019da bulunan bir yap\u0131m \u015firketi olan Vigo Film\u2019in kurucu ortaklar\u0131ndan. Son k\u0131sa filmi Aylin (2019), 25. Palm Springs K\u0131sa Film Festivali\u2019nde a\u00e7\u0131l\u0131\u015f\u0131n\u0131 yapt\u0131ktan sonra 56. Antalya Alt\u0131n Portakal Film Festivali\u2019nde J\u00fcri \u00d6zel \u00d6d\u00fcl\u00fc\u2019ne lay\u0131k g\u00f6r\u00fcld\u00fc. \u015eu anda ilk uzun metrajl\u0131 projesi olan \u2018G\u00fczel Bir Gece\u2019 \u00fczerinde \u00e7al\u0131\u015fmaktad\u0131r.<\/p>\n<\/div>\n\n\n\n<div class=\"wp-block-column is-layout-flow wp-block-column-is-layout-flow\">\n<figure class=\"wp-block-image\"><img decoding=\"async\" src=\"https:\/\/lh3.googleusercontent.com\/90Wvuy1-_wIPFaJBbQpewbCsOWzUbs9oAZ4eQ25VXLBxV9YuPmy6GT94whWQj1Bo8tVcfc6CT4E668SVGa55AFE8z6qnGwBhgAw6JXSxQLERJUl2fEYGAS0MO7EARnRmB1UULfZP\" alt=\"\"\/><\/figure>\n\n\n\n<h3 class=\"wp-block-heading\">OYUN TASARIMI &amp; 3D BASKI TEKN\u0130KLER\u0130<\/h3>\n\n\n\n<p>Programlama ve 3D obje tasar\u0131m\u0131 yapmay\u0131 \u00f6\u011frenmek istiyor fakat nereden ba\u015flaman\u0131z gerekti\u011fi konusunda emin de\u011fil misiniz? Bu program sizler i\u00e7in! Bu programda kendiniz ve arkada\u015flar\u0131n\u0131z\u0131n da oynayabilece\u011fi bir oyun geli\u015ftirebileceksiniz! Kat\u0131l\u0131mc\u0131lar,&nbsp;<em>Scratch*<\/em>&nbsp;ile kodlamadan \u00f6nce farkl\u0131 par\u00e7alar\u0131n\u0131 planlayacak.<\/p>\n\n\n\n<p><em>*Scratch<\/em>, interaktif hikayelerin, oyunlar\u0131n ve animasyonlar\u0131n olu\u015fturulmas\u0131n\u0131 e\u011flenceli k\u0131lan bir programlama dilidir.<\/p>\n\n\n\n<p>Oyun projemizi bitirmemizin ard\u0131ndan, kat\u0131l\u0131mc\u0131lar\u0131m\u0131z 3D obje tasar\u0131m\u0131na&nbsp;<em>TinkerCAD<\/em>&nbsp;ile ad\u0131m atacaklar. Basit bir online 3D tasar\u0131m ve bask\u0131 yaz\u0131l\u0131m\u0131 olan Tinkercad, tasar\u0131mc\u0131lar, hobi kullan\u0131c\u0131lar\u0131, \u00f6\u011fretmenler ve \u00e7ocuklar taraf\u0131ndan oyuncak, dekoratif obje, Minecraft modelleri, tak\u0131 ve prototip \u00fcretimi gibi ama\u00e7lar i\u00e7in kullan\u0131lmaktad\u0131r. Kat\u0131l\u0131mc\u0131lar\u0131m\u0131z bu yaz\u0131l\u0131m\u0131 kullanmay\u0131 \u00f6\u011frendikten sonra, oyun logolar\u0131n\u0131, maskotlar\u0131n\u0131 ya da oyunlar\u0131ndan herhangi bir modeli basma \u015fans\u0131 yakalayacaklar!<\/p>\n\n\n\n<p>Son olarak ise uygulama tasar\u0131m\u0131! Yaln\u0131zca bir bilgisayara ve yarat\u0131c\u0131l\u0131\u011f\u0131n\u0131za ihtiya\u00e7 duyaca\u011f\u0131n\u0131z bu a\u015famada,&nbsp;<em>Thunkable<\/em>&nbsp;platformunu \u00f6\u011frenecek ve uygulaman\u0131z\u0131 tasarlay\u0131p geli\u015ftireceksiniz! G\u00f6rsel programlaman\u0131n kullan\u0131ld\u0131\u011f\u0131 bir platform olmas\u0131 sebebiyle&nbsp;<em>Thunkable<\/em>&nbsp;ile uygulaman\u0131z\u0131 geli\u015ftirirken herhangi bir programlama bilginizin olmas\u0131 gerekmez!<\/p>\n\n\n\n<p>Bu programla art\u0131k gelenekselle\u015fen bi\u00e7imde kodlamay\u0131 \u00f6\u011frenmek yerine, uygulamalar\u0131n bir yaz\u0131l\u0131mc\u0131 g\u00f6z\u00fcnden nas\u0131l tasarland\u0131\u011f\u0131n\u0131 g\u00f6rebileceksiniz. Bizimle birlikte platformu kullanmay\u0131 \u00f6\u011frenecek ve ilk uygulaman\u0131z\u0131 geli\u015ftireceksiniz!<\/p>\n\n\n\n<p><strong>Muhammet Ertu\u011frul&nbsp;<\/strong>Robert Kolej\u2019de Bilgisayar \u00d6\u011fretmenli\u011finin yan\u0131 s\u0131ra programlama dersleri de veriyor. \u00d6ncelikli ilgi alanlar\u0131 aras\u0131nda oyun tasar\u0131m\u0131, 3D modelleme ve Maker hareketi bulunmaktad\u0131r.<\/p>\n<\/div>\n<\/div>\n\n\n\n<div class=\"wp-block-columns is-layout-flex wp-container-core-columns-is-layout-9d6595d7 wp-block-columns-is-layout-flex\">\n<div class=\"wp-block-column is-layout-flow wp-block-column-is-layout-flow\">\n<figure class=\"wp-block-image\"><img decoding=\"async\" src=\"https:\/\/lh6.googleusercontent.com\/WTD9y-kJArYjY2w_oDT0fjiHptq3fLsR4pET8kEBED5JTlPW2fuNeAHNg2UVItfJUtunMKf-UMr77DP7M0a-awANcjNfd-couxdhvhHzw83Vb8P3smbRsIAhe7lWF_ssXpIRIRjF\" alt=\"\"\/><\/figure>\n\n\n\n<h3 class=\"wp-block-heading\">FIRINLAMA &amp; P\u0130\u015e\u0130RME AKADEM\u0130S\u0130<\/h3>\n\n\n\n<p>Mutfa\u011f\u0131n\u0131zda \u00e7al\u0131\u015fmaktan keyif al\u0131yorsan\u0131z veya yeni bir ilgi alan\u0131 ar\u0131yorsan\u0131z, iki haftal\u0131k F\u0131r\u0131nlama ve Pi\u015firme Akademisi program\u0131 sayesinde de\u011ferli bir beceri edinebilirsiniz. Arkada\u015flar\u0131n\u0131z ve aileniz ile yapt\u0131\u011f\u0131n\u0131z yemekleri ve tarifleri payla\u015fman\u0131n keyfini \u2018tadacaks\u0131n\u0131z\u2019. Bu iki haftal\u0131k d\u00f6nemde yapaca\u011f\u0131n\u0131z T\u00fcrk ve yabanc\u0131 mutfaklara ait \u00e7ok say\u0131da yeme\u011fi repertuar\u0131n\u0131za katacak, sonras\u0131nda gurur duyabilece\u011finiz lezzetler ortaya koyacaks\u0131n\u0131z. B\u00fct\u00fcn bunlar\u0131 yaparken, bir yemek blo\u011fu olu\u015fturarak \u0130ngilizce yazma ve konu\u015fma becerilerinizi geli\u015ftireceksiniz.<\/p>\n\n\n\n<p>Program s\u00fcresince izleyece\u011finiz ad\u0131mlardan baz\u0131lar\u0131,<\/p>\n\n\n\n<ul class=\"wp-block-list\">\n<li>Ertesi g\u00fcne haz\u0131rl\u0131k i\u00e7in al\u0131\u015fveri\u015f<\/li>\n\n\n\n<li>F\u0131r\u0131nlama ve pi\u015firme y\u00f6ntemlerini deneyimleme<\/li>\n\n\n\n<li>Temizleme<\/li>\n\n\n\n<li>Yemek Yeme ve Payla\u015fma Keyfi<\/li>\n\n\n\n<li>Program g\u00fcnl\u00fc\u011f\u00fc ve de\u011ferlendirme.<\/li>\n<\/ul>\n\n\n\n<p><strong>Ms. Eren<\/strong>&nbsp;(Ms. Muffin olarak da bilinmektedir.) Robert Kolej\u2019de 2007\u2019den beri \u0130ngilizce \u00f6\u011fretmenli\u011fi yapmaktad\u0131r. Yemek pi\u015firmeye ve f\u0131r\u0131nda yeni \u015feyler denemeye olan sevgisini kat\u0131l\u0131mc\u0131lar\u0131m\u0131z ile bu programda payla\u015facak! Ms. Muffin\u2019in asistan\u0131, 3 ya\u015f\u0131ndaki o\u011flu ile de yemek yaparken kar\u015f\u0131la\u015fman\u0131z olas\u0131. Lise haz\u0131rl\u0131k seviyesinde \u0130ngilizce dersleri veren R. \u0130rem Eren-Szczesiak, Robert Kolej\u2019de 2007\u2019den beri ayn\u0131 zamanda teknoloji ment\u00f6rl\u00fc\u011f\u00fc ve Lise Haz\u0131rl\u0131k koordinat\u00f6rl\u00fc\u011f\u00fc yapm\u0131\u015f, \u00e7e\u015fitli kul\u00fcplerde ve topluma hizmet projelerinde dan\u0131\u015fman olarak g\u00f6rev alm\u0131\u015ft\u0131r. Bo\u011fazi\u00e7i \u00dcniversitesi, \u0130ngilizce \u00d6\u011fretmenli\u011fi program\u0131n\u0131n ard\u0131ndan master e\u011fitimini Kolombiya \u00dcniversitesinde \u00d6zel Okul Liderli\u011fi alan\u0131nda tamamlam\u0131\u015ft\u0131r.<\/p>\n<\/div>\n\n\n\n<div class=\"wp-block-column is-layout-flow wp-block-column-is-layout-flow\">\n<figure class=\"wp-block-image\"><img decoding=\"async\" src=\"https:\/\/lh3.googleusercontent.com\/OHN2gvXWeA7rBLKOnawV-vzyaCxRVCXTvaJbgSPx7Xyd3mI_rU4XCA_2VifBep2GDAldJyhqHFNYqBNdLpYxeepYNxH6e_5p5qw6gGk3aF48jIAEk-RgXItMzhKeV0kE_rqiLQXE\" alt=\"\"\/><\/figure>\n\n\n\n<h3 class=\"wp-block-heading\">KAHRAMANIN YOLCULU\u011eU \u2013 B\u0130R F\u0130LM &amp; H\u0130KAYE \u00c7ALI\u015eMASI<\/h3>\n\n\n\n<p>Harry Potter\u2019\u0131n yerinde olmak nas\u0131l olur hi\u00e7 d\u00fc\u015f\u00fcnd\u00fcn m\u00fc? Ya da Katniss Everdeen? Bu iki kahraman aras\u0131ndaki ba\u011flant\u0131y\u0131 fark ettin mi? Ya da Luke Skywalker ve Neo aras\u0131nda? Bu programda, \u00f6\u011frenciler Joseph Campbell\u2019in The Hero With a Thousand Faces kitab\u0131nda tan\u0131mlad\u0131\u011f\u0131 Kahraman Prototipi \u0130le tan\u0131\u015ft\u0131r\u0131lacaklar. \u00d6\u011frenciler, bu prototipi k\u0131sa hikayeler, k\u0131sa filmler ve uzun metrajl\u0131 filmler arac\u0131l\u0131\u011f\u0131yla ke\u015ffedecekler. Bunun yan\u0131 s\u0131ra, \u00f6\u011frenciler kendi Kahraman\u0131n Yolculu\u011fu hikayelerini yazacaklar. Bu program 13, 14 ve 15 ya\u015f\u0131ndaki \u00f6\u011frenciler i\u00e7in tasarlanm\u0131\u015ft\u0131r.<\/p>\n\n\n\n<p><strong>Allison Finn<\/strong>, 20 y\u0131ld\u0131r retorik ve dil \u00f6\u011fretmenli\u011fi yap\u0131yor. \u00d6\u011frenmeyi \u00e7ok seven Finn, \u00f6\u011fretmenli\u011fin en g\u00fczel y\u00f6n\u00fcn\u00fcn, s\u00fcrekli entelekt\u00fcel sohbetlere kat\u0131larak ya\u015fam boyu \u00f6\u011frenci kalabilmek oldu\u011funa inan\u0131yor. Finn, Robert Kolej\u2019de 4 y\u0131l \u0130ngilizce B\u00f6l\u00fcm Ba\u015fkan Yard\u0131mc\u0131l\u0131\u011f\u0131ndan sonra, \u015fu anda E\u011fitim Ara\u015ft\u0131rmalar\u0131 Koordinat\u00f6r\u00fc olarak g\u00f6revine devam etmektedir.<\/p>\n<\/div>\n<\/div>\n\n\n\n<div class=\"wp-block-columns is-layout-flex wp-container-core-columns-is-layout-9d6595d7 wp-block-columns-is-layout-flex\">\n<div class=\"wp-block-column is-layout-flow wp-block-column-is-layout-flow\">\n<figure class=\"wp-block-image\"><img decoding=\"async\" src=\"https:\/\/lh6.googleusercontent.com\/Uvkwp9XHd6Raq7tXI77liO0TcQvsoc7XvYDqzK1c6uDlXqR8PnYuzbPKup0aPxJ61BqPvf6Gz7n8T9rnKJJlI80A3qlKA6dHMwXoV0D2JQLQ8a3NevT6g6nmbLUAFtptNFoBA1TQ\" alt=\"\"\/><\/figure>\n\n\n\n<h3 class=\"wp-block-heading\">DENEYSEL SANAT: TEOR\u0130 &amp; PRAT\u0130K<\/h3>\n\n\n\n<p>D\u00fcnyada sanat olmayan ve olamayacak ne var ki! Herkes taraf\u0131ndan kabul g\u00f6ren sanat anlay\u0131\u015f\u0131 d\u0131\u015f\u0131na \u00e7\u0131kan eserlere mi ilgi duyuyorsunuz? Kal\u0131plar\u0131n &nbsp;d\u0131\u015f\u0131nda m\u0131 d\u00fc\u015f\u00fcn\u00fcyorsunuz? Cam, akrilik, k\u00f6m\u00fcr ve kolaj; farkl\u0131 materyalleri tecr\u00fcbe etmek ister miydiniz? O zaman iki hafta Dada\u2019n\u0131n Ruhu\u2019na g\u00f6re hareket edin ve sanat i\u00e7in sanat yap\u0131n!<\/p>\n\n\n\n<p>Bu programda iki hafta s\u00fcresince, Dadaist ve S\u00fcrrealist sanat\u00e7\u0131lar\u0131n \u00fcrettikleri i\u015flerle kimlik kavram\u0131n\u0131 nas\u0131l inceleyip sorgulad\u0131klar\u0131n\u0131 ve ne \u015fekilde ifade ettiklerini g\u00f6receksiniz. Sanat\u00e7\u0131lar\u0131n g\u00fcndelik objeleri kullanarak, bir i\u015fin nas\u0131l olu\u015fturulabilece\u011fine ve neyin sanat olabilece\u011fine y\u00f6nelik varsay\u0131mlar\u0131 nas\u0131l k\u0131rd\u0131klar\u0131n\u0131 ke\u015ffedeceksiniz. \u00d6rne\u011fin, Bisiklet Tekeri, Duchamp\u2019\u0131n haz\u0131r-yap\u0131mlar\u0131n\u0131n ilkidir; objeler (\u00f6nceden haz\u0131rlanm\u0131\u015f ya da seri \u00fcretim bile olabilirler) sanat\u00e7\u0131 taraf\u0131ndan se\u00e7ilir ve sanatsal i\u015f olarak nitelendirilir. Kat\u0131l\u0131mc\u0131lar\u0131m\u0131z da \u00e7evrelerinden se\u00e7ecekleri bir objeyi kullanarak bir i\u015f ortaya koyacak ve onu isimlendirecekler! Ard\u0131ndan, isimlerin, g\u00fcndelik objelerin bizim ve ba\u015fkalar\u0131 taraf\u0131ndan alg\u0131lanmas\u0131na yapt\u0131klar\u0131 etkiyi, bir grup halinde tart\u0131\u015facaklar.<\/p>\n\n\n\n<p><em>Max Ernst<\/em>\u2019ten&nbsp;<em>Man Ray<\/em>\u2019a,&nbsp;<em>Hannah H\u00f6ch<\/em>\u2019ten&nbsp;<em>Marcel Duchamp<\/em>\u2019a, Dadaist eserleri ortak bir temelde birle\u015ftiren bir g\u00f6rsel stil bulunmamaktad\u0131r. Dersler ve rehberlik e\u015fli\u011finde kat\u0131l\u0131mc\u0131lar\u0131m\u0131z kendi fikirlerini ortaya koyacak, ki\u015fisel bir g\u00f6rsel dil olu\u015fturup konsept dahilinde birden fazla i\u015f yaratacaklar. Program dahilinde verilecek derslerde Sanat &amp; Kimlik, Dadaist \u015eiirler &amp; Sanatsal \u0130\u015fbirli\u011fi konular\u0131 i\u015flenecek,&nbsp;G\u00fcndelik Objelerin D\u00f6n\u00fc\u015f\u00fcm\u00fc ve Ba\u015fl\u0131ca Dadaist Filmler incelenecek. St\u00fcdyolarda teori\u011fi prati\u011fe \u00e7evirecek, kolajlar, enstallasyonlar, cam, \u00e7izim ve boyama konseptlerini ders i\u00e7eri\u011fi ile paralel bir \u015fekilde i\u015fleyecekler.<\/p>\n\n\n\n<p>T\u00fcm bunlara ek olarak cam oca\u011f\u0131na d\u00fczenlenecek gezi ile kat\u0131l\u0131mc\u0131lar\u0131m\u0131z, cam \u00fcfleme ve ate\u015fle \u00e7al\u0131\u015fma y\u00f6ntemlerini izleyip \u00f6\u011frenecek, cam ile \u00e7al\u0131\u015fmay\u0131 deneyimleyecekler. Bu program ile \u00e7al\u0131\u015fmalar\u0131n\u0131z\u0131n derinli\u011fini g\u00fc\u00e7lendirebilir, sanat\u0131n s\u0131n\u0131r\u0131n\u0131n ne olabilece\u011fi \u00fczerine olan \u00f6nyarg\u0131lar\u0131n\u0131z\u0131 y\u0131kabilirsiniz.<\/p>\n\n\n\n<p><strong>Nazl\u0131 Ceren \u00d6zerdem<\/strong>, Brown University ve Rhode Island School of Design \u00dcniversitelerinin Resim ve Sanat Tarihi b\u00f6l\u00fcmlerinde \u00e7ift anadal yapt\u0131. E\u011fitim hayat\u0131 boyunca \u00d6zerdem, Brown University Uluslararas\u0131 Akademisyenler Bursu, Kendall Kerfoot Smith Bursu, Brown Y\u0131ll\u0131k Fonu ve Dekanl\u0131k \u0130htiyari \u0130mtiyaz\u0131 gibi bir \u00e7ok bursla \u00f6d\u00fcllendirildi. Uluslararas\u0131 sergilerde yer alan \u00d6zerdem, resim, \u00e7izim, cam, ka\u011f\u0131t, tekstil ve film gibi pek \u00e7ok ortam ile \u00e7al\u0131\u015fma deneyimine sahiptir. Ayn\u0131 zamanda Ceren \u00d6zerdem Robert Kolej mezunudur!<\/p>\n<\/div>\n\n\n\n<div class=\"wp-block-column is-layout-flow wp-block-column-is-layout-flow\">\n<figure class=\"wp-block-image\"><img decoding=\"async\" src=\"https:\/\/lh5.googleusercontent.com\/jeKfzCpB8A5CEzS9hweBHzkx5OvXuZED6YPVDtzdTRHqAICj42gVmCf3Eaiirp5mufDPK_wMQLLtJOdvEcrmSU-rdGuuSJEckZH76OfcMvTFM4M99mM1hj548oRoiU-8i6oVzPRB\" alt=\"\"\/><\/figure>\n\n\n\n<h3 class=\"wp-block-heading\">\u00c7A\u011eDA\u015e DANS AKADEM\u0130S\u0130<\/h3>\n\n\n\n<p>Dans\u0131n\u0131z\u0131 \u00e7ok y\u00f6nl\u00fc ve etkileyici bir hale getirmek i\u00e7in neler yapabilece\u011finizi merak ediyor musunuz? \u00c7ok \u00e7e\u015fitli m\u00fczik t\u00fcrlerinde dans etmeyi \u00f6\u011frenmek ister miydiniz? \u00c7a\u011fda\u015f Dans Akademisi\u2019nde aralar\u0131nda modern, jazz, lirik ve klasik bale t\u00fcrlerinin de bulundu\u011fu \u00e7ok \u00e7e\u015fitli dans t\u00fcrlerinden elementleri bir araya getirme f\u0131rsat\u0131 yakalayacaks\u0131n\u0131z.<\/p>\n\n\n\n<p>Bir dans\u00e7\u0131n\u0131n ak\u0131c\u0131 hareketlerle v\u00fccudunu zihniyle nas\u0131l birle\u015ftirdi\u011fini g\u00f6zlemleyip, gerekli \u0131s\u0131nma hareketlerini \u00f6\u011frenecek, v\u00fccudunuzu dansa ve koreografiye adapte etme y\u00f6ntemlerini deneyimleyeceksiniz.<\/p>\n\n\n\n<p>Kat\u0131l\u0131mc\u0131lar\u0131n giri\u015f seviyesinde modern dans bilgilerinin olmas\u0131 \u00f6nerilmektedir.<\/p>\n\n\n\n<p><strong>Mercan Sel\u00e7uk<\/strong>, \u0130stanbul \u00dcniversitesi Devlet Konservatuar\u0131\u2019nda bale b\u00f6l\u00fcm\u00fcnden mezun olmas\u0131n\u0131n sonras\u0131nda Londra\u2019da Rambert School of Ballet and Contemporary Dance\u2019te dans e\u011fitimi ald\u0131. 2008\u2019den beri \u0130stanbul Universitesi Devlet Konservatuar\u0131 klasik bale ve modern dans e\u011fitmenli\u011finin yan\u0131 s\u0131ra Robert Kolej\u2019de RC Modern Dance Kul\u00fcb\u00fc dan\u0131\u015fmanl\u0131\u011f\u0131n\u0131 yapmaktad\u0131r. Mercan Sel\u00e7uk Dans Toplulu\u011fu\u2019nun da kurucusudur.<\/p>\n<\/div>\n<\/div>\n\n\n\n<h2 class=\"wp-block-heading has-text-align-center\">RCS AKADEM\u0130 E\u011e\u0130TMENLER\u0130<\/h2>\n\n\n\n<div class=\"wp-block-columns is-layout-flex wp-container-core-columns-is-layout-9d6595d7 wp-block-columns-is-layout-flex\">\n<div class=\"wp-block-column is-layout-flow wp-block-column-is-layout-flow\">\n<div class=\"wp-block-columns is-layout-flex wp-container-core-columns-is-layout-9d6595d7 wp-block-columns-is-layout-flex\">\n<div class=\"wp-block-column is-layout-flow wp-block-column-is-layout-flow\"><div class=\"wp-block-image\">\n<figure class=\"aligncenter\"><img decoding=\"async\" src=\"https:\/\/rcsplus.org\/en\/wp-content\/uploads\/2021\/03\/Zeynep-Delen.jpg\" alt=\"\" class=\"wp-image-3335\"\/><\/figure>\n<\/div>\n\n\n<p class=\"has-text-align-center\"><strong><strong>Zeynep Delen<\/strong><\/strong><\/p>\n<\/div>\n\n\n\n<div class=\"wp-block-column is-layout-flow wp-block-column-is-layout-flow\"><div class=\"wp-block-image\">\n<figure class=\"aligncenter\"><img decoding=\"async\" src=\"https:\/\/rcsplus.org\/en\/wp-content\/uploads\/2019\/03\/RC-Summer-Profile-2-2.jpg\" alt=\"\" class=\"wp-image-2378\"\/><\/figure>\n<\/div>\n\n\n<p class=\"has-text-align-center\"><strong>Andrew Tingleff<\/strong><\/p>\n<\/div>\n<\/div>\n<\/div>\n\n\n\n<div class=\"wp-block-column is-layout-flow wp-block-column-is-layout-flow\">\n<div class=\"wp-block-columns is-layout-flex wp-container-core-columns-is-layout-9d6595d7 wp-block-columns-is-layout-flex\">\n<div class=\"wp-block-column is-vertically-aligned-center is-layout-flow wp-block-column-is-layout-flow\"><div class=\"wp-block-image\">\n<figure class=\"aligncenter\"><img decoding=\"async\" src=\"https:\/\/rcsplus.org\/en\/wp-content\/uploads\/2020\/06\/Onur-Unver.jpg\" alt=\"\" class=\"wp-image-3146\"\/><\/figure>\n<\/div>\n\n\n<p class=\"has-text-align-center\"><strong>Onur \u00dcnver<\/strong><\/p>\n<\/div>\n\n\n\n<div class=\"wp-block-column is-layout-flow wp-block-column-is-layout-flow\"><div class=\"wp-block-image\">\n<figure class=\"aligncenter\"><img decoding=\"async\" src=\"https:\/\/rcsplus.org\/en\/wp-content\/uploads\/2020\/03\/muhammet-r-ertugrull.jpg\" alt=\"\" class=\"wp-image-2980\"\/><\/figure>\n<\/div>\n\n\n<p class=\"has-text-align-center\"><strong>Muhammet Ertu\u011frul<\/strong><\/p>\n<\/div>\n<\/div>\n<\/div>\n\n\n\n<div class=\"wp-block-column is-layout-flow wp-block-column-is-layout-flow\">\n<div class=\"wp-block-columns is-layout-flex wp-container-core-columns-is-layout-9d6595d7 wp-block-columns-is-layout-flex\">\n<div class=\"wp-block-column is-layout-flow wp-block-column-is-layout-flow\"><div class=\"wp-block-image\">\n<figure class=\"aligncenter\"><img decoding=\"async\" src=\"https:\/\/rcsplus.org\/en\/wp-content\/uploads\/2020\/03\/ezgi-emel.jpg\" alt=\"\" class=\"wp-image-2983\"\/><\/figure>\n<\/div>\n\n\n<p class=\"has-text-align-center\"><strong>Ezgi Emel<\/strong><\/p>\n<\/div>\n\n\n\n<div class=\"wp-block-column is-layout-flow wp-block-column-is-layout-flow\"><div class=\"wp-block-image\">\n<figure class=\"aligncenter\"><img decoding=\"async\" src=\"https:\/\/rcsplus.org\/en\/wp-content\/uploads\/2021\/03\/Katlyn-Ready.jpg\" alt=\"\" class=\"wp-image-3336\"\/><\/figure>\n<\/div>\n\n\n<p class=\"has-text-align-center\"><strong>Katlyn Ready<\/strong><\/p>\n<\/div>\n<\/div>\n<\/div>\n<\/div>\n\n\n\n<div class=\"wp-block-columns is-layout-flex wp-container-core-columns-is-layout-9d6595d7 wp-block-columns-is-layout-flex\">\n<div class=\"wp-block-column is-layout-flow wp-block-column-is-layout-flow\">\n<div class=\"wp-block-columns are-vertically-aligned-center is-layout-flex wp-container-core-columns-is-layout-9d6595d7 wp-block-columns-is-layout-flex\">\n<div class=\"wp-block-column is-vertically-aligned-center is-layout-flow wp-block-column-is-layout-flow\"><div class=\"wp-block-image\">\n<figure class=\"aligncenter\"><img loading=\"lazy\" decoding=\"async\" width=\"450\" height=\"600\" src=\"https:\/\/rcsplus.org\/tr\/wp-content\/uploads\/2021\/05\/joseph_welch.jpg\" alt=\"\" class=\"wp-image-1853\" srcset=\"https:\/\/rcsplus.org\/tr\/wp-content\/uploads\/2021\/05\/joseph_welch.jpg 450w, https:\/\/rcsplus.org\/tr\/wp-content\/uploads\/2021\/05\/joseph_welch-225x300.jpg 225w\" sizes=\"auto, (max-width: 450px) 100vw, 450px\" \/><\/figure>\n<\/div>\n\n\n<p class=\"has-text-align-center\"><strong>Joseph Welch<\/strong><\/p>\n<\/div>\n\n\n\n<div class=\"wp-block-column is-vertically-aligned-center is-layout-flow wp-block-column-is-layout-flow\"><div class=\"wp-block-image\">\n<figure class=\"aligncenter\"><img decoding=\"async\" src=\"https:\/\/rcsplus.org\/en\/wp-content\/uploads\/2018\/02\/Deniz-Baysal-2.jpg\" alt=\"\" class=\"wp-image-1396\"\/><\/figure>\n<\/div>\n\n\n<p class=\"has-text-align-center\"><strong>Deniz Baysal<\/strong><\/p>\n<\/div>\n<\/div>\n<\/div>\n\n\n\n<div class=\"wp-block-column is-layout-flow wp-block-column-is-layout-flow\">\n<div class=\"wp-block-columns is-layout-flex wp-container-core-columns-is-layout-9d6595d7 wp-block-columns-is-layout-flex\">\n<div class=\"wp-block-column is-layout-flow wp-block-column-is-layout-flow\"><div class=\"wp-block-image\">\n<figure class=\"aligncenter\"><img loading=\"lazy\" decoding=\"async\" width=\"450\" height=\"600\" src=\"https:\/\/rcsplus.org\/tr\/wp-content\/uploads\/2021\/06\/Sera-Boeno.jpg\" alt=\"\" class=\"wp-image-1930\" srcset=\"https:\/\/rcsplus.org\/tr\/wp-content\/uploads\/2021\/06\/Sera-Boeno.jpg 450w, https:\/\/rcsplus.org\/tr\/wp-content\/uploads\/2021\/06\/Sera-Boeno-225x300.jpg 225w\" sizes=\"auto, (max-width: 450px) 100vw, 450px\" \/><\/figure>\n<\/div>\n\n\n<p class=\"has-text-align-center\"><strong>Sera Boeno<\/strong><\/p>\n<\/div>\n\n\n\n<div class=\"wp-block-column is-layout-flow wp-block-column-is-layout-flow\"><div class=\"wp-block-image\">\n<figure class=\"aligncenter\"><img decoding=\"async\" src=\"https:\/\/rcsplus.org\/en\/wp-content\/uploads\/2020\/03\/ozan-yoleri.jpg\" alt=\"\" class=\"wp-image-2981\"\/><\/figure>\n<\/div>\n\n\n<p class=\"has-text-align-center\"><strong>Ozan Yoleri<\/strong><\/p>\n<\/div>\n<\/div>\n<\/div>\n\n\n\n<div class=\"wp-block-column is-layout-flow wp-block-column-is-layout-flow\">\n<div class=\"wp-block-columns is-layout-flex wp-container-core-columns-is-layout-9d6595d7 wp-block-columns-is-layout-flex\">\n<div class=\"wp-block-column is-layout-flow wp-block-column-is-layout-flow\"><div class=\"wp-block-image\">\n<figure class=\"aligncenter size-full\"><img decoding=\"async\" src=\"https:\/\/rcsplus.org\/en\/wp-content\/uploads\/2021\/05\/berkman_gulenc.jpg\" alt=\"\" class=\"wp-image-3422\"\/><\/figure>\n<\/div>\n\n\n<p class=\"has-text-align-center\"><strong>Berkman G\u00fclen\u00e7<\/strong><\/p>\n<\/div>\n\n\n\n<div class=\"wp-block-column is-layout-flow wp-block-column-is-layout-flow\">\n<p class=\"has-text-align-center\"><\/p>\n<\/div>\n<\/div>\n<\/div>\n<\/div>\n","protected":false},"excerpt":{"rendered":"<p>RCS AKADEM\u0130 &#8211; GE\u00c7T\u0130\u011e\u0130M\u0130Z D\u00d6NEMLERDEK\u0130 PROGRAMLAR SANATSAL SES\u0130M\u0130 BULMAK \u2013 SANAT PORTFOLYOSU HAZIRLAMA Bu proje tabanl\u0131 \u00fcniversite dan\u0131\u015fmanl\u0131\u011f\u0131 ve sanat program\u0131nda, kat\u0131l\u0131mc\u0131lar ba\u015far\u0131l\u0131 bir sanat ve tasar\u0131m \u00fcniversitesi ba\u015fvuru portfolyosuna y\u00f6nelik \u00e7al\u0131\u015fmalar ger\u00e7ekle\u015ftireceklerdir.&nbsp;Kat\u0131l\u0131mc\u0131lar, \u00f6z-kronoloji, malzemele ke\u015fifleri, yeni mecralar, edebiyat, veri toplama ve g\u00fcncel olaylar etraf\u0131nda olu\u015fturulmu\u015f sanat problemleri \u00fczerine i\u015fler \u00fcretirken kendi bireysel sanat dillerini &hellip; <\/p>\n<p class=\"link-more\"><a href=\"https:\/\/rcsplus.org\/tr\/rcs-akademi-gecmis-programlar\/\" class=\"more-link\">Okumaya devam et<span class=\"screen-reader-text\"> &#8220;RCS Akademi Online&#8221;<\/span><\/a><\/p>\n","protected":false},"author":1,"featured_media":0,"parent":0,"menu_order":0,"comment_status":"closed","ping_status":"closed","template":"","meta":{"inline_featured_image":false,"footnotes":""},"class_list":["post-1701","page","type-page","status-publish","hentry"],"_links":{"self":[{"href":"https:\/\/rcsplus.org\/tr\/wp-json\/wp\/v2\/pages\/1701","targetHints":{"allow":["GET"]}}],"collection":[{"href":"https:\/\/rcsplus.org\/tr\/wp-json\/wp\/v2\/pages"}],"about":[{"href":"https:\/\/rcsplus.org\/tr\/wp-json\/wp\/v2\/types\/page"}],"author":[{"embeddable":true,"href":"https:\/\/rcsplus.org\/tr\/wp-json\/wp\/v2\/users\/1"}],"replies":[{"embeddable":true,"href":"https:\/\/rcsplus.org\/tr\/wp-json\/wp\/v2\/comments?post=1701"}],"version-history":[{"count":65,"href":"https:\/\/rcsplus.org\/tr\/wp-json\/wp\/v2\/pages\/1701\/revisions"}],"predecessor-version":[{"id":3440,"href":"https:\/\/rcsplus.org\/tr\/wp-json\/wp\/v2\/pages\/1701\/revisions\/3440"}],"wp:attachment":[{"href":"https:\/\/rcsplus.org\/tr\/wp-json\/wp\/v2\/media?parent=1701"}],"curies":[{"name":"wp","href":"https:\/\/api.w.org\/{rel}","templated":true}]}}