{"id":3113,"date":"2024-04-03T13:55:04","date_gmt":"2024-04-03T10:55:04","guid":{"rendered":"https:\/\/rcsplus.org\/tr\/?page_id=3113"},"modified":"2025-04-28T15:23:56","modified_gmt":"2025-04-28T12:23:56","slug":"activistanbul-programi","status":"publish","type":"page","link":"https:\/\/rcsplus.org\/tr\/activistanbul-programi\/","title":{"rendered":"ActivIstanbul Program\u0131"},"content":{"rendered":"\n<div style=\"height:20px\" aria-hidden=\"true\" class=\"wp-block-spacer\"><\/div>\n\n\n\n<h2 class=\"wp-block-heading has-text-align-center has-text-color\" style=\"color:#ff0000\">RCS AKADEM\u0130- ACTIVISTANBUL<\/h2>\n\n\n\n<p class=\"justify-me\">Program\u0131m\u0131z, 5 &#8211; 8. s\u0131n\u0131f aras\u0131 gen\u00e7lerimizi \u0130stanbul&#8217;da mevcut olan \u00e7ok say\u0131da farkl\u0131 aktiviteyle tan\u0131\u015ft\u0131rmay\u0131 planlamaktad\u0131r. ACTIVISTANBUL temel ya\u015fam becerilerini geli\u015ftirirken, kat\u0131l\u0131mc\u0131lar aras\u0131nda bir topluluk ve aidiyet duygusu geli\u015ftirmeyi ama\u00e7lar.<\/p>\n\n\n\n<h3 class=\"wp-block-heading has-text-align-center has-text-color\" style=\"color:#ff0000\">PROGRAM DETAYLARI<\/h3>\n\n\n\n<p class=\"justify-me\">RCS Akademi&#8217;nin ba\u011f\u0131ms\u0131z bir uzant\u0131s\u0131 olan ACTIVISTANBUL, <strong>10 g\u00fcne yay\u0131lan tam g\u00fcnl\u00fck bir programd\u0131r<\/strong>. Y\u0131ld\u0131zlar\u0131n alt\u0131nda kamp yapmaktan oryantiring m\u00fccadelelerine, k\u00fcrek gezilerinden hem kamp\u00fcs i\u00e7i hem de kamp\u00fcs d\u0131\u015f\u0131 aktiviteleri birle\u015ftiren ACTIVISTANBUL, ke\u015fif ve ki\u015fisel geli\u015fim i\u00e7in \u00e7ok \u00e7e\u015fitli f\u0131rsatlar sunuyor.<\/p>\n\n\n\n<p>G\u00fcvenlik bizim i\u00e7in her \u015feyden \u00f6nemli. Herkes i\u00e7in g\u00fcvenli ve destekleyici bir ortam sa\u011flamak ise \u00f6nceli\u011fimizdir. Bu nedenle t\u00fcm faaliyetler deneyimli personelin g\u00f6zetimi alt\u0131nda y\u00fcr\u00fct\u00fcl\u00fcr. Uygulamal\u0131 e\u011fitim ve temel tekniklerin \u00f6\u011frenilmesi yoluyla, kat\u0131l\u0131mc\u0131lar yaln\u0131zca \u00e7evrelerini daha iyi anlamakla kalmaz, ayn\u0131 zamanda program\u0131n \u00f6tesine ge\u00e7en de\u011ferli dersler de \u00f6\u011frenirler.<\/p>\n\n\n\n<div class=\"wp-block-columns is-layout-flex wp-container-core-columns-is-layout-9d6595d7 wp-block-columns-is-layout-flex\">\n<div class=\"wp-block-column is-layout-flow wp-block-column-is-layout-flow\" style=\"flex-basis:50%\">\n<div class=\"wp-block-cover has-custom-content-position is-position-bottom-center\"><span aria-hidden=\"true\" class=\"wp-block-cover__background has-background-dim-60 has-background-dim wp-block-cover__gradient-background has-background-gradient\" style=\"background:linear-gradient(172deg,rgba(0,0,0,0) 59%,rgb(169,28,0) 83%)\"><\/span><img decoding=\"async\" class=\"wp-block-cover__image-background wp-image-5746\" alt=\"\" src=\"https:\/\/rcsplus.org\/en\/wp-content\/uploads\/2024\/03\/activistanbul-2-scaled.jpg\" data-object-fit=\"cover\"\/><div class=\"wp-block-cover__inner-container is-layout-constrained wp-block-cover-is-layout-constrained\">\n<div class=\"wp-block-group is-vertical is-content-justification-right is-layout-flex wp-container-core-group-is-layout-9218a9e4 wp-block-group-is-layout-flex\">\n<p class=\"has-text-align-right justify-me has-large-font-size\"><strong>Aktivitelere Bak\u0131\u015f<\/strong><\/p>\n\n\n\n<p class=\"has-text-align-right\">Bu iki haftal\u0131k s\u00fcre\u00e7te kat\u0131l\u0131mc\u0131lar\u0131m\u0131z\u0131 g\u00fcn boyunca zengin bir aktivite i\u00e7eri\u011fi bekliyor.<\/p>\n<\/div>\n<\/div><\/div>\n<\/div>\n\n\n\n<div class=\"wp-block-column is-layout-flow wp-block-column-is-layout-flow\" style=\"flex-basis:50%\">\n<h3 class=\"wp-block-heading has-text-align-center\">S\u0130Z\u0130 NELER BEKL\u0130YOR<\/h3>\n\n\n\n<p class=\"justify-me\">ACTIVISTANBUL&#8217;un temelinde, her kat\u0131l\u0131mc\u0131n\u0131n ke\u015ffedilmeyi bekleyen benzersiz yeteneklere sahip oldu\u011fu inanc\u0131 yer al\u0131yor. ACTIVISTANBUL\u2019da kat\u0131l\u0131mc\u0131lar\u0131m\u0131z, kendi g\u00fc\u00e7l\u00fc y\u00f6nlerini ke\u015ffetme ve liderlik becerilerini geli\u015ftirme imkan\u0131 bulacaklard\u0131r.<\/p>\n\n\n\n<figure class=\"wp-block-table\"><table><thead><tr><th class=\"has-text-align-center\" data-align=\"center\">Do\u011fan\u0131n Keyfine Var\u0131n<\/th><th class=\"has-text-align-center\" data-align=\"center\">Sporlar\u0131 Deneyimleyin<\/th><th class=\"has-text-align-center\" data-align=\"center\">Sosyalle\u015fin<\/th><\/tr><\/thead><tbody><tr><td class=\"has-text-align-center\" data-align=\"center\">Oryantiring<\/td><td class=\"has-text-align-center\" data-align=\"center\">Y\u00fcksek \u0130p<\/td><td class=\"has-text-align-center\" data-align=\"center\">Tak\u0131m Olu\u015fturma<\/td><\/tr><tr><td class=\"has-text-align-center\" data-align=\"center\">\u015eelale Y\u00fcr\u00fcy\u00fc\u015f\u00fc<\/td><td class=\"has-text-align-center\" data-align=\"center\">T\u0131rman\u0131\u015f<\/td><td class=\"has-text-align-center\" data-align=\"center\">Veda Partisi<\/td><\/tr><tr><td class=\"has-text-align-center\" data-align=\"center\">Do\u011fada Kamp<\/td><td class=\"has-text-align-center\" data-align=\"center\">K\u00fcrek<\/td><td class=\"has-text-align-center\" data-align=\"center\">Mezuniyet Etkinli\u011fi<\/td><\/tr><tr><td class=\"has-text-align-center\" data-align=\"center\">Hazine Av\u0131<\/td><td class=\"has-text-align-center\" data-align=\"center\">Y\u00fczme<\/td><td class=\"has-text-align-center\" data-align=\"center\">Yemek Pi\u015firme<\/td><\/tr><\/tbody><\/table><figcaption class=\"wp-element-caption\">Ve daha fazlas\u0131!<\/figcaption><\/figure>\n<\/div>\n<\/div>\n\n\n<div class=\"wp-block-image\">\n<figure class=\"aligncenter\"><img loading=\"lazy\" decoding=\"async\" width=\"423\" height=\"35\" src=\"https:\/\/rcsplus.org\/en\/wp-content\/uploads\/2017\/11\/arrow-spacer.png\" alt=\"\" class=\"wp-image-336\" srcset=\"https:\/\/rcsplus.org\/tr\/wp-content\/uploads\/2017\/11\/arrow-spacer.png 423w, https:\/\/rcsplus.org\/tr\/wp-content\/uploads\/2017\/11\/arrow-spacer-300x25.png 300w\" sizes=\"auto, (max-width: 423px) 100vw, 423px\" \/><\/figure>\n<\/div>\n\n\n<div class=\"wp-block-columns is-layout-flex wp-container-core-columns-is-layout-9d6595d7 wp-block-columns-is-layout-flex\">\n<div class=\"wp-block-column is-layout-flow wp-block-column-is-layout-flow\">\n<div class=\"wp-block-cover has-custom-content-position is-position-bottom-center wp-duotone-unset-1\"><span aria-hidden=\"true\" class=\"wp-block-cover__background has-background-dim-90 has-background-dim wp-block-cover__gradient-background has-background-gradient\" style=\"background:linear-gradient(175deg,rgba(155,81,224,0) 38%,rgb(65,0,126) 63%)\"><\/span><img decoding=\"async\" class=\"wp-block-cover__image-background wp-image-5762\" alt=\"\" src=\"https:\/\/rcsplus.org\/en\/wp-content\/uploads\/2024\/03\/IMG_2610.jpg\" style=\"object-position:14% 36%\" data-object-fit=\"cover\" data-object-position=\"14% 36%\"\/><div class=\"wp-block-cover__inner-container is-layout-constrained wp-block-cover-is-layout-constrained\">\n<div class=\"wp-block-group is-vertical is-content-justification-right is-layout-flex wp-container-core-group-is-layout-ec4876f5 wp-block-group-is-layout-flex\" style=\"line-height:1.1\">\n<p class=\"has-large-font-size\" style=\"line-height:1.1\"><strong>Do\u011fada Kamp<\/strong><\/p>\n\n\n\n<p class=\"has-text-align-left justify-me\"><strong>\u015eile Ye\u015filvadi <\/strong>ve <strong>Ni\u015fantepe Ormanpark<\/strong> gibi nefes kesici do\u011fa manzaraya sahip konumlara ad\u0131m atan kat\u0131l\u0131mc\u0131lar, deneyimli do\u011fa tutkunu rehberimiz G\u00fcrhan Kalkan e\u015fli\u011finde kamp kurma sanat\u0131n\u0131, bar\u0131nak in\u015fa etmeyi ve do\u011fay\u0131 sorumlu bir \u015fekilde ke\u015ffetmeyi \u00f6\u011frenecekler. Bu at\u00f6lyeler, kat\u0131l\u0131mc\u0131lara uygulamal\u0131 \u00f6\u011frenme f\u0131rsatlar\u0131 sunacak ve onlar\u0131 do\u011fada ba\u015far\u0131l\u0131 olmak i\u00e7in bilgi ve \u00f6zg\u00fcvenle donatacak.<\/p>\n<\/div>\n<\/div><\/div>\n<\/div>\n\n\n\n<div class=\"wp-block-column is-layout-flow wp-block-column-is-layout-flow\">\n<div class=\"wp-block-cover has-custom-content-position is-position-bottom-center wp-duotone-unset-2\"><span aria-hidden=\"true\" class=\"wp-block-cover__background has-background-dim-90 has-background-dim wp-block-cover__gradient-background has-background-gradient\" style=\"background:linear-gradient(175deg,rgba(155,81,224,0) 38%,rgb(107,5,22) 69%)\"><\/span><img decoding=\"async\" class=\"wp-block-cover__image-background wp-image-5763\" alt=\"\" src=\"https:\/\/rcsplus.org\/en\/wp-content\/uploads\/2024\/03\/IMG-20220710-WA0013.jpg\" data-object-fit=\"cover\"\/><div class=\"wp-block-cover__inner-container is-layout-constrained wp-block-cover-is-layout-constrained\">\n<div class=\"wp-block-group is-vertical is-content-justification-right is-layout-flex wp-container-core-group-is-layout-ec4876f5 wp-block-group-is-layout-flex\" style=\"line-height:1.1\">\n<p class=\"has-large-font-size\" style=\"line-height:1.1\"><strong>Y\u00fcr\u00fcy\u00fc\u015f<\/strong><\/p>\n\n\n\n<p class=\"has-text-align-left justify-me\">Program\u0131m\u0131z, kat\u0131l\u0131mc\u0131lar\u0131n do\u011fa navigasyon tekniklerini ve temel trekking prensiplerini \u00f6\u011frenmelerine olanak tan\u0131yan etkinlikleri i\u00e7erecek, bunlar\u0131 do\u011fan\u0131n g\u00fczelli\u011fiyle \u00e7evrili bir ortamda ger\u00e7ekle\u015ftirece\u011fiz.<\/p>\n<\/div>\n<\/div><\/div>\n<\/div>\n<\/div>\n\n\n\n<div class=\"wp-block-columns is-layout-flex wp-container-core-columns-is-layout-9d6595d7 wp-block-columns-is-layout-flex\">\n<div class=\"wp-block-column is-layout-flow wp-block-column-is-layout-flow\">\n<div class=\"wp-block-cover has-custom-content-position is-position-bottom-center wp-duotone-unset-3\"><span aria-hidden=\"true\" class=\"wp-block-cover__background has-background-dim-90 has-background-dim wp-block-cover__gradient-background has-background-gradient\" style=\"background:linear-gradient(175deg,rgba(155,81,224,0) 48%,rgba(0,0,0,0.68) 63%)\"><\/span><img decoding=\"async\" class=\"wp-block-cover__image-background wp-image-5766\" alt=\"\" src=\"https:\/\/rcsplus.org\/en\/wp-content\/uploads\/2024\/03\/IMG-20220721-WA0010-3.jpg\" style=\"object-position:63% 55%\" data-object-fit=\"cover\" data-object-position=\"63% 55%\"\/><div class=\"wp-block-cover__inner-container is-layout-constrained wp-block-cover-is-layout-constrained\">\n<div class=\"wp-block-group is-vertical is-content-justification-right is-layout-flex wp-container-core-group-is-layout-ec4876f5 wp-block-group-is-layout-flex\" style=\"line-height:1.1\">\n<p class=\"has-large-font-size\" style=\"line-height:1.1\"><strong>T\u0131rman\u0131\u015f<\/strong><\/p>\n\n\n\n<p class=\"has-text-align-left justify-me\">Kat\u0131l\u0131mc\u0131lar, <strong>Ball\u0131kayalar<\/strong>&#8216;da kaya t\u0131rman\u0131\u015f\u0131n\u0131 ve y\u00fcr\u00fcy\u00fc\u015f rotalar\u0131n\u0131 ke\u015ffedecek, rehberleri e\u015fli\u011finde temel ip tekniklerini \u00f6\u011frenecekler. D\u00fc\u011f\u00fcm ba\u011flamadan emniyet alma ve ini\u015f yapmaya kadar her \u015feyi \u00f6\u011fretecek program\u0131m\u0131z, kat\u0131l\u0131mc\u0131lar\u0131m\u0131z\u0131 g\u00fcvenli ve ba\u015far\u0131l\u0131 t\u0131rman\u0131\u015flar i\u00e7in gerekli becerilerle donatacak.<\/p>\n<\/div>\n<\/div><\/div>\n<\/div>\n\n\n\n<div class=\"wp-block-column is-layout-flow wp-block-column-is-layout-flow\">\n<div class=\"wp-block-cover has-custom-content-position is-position-bottom-center wp-duotone-unset-4\"><span aria-hidden=\"true\" class=\"wp-block-cover__background has-background-dim-90 has-background-dim wp-block-cover__gradient-background has-background-gradient\" style=\"background:linear-gradient(175deg,rgba(155,81,224,0) 38%,rgb(0,20,79) 69%)\"><\/span><img decoding=\"async\" class=\"wp-block-cover__image-background wp-image-5798\" alt=\"\" src=\"https:\/\/rcsplus.org\/en\/wp-content\/uploads\/2024\/03\/996-7911-2.jpg\" data-object-fit=\"cover\"\/><div class=\"wp-block-cover__inner-container is-layout-constrained wp-block-cover-is-layout-constrained\">\n<div class=\"wp-block-group is-vertical is-content-justification-right is-layout-flex wp-container-core-group-is-layout-ec4876f5 wp-block-group-is-layout-flex\" style=\"line-height:1.1\">\n<p class=\"has-large-font-size\" style=\"line-height:1.1\"><strong>K\u00fcrek<\/strong><\/p>\n\n\n\n<p class=\"has-text-align-left justify-me\">Kat\u0131l\u0131mc\u0131lar\u0131m\u0131z, <strong>Hali\u00e7<\/strong>&#8216;in manzaras\u0131n\u0131n keyfini \u00e7\u0131karma ve \u0130stanbul&#8217;un e\u015fsiz atmosferine ba\u015fka bir a\u00e7\u0131dan bakma f\u0131rsat\u0131 yakalayacaklar. Ayr\u0131ca, Bo\u011faz\u0131n sular\u0131nda k\u00fcrek \u00e7ekmenin heyecan verici aktivitesini deneme \u015fans\u0131na sahip olacaklar ve unutulmaz an\u0131lar yaratacaklar.<\/p>\n<\/div>\n<\/div><\/div>\n<\/div>\n<\/div>\n\n\n\n<div class=\"wp-block-columns is-layout-flex wp-container-core-columns-is-layout-9d6595d7 wp-block-columns-is-layout-flex\">\n<div class=\"wp-block-column is-layout-flow wp-block-column-is-layout-flow\" style=\"flex-basis:20%\">\n<h3 class=\"wp-block-heading has-text-align-left\">E\u011e\u0130TMEN\u0130M\u0130Z<\/h3>\n\n\n\n<div class=\"wp-block-cover is-light\" style=\"min-height:230px;aspect-ratio:unset;\"><span aria-hidden=\"true\" class=\"wp-block-cover__background has-background-dim-0 has-background-dim\"><\/span><img decoding=\"async\" class=\"wp-block-cover__image-background wp-image-5873\" alt=\"\" src=\"https:\/\/rcsplus.org\/en\/wp-content\/uploads\/2024\/03\/ink.png\" data-object-fit=\"cover\"\/><div class=\"wp-block-cover__inner-container is-layout-constrained wp-block-cover-is-layout-constrained\">\n<p class=\"has-text-align-center has-large-font-size\"><\/p>\n<\/div><\/div>\n<\/div>\n\n\n\n<div class=\"wp-block-column is-layout-flow wp-block-column-is-layout-flow\" style=\"flex-basis:80%\">\n<div class=\"wp-block-group is-vertical is-content-justification-center is-layout-flex wp-container-core-group-is-layout-48c2c4f0 wp-block-group-is-layout-flex\">\n<div style=\"height:51px\" aria-hidden=\"true\" class=\"wp-block-spacer wp-container-content-2a5a8001\"><\/div>\n\n\n\n<p class=\"justify-me\"><strong>G\u00fcrhan Kalkan<\/strong> kariyerine, 2000-2006 y\u0131llar\u0131 aras\u0131nda Kaliforniya merkezli bir seyahat acentas\u0131nda rehberlik yaparak ba\u015flad\u0131 ve ba\u015fta trekking, rafting, kaya t\u0131rman\u0131\u015f\u0131, kamp\u00e7\u0131l\u0131k ve ke\u015fif programlar\u0131 olmak \u00fczere rehberlik ve y\u00f6netim operasyonlar\u0131n\u0131 i\u00e7eriyordu. American International Rescue 3&#8217;te su arama kurtarma teknisyeni olarak \u015firketin e\u011fitim programlar\u0131nda operasyon sorumlusu olarak rol oynad\u0131. 2018 y\u0131l\u0131nda Y\u00f6ne Team E\u011fitim ve Dan\u0131\u015fmanl\u0131k&#8217;\u0131n kurulmas\u0131yla birlikte 300&#8217;den fazla yerli ve yabanc\u0131 m\u00fc\u015fterisine tak\u0131m \u00e7al\u0131\u015fmas\u0131, liderlik, ki\u015fisel ve organizasyonel geli\u015fim programlar\u0131 tasarlad\u0131 ve uygulad\u0131. 2007 y\u0131l\u0131ndan bu yana Robert Kolej&#8217;de Alternatif E\u011fitim programlar\u0131n\u0131 y\u00f6netiyor, Macera Kul\u00fcb\u00fc faaliyetlerine dan\u0131\u015fmanl\u0131k yap\u0131yor, RCSummer ve RC Academy i\u00e7in programlar haz\u0131rl\u0131yor. Ayr\u0131ca 2021-2023 y\u0131llar\u0131 aras\u0131nda \u015firketi \u0130stanbul B\u00fcy\u00fck\u015fehir Belediyesi&#8217;nin Do\u011fa Kamp\u0131 projesi kapsam\u0131nda kamp etkinliklerinin organizasyonunu \u00fcstlendi. Proje kapsam\u0131nda \u00fc\u00e7 y\u0131lda yakla\u015f\u0131k 18.400 \u00e7ocuk misafir edilmi\u015ftir.<\/p>\n<\/div>\n<\/div>\n<\/div>\n\n\n<div class=\"wp-block-image\">\n<figure class=\"aligncenter\"><img loading=\"lazy\" decoding=\"async\" width=\"423\" height=\"35\" src=\"https:\/\/rcsplus.org\/en\/wp-content\/uploads\/2017\/11\/arrow-spacer.png\" alt=\"\" class=\"wp-image-336\" srcset=\"https:\/\/rcsplus.org\/tr\/wp-content\/uploads\/2017\/11\/arrow-spacer.png 423w, https:\/\/rcsplus.org\/tr\/wp-content\/uploads\/2017\/11\/arrow-spacer-300x25.png 300w\" sizes=\"auto, (max-width: 423px) 100vw, 423px\" \/><\/figure>\n<\/div>\n\n\n<div class=\"wp-block-cover\" style=\"min-height:307px;aspect-ratio:unset;\"><span aria-hidden=\"true\" class=\"wp-block-cover__background has-background-dim-0 has-background-dim\"><\/span><img decoding=\"async\" class=\"wp-block-cover__image-background wp-image-5743\" alt=\"\" src=\"https:\/\/rcsplus.org\/en\/wp-content\/uploads\/2024\/03\/IMG-20200705-WA0024-2.jpg\" style=\"object-position:50% 67%\" data-object-fit=\"cover\" data-object-position=\"50% 67%\"\/><div class=\"wp-block-cover__inner-container is-layout-constrained wp-block-cover-is-layout-constrained\">\n<div class=\"wp-block-group is-content-justification-center is-nowrap is-layout-flex wp-container-core-group-is-layout-94bc23d7 wp-block-group-is-layout-flex\">\n<p style=\"text-align: center;\"><a class=\"fasc-button fasc-size-xlarge fasc-type-flat fasc-rounded-medium fasc-ico-before dashicons-location\" style=\"background-color: #ff9900; color: #ffffff;\" href=\"https:\/\/rcsplus.org\/tr\/rcs-akademi-kayit-oncesi\/\">\u015eimdi Kaydolun!<\/a>&nbsp;<\/p>\n\n\n\n<p style=\"text-align: center;\">&nbsp;<a class=\"fasc-button fasc-size-xlarge fasc-type-flat fasc-rounded-medium fasc-ico-before dashicons-welcome-learn-more\" style=\"background-color: #ba37af; color: #ffffff;\" href=\"https:\/\/rcsplus.org\/tr\/rcs-akademi-yaz\/\">Di\u011fer Programlar\u0131m\u0131za G\u00f6z At\u0131n<\/a><\/p>\n<\/div>\n<\/div><\/div>\n","protected":false},"excerpt":{"rendered":"<p>RCS AKADEM\u0130- ACTIVISTANBUL Program\u0131m\u0131z, 5 &#8211; 8. s\u0131n\u0131f aras\u0131 gen\u00e7lerimizi \u0130stanbul&#8217;da mevcut olan \u00e7ok say\u0131da farkl\u0131 aktiviteyle tan\u0131\u015ft\u0131rmay\u0131 planlamaktad\u0131r. ACTIVISTANBUL temel ya\u015fam becerilerini geli\u015ftirirken, kat\u0131l\u0131mc\u0131lar aras\u0131nda bir topluluk ve aidiyet duygusu geli\u015ftirmeyi ama\u00e7lar. PROGRAM DETAYLARI RCS Akademi&#8217;nin ba\u011f\u0131ms\u0131z bir uzant\u0131s\u0131 olan ACTIVISTANBUL, 10 g\u00fcne yay\u0131lan tam g\u00fcnl\u00fck bir programd\u0131r. Y\u0131ld\u0131zlar\u0131n alt\u0131nda kamp yapmaktan oryantiring m\u00fccadelelerine, &hellip; <\/p>\n<p class=\"link-more\"><a href=\"https:\/\/rcsplus.org\/tr\/activistanbul-programi\/\" class=\"more-link\">Okumaya devam et<span class=\"screen-reader-text\"> &#8220;ActivIstanbul Program\u0131&#8221;<\/span><\/a><\/p>\n","protected":false},"author":1,"featured_media":0,"parent":0,"menu_order":0,"comment_status":"closed","ping_status":"closed","template":"","meta":{"inline_featured_image":false,"footnotes":""},"class_list":["post-3113","page","type-page","status-publish","hentry"],"_links":{"self":[{"href":"https:\/\/rcsplus.org\/tr\/wp-json\/wp\/v2\/pages\/3113","targetHints":{"allow":["GET"]}}],"collection":[{"href":"https:\/\/rcsplus.org\/tr\/wp-json\/wp\/v2\/pages"}],"about":[{"href":"https:\/\/rcsplus.org\/tr\/wp-json\/wp\/v2\/types\/page"}],"author":[{"embeddable":true,"href":"https:\/\/rcsplus.org\/tr\/wp-json\/wp\/v2\/users\/1"}],"replies":[{"embeddable":true,"href":"https:\/\/rcsplus.org\/tr\/wp-json\/wp\/v2\/comments?post=3113"}],"version-history":[{"count":12,"href":"https:\/\/rcsplus.org\/tr\/wp-json\/wp\/v2\/pages\/3113\/revisions"}],"predecessor-version":[{"id":3595,"href":"https:\/\/rcsplus.org\/tr\/wp-json\/wp\/v2\/pages\/3113\/revisions\/3595"}],"wp:attachment":[{"href":"https:\/\/rcsplus.org\/tr\/wp-json\/wp\/v2\/media?parent=3113"}],"curies":[{"name":"wp","href":"https:\/\/api.w.org\/{rel}","templated":true}]}}