{"id":373,"date":"2017-11-30T05:36:05","date_gmt":"2017-11-30T05:36:05","guid":{"rendered":"http:\/\/berkmanlord.com\/test\/?page_id=373"},"modified":"2026-02-24T11:07:49","modified_gmt":"2026-02-24T08:07:49","slug":"rcs-akademi-kayit-oncesi","status":"publish","type":"page","link":"https:\/\/rcsplus.org\/tr\/rcs-akademi-kayit-oncesi\/","title":{"rendered":"RCS Akademi Kay\u0131t"},"content":{"rendered":"\n<div style=\"height:20px\" aria-hidden=\"true\" class=\"wp-block-spacer\"><\/div>\n\n\n\n<h2 class=\"wp-block-heading has-text-align-center has-text-color has-link-color wp-elements-1d58d0db3d30d3c92c08148ddbeaf429\" style=\"color:#e7332d\">RCS AKADEM\u0130 KAYIT<\/h2>\n\n\n\n<h4 class=\"wp-block-heading has-text-align-center has-black-color has-text-color has-link-color wp-elements-2747ee33366549ce9faec3866517b030\" id=\"our-rcs-academy-semester-programs-for-2022-are-here\" style=\"line-height:1.4\"><mark style=\"background-color:rgba(0, 0, 0, 0);color:#616161\" class=\"has-inline-color\">2026 RCS Akademi Program\u0131 ile ilgili detaylar buradan a\u00e7\u0131klanacakt\u0131r.<\/mark><\/h4>\n\n\n\n<div style=\"height:20px\" aria-hidden=\"true\" class=\"wp-block-spacer\"><\/div>\n\n\n\n<hr class=\"wp-block-separator has-text-color has-luminous-vivid-orange-color has-alpha-channel-opacity has-luminous-vivid-orange-background-color has-background\"\/>\n\n\n\n<div style=\"height:20px\" aria-hidden=\"true\" class=\"wp-block-spacer\"><\/div>\n\n\n\n<h3 class=\"wp-block-heading has-text-align-center has-text-color has-link-color wp-elements-29b01ee179ef50b58aa05e47b9880890\" style=\"color:#ff9900\"><mark style=\"background-color:rgba(0, 0, 0, 0)\" class=\"has-inline-color has-luminous-vivid-orange-color\">2025 PROGRAMINDAN<\/mark> <\/h3>\n\n\n\n<div style=\"height:20px\" aria-hidden=\"true\" class=\"wp-block-spacer\"><\/div>\n\n\n<p style=\"text-align: center;\"><a class=\"fasc-button fasc-size-large fasc-type-flat fasc-rounded-medium fasc-ico-before dashicons-welcome-learn-more\" style=\"background-color: #ba37af; color: #ffffff;\" href=\"https:\/\/rcsplus.org\/tr\/rcs-akademi-yaz\/\">Programlara G\u00f6zat\u0131n!<\/a>&nbsp; &nbsp; &nbsp;<\/p>\n\n\n<div style=\"height:20px\" aria-hidden=\"true\" class=\"wp-block-spacer\"><\/div>\n\n\n\n<div class=\"wp-block-columns is-layout-flex wp-container-core-columns-is-layout-9d6595d7 wp-block-columns-is-layout-flex\">\n<div class=\"wp-block-column is-layout-flow wp-block-column-is-layout-flow\">\n<h5 class=\"wp-block-heading has-text-align-center has-text-color has-link-color wp-elements-4d1f918ebd793ce784b19bcfde149749\" id=\"first-session\" style=\"color:#b3b3b3\"><mark style=\"background-color:rgba(0, 0, 0, 0)\" class=\"has-inline-color has-luminous-vivid-orange-color\">B\u0130R\u0130NC\u0130 D\u00d6NEM<\/mark><\/h5>\n\n\n\n<h5 class=\"wp-block-heading has-text-align-center\" id=\"4-weeks\">2 Hafta<\/h5>\n\n\n\n<p class=\"has-text-align-center\"> 30 Haziran Pazartesi &#8211; 11 Temmuz Cuma 2025<\/p>\n\n\n\n<p class=\"has-text-align-center\">[<a href=\"https:\/\/rcsplus.org\/tr\/event\/dogada-liderlik-egitimi-ve-seruven-programi\/\">Do\u011fada Liderlik Program\u0131<\/a> 12 Temmuz Cumartesi g\u00fcn\u00fc son bulacakt\u0131r.]<\/p>\n<\/div>\n\n\n\n<div class=\"wp-block-column is-layout-flow wp-block-column-is-layout-flow\">\n<h5 class=\"wp-block-heading has-text-align-center\" id=\"first-session\"><mark style=\"background-color:rgba(0, 0, 0, 0)\" class=\"has-inline-color has-luminous-vivid-orange-color\">\u0130K\u0130NC\u0130 D\u00d6NEM<\/mark><\/h5>\n\n\n\n<h5 class=\"wp-block-heading has-text-align-center\" id=\"4-weeks\">2 Hafta<\/h5>\n\n\n\n<p class=\"has-text-align-center\">14 Temmuz Pazartesi &#8211; 25 Temmuz Cuma 2025<\/p>\n\n\n\n<p class=\"has-text-align-center\"><\/p>\n\n\n\n<div style=\"height:20px\" aria-hidden=\"true\" class=\"wp-block-spacer\"><\/div>\n<\/div>\n\n\n\n<div class=\"wp-block-column is-layout-flow wp-block-column-is-layout-flow\">\n<h5 class=\"wp-block-heading has-text-align-center\" id=\"first-session\"><mark style=\"background-color:rgba(0, 0, 0, 0)\" class=\"has-inline-color has-luminous-vivid-orange-color\">\u00dc\u00c7\u00dcNC\u00dc D\u00d6NEM<\/mark><\/h5>\n\n\n\n<h5 class=\"wp-block-heading has-text-align-center\" id=\"4-weeks\">2 Hafta<\/h5>\n\n\n\n<p class=\"has-text-align-center\">4 A\u011fustos Pazartesi &#8211; 15 A\u011fustos Cuma 2025<\/p>\n\n\n\n<p class=\"has-text-align-center\"><\/p>\n<\/div>\n<\/div>\n\n\n\n<div class=\"wp-block-columns is-layout-flex wp-container-core-columns-is-layout-9d6595d7 wp-block-columns-is-layout-flex\">\n<div class=\"wp-block-column is-layout-flow wp-block-column-is-layout-flow\">\n<p style=\"text-align: center;\">&nbsp;<a class=\"fasc-button fasc-size-large fasc-type-flat fasc-rounded-medium fasc-ico-before dashicons-welcome-learn-more\" style=\"background-color: #ba37af; color: #ffffff;\" href=\"\">Kay\u0131tlar kapanm\u0131\u015ft\u0131r.<\/a><\/p>\n<\/div>\n\n\n\n<div class=\"wp-block-column is-layout-flow wp-block-column-is-layout-flow\">\n<p style=\"text-align: center;\"><a class=\"fasc-button fasc-size-large fasc-type-flat fasc-rounded-medium fasc-ico-before dashicons-welcome-learn-more\" style=\"background-color: #ba37af; color: #ffffff;\">Kay\u0131tlar kapanm\u0131\u015ft\u0131r.<\/a><\/p>\n\n\n\n<div style=\"height:20px\" aria-hidden=\"true\" class=\"wp-block-spacer\"><\/div>\n<\/div>\n\n\n\n<div class=\"wp-block-column is-layout-flow wp-block-column-is-layout-flow\">\n<p style=\"text-align: center;\">&nbsp;<a class=\"fasc-button fasc-size-large fasc-type-flat fasc-rounded-medium fasc-ico-before dashicons-welcome-learn-more\" style=\"background-color: #ba37af; color: #ffffff;\" href=\"\">Kay\u0131tlar kapanm\u0131\u015ft\u0131r.<\/a><\/p>\n<\/div>\n<\/div>\n\n\n\n<h3 class=\"wp-block-heading has-text-align-center has-vivid-red-color has-text-color\"><mark style=\"background-color:rgba(0, 0, 0, 0)\" class=\"has-inline-color has-luminous-vivid-orange-color\">PROGRAM \u00dcCRETLER\u0130<\/mark><\/h3>\n\n\n\n<div class=\"wp-block-group\"><div class=\"wp-block-group__inner-container is-layout-constrained wp-block-group-is-layout-constrained\">\n<figure class=\"wp-block-table is-style-stripes\" style=\"font-size:16px\"><table class=\"has-fixed-layout\"><thead><tr><th class=\"has-text-align-center\" data-align=\"center\"><img decoding=\"async\" class=\"wp-image-3832\" style=\"width: 100px;\" src=\"https:\/\/rcsplus.org\/en\/wp-content\/uploads\/2021\/12\/cropped-rcsa-logo-edited.png\" alt=\"\"><br><\/th><th class=\"has-text-align-center\" data-align=\"center\"><strong>RCS Akademi Yar\u0131m G\u00fcn Programlar\u0131<\/strong><\/th><th class=\"has-text-align-center\" data-align=\"center\"><strong><a href=\"https:\/\/rcsplus.org\/tr\/liderlik-programi\/\" data-type=\"page\" data-id=\"1535\">Do\u011fada Liderlik E\u011fitimi &amp; Ser\u00fcven Program\u0131<\/a><\/strong><\/th><th class=\"has-text-align-center\" data-align=\"center\"><strong>ActivIstanbul Program\u0131<\/strong><\/th><th class=\"has-text-align-center\" data-align=\"center\"><a href=\"https:\/\/rcsplus.org\/tr\/event\/ileri-dogada-liderlik-egitimi-ve-seruven-programi\/\" data-type=\"link\" data-id=\"https:\/\/rcsplus.org\/tr\/event\/ileri-dogada-liderlik-egitimi-ve-seruven-programi\/\">\u0130leri Do\u011fada Liderlik E\u011fitimi &amp; Ser\u00fcven Program\u0131<\/a><\/th><\/tr><\/thead><tbody><tr><td class=\"has-text-align-center\" data-align=\"center\">&nbsp;<\/td><td class=\"has-text-align-center\" data-align=\"center\"><strong>10 G\u00fcn<\/strong><\/td><td class=\"has-text-align-center\" data-align=\"center\"><strong>12 G\u00fcn<\/strong><\/td><td class=\"has-text-align-center\" data-align=\"center\"><strong>10 G\u00fcn<\/strong> &#8211; <strong>Tam G\u00fcn<\/strong><\/td><td class=\"has-text-align-center\" data-align=\"center\"><strong>5 G\u00fcn &#8211; Tam G\u00fcn<\/strong><\/td><\/tr><tr><td class=\"has-text-align-center\" data-align=\"center\"><strong>Program \u00dccreti<\/strong><\/td><td class=\"has-text-align-center\" data-align=\"center\">&#8211; \u20ba<\/td><td class=\"has-text-align-center\" data-align=\"center\">&#8211; \u20ba<\/td><td class=\"has-text-align-center\" data-align=\"center\">&#8211; \u20ba<\/td><td class=\"has-text-align-center\" data-align=\"center\">&#8211; \u20ba<\/td><\/tr><tr><td class=\"has-text-align-center\" data-align=\"center\"><strong>RC Mezun ve Karde\u015f \u0130ndirimi<\/strong><br>Mezun \/ karde\u015f indirimi t\u00fcm karde\u015flere uygulan\u0131r.<\/td><td class=\"has-text-align-center\" data-align=\"center\">&#8211; \u20ba<\/td><td class=\"has-text-align-center\" data-align=\"center\">&#8211; \u20ba<\/td><td class=\"has-text-align-center\" data-align=\"center\">&#8211; \u20ba<\/td><td class=\"has-text-align-center\" data-align=\"center\">&#8211; \u20ba<\/td><\/tr><\/tbody><tfoot><tr><td class=\"has-text-align-center\" data-align=\"center\"><\/td><td class=\"has-text-align-center\" data-align=\"center\">8:30 &#8211; 12:00 veya 12:30 &#8211; 16:00<\/td><td class=\"has-text-align-center\" data-align=\"center\">12:30 &#8211; 16:00<br>\u0130ki konaklamal\u0131 kamp gezisi<\/td><td class=\"has-text-align-center\" data-align=\"center\">8:30 &#8211; 16:00<br>\u0130ki konaklamal\u0131 kamp ve 5 gezi<\/td><td class=\"has-text-align-center\" data-align=\"center\">8:30 &#8211; 16:00<br>Bir haftal\u0131k tam g\u00fcn program.<\/td><\/tr><\/tfoot><\/table><\/figure>\n<\/div><\/div>\n\n\n\n<ul style=\"font-size:16px\" class=\"wp-block-list\">\n<li>Program \u00fccretleri <strong>tek bir<\/strong> <strong>program<\/strong> i\u00e7indir.<\/li>\n\n\n\n<li>Her program yar\u0131m g\u00fcn ve iki haftal\u0131k d\u00f6nemlerden olu\u015fmaktad\u0131r.<\/li>\n\n\n\n<li>Kat\u0131l\u0131mc\u0131lar biri sabah, biri \u00f6\u011fleden sonra olmak \u00fczere iki RCS Akademi program\u0131na, yaln\u0131zca sabah veya yaln\u0131zca \u00f6\u011fleden sonra programlar\u0131na kat\u0131labilirler.<\/li>\n\n\n\n<li>Yaln\u0131zca RCS Akademi Sabah programlar\u0131na kat\u0131lan kat\u0131l\u0131mc\u0131lar i\u00e7in kahvalt\u0131 ve at\u0131\u015ft\u0131rmal\u0131klar dahildir.<\/li>\n\n\n\n<li>\u00d6\u011fleden sonra programlar\u0131 ve t\u00fcm g\u00fcn program\u0131nda yer alan kat\u0131l\u0131mc\u0131lar i\u00e7in \u00f6\u011fle yemekleri, \u00f6\u011fleden sonra at\u0131\u015ft\u0131rmal\u0131klar\u0131 ve kamp s\u00fcrecindeki yemekler dahildir.<\/li>\n\n\n\n<li>Program \u00fccretlerine servis \u00fccretleri <strong>dahil de\u011fildir<\/strong>.<\/li>\n\n\n\n<li>RCS Akademi, 15 Temmuz Sal\u0131 g\u00fcn\u00fc resmi tatil nedeniyle yap\u0131lmayacakt\u0131r. Eksik g\u00fcn\u00fcn telafisi 19 Temmuz Cumartesi g\u00fcn\u00fc yap\u0131lacakt\u0131r.<\/li>\n<\/ul>\n\n\n\n<div style=\"height:20px\" aria-hidden=\"true\" class=\"wp-block-spacer\"><\/div>\n\n\n\n<div class=\"wp-block-cover\" style=\"min-height:344px;aspect-ratio:unset;\"><img loading=\"lazy\" decoding=\"async\" width=\"2560\" height=\"957\" class=\"wp-block-cover__image-background wp-image-2504\" alt=\"\" src=\"https:\/\/rcsplus.org\/tr\/wp-content\/uploads\/2022\/04\/DSC_0452-scaled.jpg\" style=\"object-position:35% 49%\" data-object-fit=\"cover\" data-object-position=\"35% 49%\" srcset=\"https:\/\/rcsplus.org\/tr\/wp-content\/uploads\/2022\/04\/DSC_0452-scaled.jpg 2560w, https:\/\/rcsplus.org\/tr\/wp-content\/uploads\/2022\/04\/DSC_0452-300x112.jpg 300w, https:\/\/rcsplus.org\/tr\/wp-content\/uploads\/2022\/04\/DSC_0452-1024x383.jpg 1024w, https:\/\/rcsplus.org\/tr\/wp-content\/uploads\/2022\/04\/DSC_0452-768x287.jpg 768w, https:\/\/rcsplus.org\/tr\/wp-content\/uploads\/2022\/04\/DSC_0452-1536x574.jpg 1536w, https:\/\/rcsplus.org\/tr\/wp-content\/uploads\/2022\/04\/DSC_0452-2048x765.jpg 2048w\" sizes=\"auto, (max-width: 767px) 89vw, (max-width: 1000px) 54vw, (max-width: 1071px) 543px, 580px\" \/><span aria-hidden=\"true\" class=\"wp-block-cover__background has-background-dim-0 has-background-dim\"><\/span><div class=\"wp-block-cover__inner-container is-layout-flow wp-block-cover-is-layout-flow\">\n<p class=\"has-text-align-center has-large-font-size\"><\/p>\n<\/div><\/div>\n\n\n\n<div style=\"height:20px\" aria-hidden=\"true\" class=\"wp-block-spacer\"><\/div>\n\n\n\n<div class=\"wp-block-columns is-layout-flex wp-container-core-columns-is-layout-9d6595d7 wp-block-columns-is-layout-flex\">\n<div class=\"wp-block-column is-layout-flow wp-block-column-is-layout-flow\">\n<h3 class=\"wp-block-heading\" id=\"bazi-hatirlatmalar\"><mark style=\"background-color:rgba(0, 0, 0, 0);color:#ff0000\" class=\"has-inline-color\">BAZI HATIRLATMALAR<\/mark><\/h3>\n\n\n\n<ul class=\"wp-block-list\">\n<li>RCS Akademi kay\u0131tlar\u0131 sadece <strong>ONLINE<\/strong> yap\u0131lmaktad\u0131r.<\/li>\n\n\n\n<li>Kay\u0131t \u00f6ncesinde l\u00fctfen RCS Akademi Kural ve Y\u00f6netmelik&#8217;lerini okuyunuz.<\/li>\n<\/ul>\n\n\n\n<p class=\"has-text-align-center\"><a href=\"https:\/\/drive.google.com\/file\/d\/1Z6FLpLiZp7S1quRoruovjd1zdW2jY6GT\/view?usp=sharing\" data-type=\"link\" data-id=\"https:\/\/drive.google.com\/file\/d\/1Z6FLpLiZp7S1quRoruovjd1zdW2jY6GT\/view?usp=sharing\">RCS <\/a><a href=\"https:\/\/drive.google.com\/file\/d\/1qlOS-H64oQaPqL-aB0CSZu2rvwyAMj9J\/view?usp=sharing\" data-type=\"link\" data-id=\"https:\/\/drive.google.com\/file\/d\/1Z6FLpLiZp7S1quRoruovjd1zdW2jY6GT\/view?usp=sharing\">Akademi<\/a> &#8211; <a href=\"https:\/\/drive.google.com\/file\/d\/12PBh0NPCdXnT67yVaCX1skPqrf1S9EKh\/view?usp=sharing\" data-type=\"link\" data-id=\"https:\/\/drive.google.com\/file\/d\/1cIy5C4v1YodWnPxLhDA67LOJz55fhtzJ\/view?usp=sharing\">RCS ACTIV\u0130stanbul<\/a><\/p>\n\n\n\n<ul class=\"wp-block-list\">\n<li>Kay\u0131t s\u0131ras\u0131nda en iyi sonucu alabilmek i\u00e7in masa\u00fcst\u00fc ya da diz\u00fcst\u00fc bilgisayar\u0131n\u0131z\u0131 ve web taray\u0131c\u0131s\u0131 olarak Google Chrome kullanman\u0131z\u0131 \u00f6neririz.<\/li>\n\n\n\n<li>Kontenjan dolduktan sonra yap\u0131lan \u00f6n kay\u0131tlar otomatik olarak ba\u015fvuru s\u0131ras\u0131na g\u00f6re yedek listeye&nbsp;ge\u00e7mektedir.<\/li>\n\n\n\n<li>\u00d6n kay\u0131t yapt\u0131r\u0131p asil listeye girmeye hak kazanan ki\u015filere kay\u0131t tamamlama e-postas\u0131 5 g\u00fcn i\u00e7erisinde g\u00f6nderilecektir ve sonras\u0131nda kay\u0131tla ilgili ileti\u015fim &#8220;kay\u0131t sorumlusu&#8221; ki\u015fiyle e-mail \u00fczerinden sa\u011flanacakt\u0131r.<\/li>\n\n\n\n<li>Her karde\u015f i\u00e7in kay\u0131t g\u00fcn\u00fcnde&nbsp;ayr\u0131 \u00f6n kay\u0131t formlar\u0131&nbsp;doldurulmas\u0131 gerekmektedir. Bu durumda karde\u015flerden birinin asil listeye girmesi di\u011fer karde\u015fin de <strong>otomatik olarak<\/strong> asil listeye girmesini sa\u011flar.<\/li>\n<\/ul>\n\n\n\n<h3 class=\"wp-block-heading\" id=\"program-ucretleri-hakkinda\"><mark style=\"background-color:rgba(0, 0, 0, 0);color:#ff0000\" class=\"has-inline-color\">PROGRAM \u00dcCRETLER\u0130 HAKKINDA<\/mark><\/h3>\n\n\n\n<ul class=\"wp-block-list\">\n<li>Mezun indirimi anne ya da baba Robert Kolej mezunu ise ge\u00e7erlidir.<\/li>\n\n\n\n<li>Karde\u015f indirimi her iki karde\u015fe de uygulan\u0131r. Mezun ve karde\u015f indirimlerinden yaln\u0131zca bir tanesi uygulan\u0131r.<\/li>\n<\/ul>\n<\/div>\n\n\n\n<div class=\"wp-block-column is-layout-flow wp-block-column-is-layout-flow\">\n<h3 class=\"wp-block-heading\" id=\"on-kayit-sirasinda-yaninizda-bulundurmaniz-gerekenler\"><mark style=\"background-color:rgba(0, 0, 0, 0);color:#ff0000\" class=\"has-inline-color\">\u00d6N KAYIT SIRASINDA YANINIZDA BULUNDURMANIZ GEREKENLER<\/mark><\/h3>\n\n\n\n<ul class=\"wp-block-list\">\n<li>Kay\u0131t yapt\u0131rmak istedi\u011finiz program\u0131n ad\u0131. RCS Akademi&#8217;de sunulan programlar hakk\u0131nda bilgi almak i\u00e7in l\u00fctfen <a href=\"https:\/\/rcsplus.org\/tr\/rcsa-program-icerigi\/\" data-type=\"URL\" data-id=\"https:\/\/rcsplus.org\/tr\/rcsa-program-icerigi\/\">t\u0131klat\u0131n\u0131z<\/a>.<\/li>\n\n\n\n<li>Kayd\u0131 yap\u0131lacak \u00e7ocu\u011fun\/\u00e7ocuklar\u0131n TC kimlik numaras\u0131 ya da TC vatanda\u015f\u0131 de\u011filse pasaport numaras\u0131<\/li>\n\n\n\n<li>Kat\u0131l\u0131mc\u0131n\u0131n kay\u0131tl\u0131 oldu\u011fu okul ad\u0131<\/li>\n\n\n\n<li>Kay\u0131ttan sorumlu olacak ki\u015finin (anne, baba, teyze, asistan vb.) ileti\u015fim bilgileri<\/li>\n\n\n\n<li>Size ula\u015fabilece\u011fimiz iki farkl\u0131 e-posta adresi:<\/li>\n\n\n\n<li>RCS Akademi bilgilendirme e-postalar\u0131, \u015firket e-postalar\u0131n\u0131n g\u00fcvenlik duvar\u0131na tak\u0131labildi\u011fi i\u00e7in kullanmakta oldu\u011funuz g\u00fcncel&nbsp;bir ba\u015fka e-posta adresi (GMail, Windows Live) eklemenizi \u00f6neririz, aksi takdirde e-postalar\u0131m\u0131z size ula\u015fmayabilir.<\/li>\n<\/ul>\n\n\n\n<h3 class=\"wp-block-heading\" id=\"program-ucretleri-hakkinda\"><mark style=\"background-color:rgba(0, 0, 0, 0);color:#ff0000\" class=\"has-inline-color\">KATILIMCI SERV\u0130S SE\u00c7ENEKLER\u0130<\/mark><\/h3>\n\n\n\n<ul class=\"wp-block-list\">\n<li>Ula\u015f\u0131m G\u00fcrsel Servis \u015eirketi taraf\u0131ndan sa\u011flanacakt\u0131r. G\u00fcrsel, kay\u0131t yapt\u0131rmaya hak kazanan velilerle g\u00fczergah ve \u00f6deme bilgileri ile ilgili ileti\u015fime ge\u00e7ecektir.<\/li>\n\n\n\n<li><strong>Sabah ve Ak\u015fam<\/strong> saatlerinde evlere servis opsiyonu sa\u011flanabilmektedir.<\/li>\n\n\n\n<li><strong>Yaln\u0131zca RCS Akademi G\u00fcnd\u00fcz Programlar\u0131na<\/strong> kay\u0131tl\u0131 olan kat\u0131l\u0131mc\u0131lar \u00f6\u011flenleri Zincirlikuyu Metrob\u00fcs Dura\u011f\u0131, Be\u015fikta\u015f \u0130skele ve Asya yakas\u0131nda kay\u0131tlardan sonra belirlenecek merkezi bir yere b\u0131rak\u0131lacaklard\u0131r.<\/li>\n\n\n\n<li><strong>Yaln\u0131zca RCS Akademi \u00d6\u011fleden Sonra Programlar\u0131na<\/strong> kay\u0131tl\u0131 kat\u0131l\u0131mc\u0131lar kamp\u00fcse kendileri ula\u015f\u0131m sa\u011flayacak ve dilerlerse program bitiminde servis hizmetinden faydalanabilecekler.<\/li>\n<\/ul>\n<\/div>\n<\/div>\n\n\n\n<p><\/p>\n","protected":false},"excerpt":{"rendered":"<p>RCS AKADEM\u0130 KAYIT 2026 RCS Akademi Program\u0131 ile ilgili detaylar buradan a\u00e7\u0131klanacakt\u0131r. 2025 PROGRAMINDAN Programlara G\u00f6zat\u0131n!&nbsp; &nbsp; &nbsp; B\u0130R\u0130NC\u0130 D\u00d6NEM 2 Hafta 30 Haziran Pazartesi &#8211; 11 Temmuz Cuma 2025 [Do\u011fada Liderlik Program\u0131 12 Temmuz Cumartesi g\u00fcn\u00fc son bulacakt\u0131r.] \u0130K\u0130NC\u0130 D\u00d6NEM 2 Hafta 14 Temmuz Pazartesi &#8211; 25 Temmuz Cuma 2025 \u00dc\u00c7\u00dcNC\u00dc D\u00d6NEM 2 Hafta &hellip; <\/p>\n<p class=\"link-more\"><a href=\"https:\/\/rcsplus.org\/tr\/rcs-akademi-kayit-oncesi\/\" class=\"more-link\">Okumaya devam et<span class=\"screen-reader-text\"> &#8220;RCS Akademi Kay\u0131t&#8221;<\/span><\/a><\/p>\n","protected":false},"author":1,"featured_media":0,"parent":0,"menu_order":0,"comment_status":"closed","ping_status":"closed","template":"","meta":{"inline_featured_image":false,"footnotes":""},"class_list":["post-373","page","type-page","status-publish","hentry"],"_links":{"self":[{"href":"https:\/\/rcsplus.org\/tr\/wp-json\/wp\/v2\/pages\/373","targetHints":{"allow":["GET"]}}],"collection":[{"href":"https:\/\/rcsplus.org\/tr\/wp-json\/wp\/v2\/pages"}],"about":[{"href":"https:\/\/rcsplus.org\/tr\/wp-json\/wp\/v2\/types\/page"}],"author":[{"embeddable":true,"href":"https:\/\/rcsplus.org\/tr\/wp-json\/wp\/v2\/users\/1"}],"replies":[{"embeddable":true,"href":"https:\/\/rcsplus.org\/tr\/wp-json\/wp\/v2\/comments?post=373"}],"version-history":[{"count":215,"href":"https:\/\/rcsplus.org\/tr\/wp-json\/wp\/v2\/pages\/373\/revisions"}],"predecessor-version":[{"id":3706,"href":"https:\/\/rcsplus.org\/tr\/wp-json\/wp\/v2\/pages\/373\/revisions\/3706"}],"wp:attachment":[{"href":"https:\/\/rcsplus.org\/tr\/wp-json\/wp\/v2\/media?parent=373"}],"curies":[{"name":"wp","href":"https:\/\/api.w.org\/{rel}","templated":true}]}}