{"id":527,"date":"2017-12-01T11:01:25","date_gmt":"2017-12-01T11:01:25","guid":{"rendered":"http:\/\/berkmanlord.com\/test\/?page_id=527"},"modified":"2026-02-27T11:00:50","modified_gmt":"2026-02-27T08:00:50","slug":"sss-rcsummer","status":"publish","type":"page","link":"https:\/\/rcsplus.org\/tr\/sss-rcsummer\/","title":{"rendered":"S\u0131k\u00e7a Sorulan Sorular"},"content":{"rendered":"\n<div style=\"height:20px\" aria-hidden=\"true\" class=\"wp-block-spacer\"><\/div>\n\n\n\n<p class=\"has-text-align-center\">S\u0131k\u00e7a Sorulan Sorular listesi 27 \u015eubat 2025 tarihinde g\u00fcncellenmi\u015ftir.<\/p>\n\n\n\n<div class=\"wp-block-columns is-layout-flex wp-container-core-columns-is-layout-9d6595d7 wp-block-columns-is-layout-flex\">\n<div class=\"wp-block-column is-layout-flow wp-block-column-is-layout-flow\">\n<h4 class=\"wp-block-heading\"><strong>1. RCSummer program\u0131na kat\u0131labilecek \u00e7ocuklar\u0131n ya\u015f aral\u0131\u011f\u0131 nedir?<\/strong><\/h4>\n\n\n\n<p>RCSummer program\u0131na, program\u0131n ilk g\u00fcn\u00fc itibariyle 2&#8217;nci, 3&#8217;\u00fcnc\u00fc, 4&#8217;\u00fcnc\u00fc, 5&#8217;inci, 6&#8217;nc\u0131, 7&#8217;nci, veya 8&#8217;inci s\u0131n\u0131f\u0131 bitirmi\u015f olan \u00e7ocuklar i\u00e7in kay\u0131t yapt\u0131r\u0131labilir.<\/p>\n\n\n\n<p>\u00c7ocu\u011funuzun bitirmi\u015f oldu\u011fu s\u0131n\u0131f\u0131n bu aral\u0131kta olmamas\u0131 durumunda kayd\u0131n\u0131z al\u0131nmaz. Gerekti\u011fi durumda \u00e7ocu\u011funuzun okulundan, bulundu\u011fu s\u0131n\u0131f seviyesi ile ilgili resmi bir belge istenecektir.<\/p>\n\n\n\n<p>\u0130ngilizce e\u011fitim veren uluslararas\u0131 okullarda e\u011fitim g\u00f6ren kat\u0131l\u0131mc\u0131lar T\u00fcrkiye\u2019de 2-8. s\u0131n\u0131f ya\u015f aral\u0131\u011f\u0131nda iseler ba\u015fvuru yapabilirler.<\/p>\n\n\n\n<h4 class=\"wp-block-heading\"><strong>2. Yedek listeye girersem, programa kay\u0131t olma \u015fans\u0131m var m\u0131?<\/strong><\/h4>\n\n\n\n<p>Asil kay\u0131t listesine girip kayd\u0131n\u0131 tamamlamayan ya da kayd\u0131n\u0131 geri almak isteyen olursa, yedek listedeki yerinize g\u00f6re s\u0131ra size gelebilir. Bu durumda, sizinle ileti\u015fime ge\u00e7ilecektir ancak, zamanlama ile ilgili \u00f6ng\u00f6r\u00fcde bulunamamaktay\u0131z.<\/p>\n\n\n\n<h4 class=\"wp-block-heading\"><strong>3. \u00c7ocu\u011fumun karde\u015fi i\u00e7in nas\u0131l kay\u0131t yapt\u0131rabilirim?<\/strong><\/h4>\n\n\n\n<p>Her bir karde\u015f i\u00e7in kay\u0131t g\u00fcn\u00fcnde ayr\u0131 \u00f6n kay\u0131t formlar\u0131 doldurulmas\u0131 gerekmektedir. Bu ko\u015ful sa\u011fland\u0131\u011f\u0131nda karde\u015flerden birinin asil listeye girmesi di\u011fer karde\u015fin de otomatik olarak asil listeye girmesini sa\u011flar. &nbsp;&nbsp;<\/p>\n\n\n\n<h4 class=\"wp-block-heading\"><strong>4. Program \u00fccreti nedir ve neleri kapsamaktad\u0131r?<\/strong><\/h4>\n\n\n\n<p>Program \u00fccreti kay\u0131t s\u00fcrecinden \u00f6nce a\u00e7\u0131klan\u0131r. Program \u00fccretine program, \u00f6\u011fle yeme\u011fi ve at\u0131\u015ft\u0131rmal\u0131klar dahildir. Servis \u00fccreti dahil de\u011fildir.<\/p>\n\n\n\n<h4 class=\"wp-block-heading\"><strong>5. Program \u00fccretlerini nas\u0131l \u00f6deyece\u011fiz ve herhangi bir nedenden dolay\u0131 programa kat\u0131lamamam\u0131z durumunda \u00fccret iadesi yap\u0131l\u0131r m\u0131?<\/strong><\/h4>\n\n\n\n<p>E\u011fer asil kay\u0131t listemizdeyseniz, size \u00f6deme ile ilgili bilgilendirme e-postas\u0131 g\u00f6nderilecektir. Program Kural ve Y\u00f6netmeli\u011fi\u2019ne g\u00f6re program \u00fccreti herhangi bir nedenden dolay\u0131 iade edilmez.<\/p>\n\n\n\n<h4 class=\"wp-block-heading\"><strong>6. RCSummer dan\u0131\u015fmanlar\u0131 kimlerdir?<\/strong><\/h4>\n\n\n\n<p>RCSummer dan\u0131\u015fmanlar\u0131m\u0131z, anadili \u0130ngilizce olan veya iki dilli \u00fcniversite \u00f6\u011frencileri ya da mezunlar\u0131d\u0131r.<\/p>\n\n\n\n<h4 class=\"wp-block-heading\"><strong>7. RCSummer Program\u0131&#8217;nda neler yap\u0131l\u0131yor?<\/strong><\/h4>\n\n\n\n<p>Program\u0131m\u0131z &nbsp;hafta i\u00e7i her g\u00fcn 8:15 &#8211; 16:15 saatleri aras\u0131nda ger\u00e7ekle\u015fir. Daha detayl\u0131 bilgi i\u00e7in web sitemizdeki <a href=\"https:\/\/rcsplus.org\/tr\/rcsummer-program-icerigi\/\" target=\"_blank\" rel=\"noreferrer noopener\">RCSummer Hakk\u0131nda<\/a> sayfas\u0131na bak\u0131n\u0131z.<\/p>\n\n\n\n<h4 class=\"wp-block-heading\"><strong>8. RCSummer program\u0131nda gruplama nas\u0131l yap\u0131l\u0131yor ve \u00e7ocu\u011fum istedi\u011fi bir arkada\u015f\u0131yla ayn\u0131 grupta olabilir mi?<\/strong><\/h4>\n\n\n\n<p>Gruplamalar SADECE kay\u0131t, ya\u015f s\u0131ras\u0131 ve k\u0131z &#8211; erkek da\u011f\u0131l\u0131m\u0131na g\u00f6re yap\u0131lmaktad\u0131r. RCSummer i\u00e7in kat\u0131l\u0131mc\u0131lar\u0131n yeni arkada\u015fl\u0131klar kurmas\u0131 ve farkl\u0131 deneyimler ya\u015famas\u0131 \u00e7ok \u00f6nemlidir. Ancak isteyen kat\u0131l\u0131mc\u0131lar Happy Hour, Fikirlerin Mozai\u011fi ve ApprentIstanbul gibi se\u00e7meli aktivitelerde istedikleri arkada\u015flar\u0131 ile birlikte se\u00e7im yapabilirler.<\/p>\n\n\n\n<h4 class=\"wp-block-heading\"><strong>9. \u0130stanbul d\u0131\u015f\u0131ndan gelen \u00f6\u011frenciler i\u00e7in yat\u0131l\u0131 b\u00f6l\u00fcm\u00fcn\u00fcz var m\u0131?<\/strong><\/h4>\n\n\n\n<p>Program\u0131m\u0131z g\u00fcnd\u00fcz program\u0131d\u0131r. 8:15 &#8211; 16:15 aras\u0131nda yer almaktad\u0131r. 16:15\u2019den sonra t\u00fcm kat\u0131l\u0131mc\u0131lar kamp\u00fcsten ayr\u0131l\u0131rlar.<\/p>\n<\/div>\n\n\n\n<div class=\"wp-block-column is-layout-flow wp-block-column-is-layout-flow\">\n<h4 class=\"wp-block-heading\"><strong>10. RCSummer program kay\u0131tlar\u0131n\u0131n ba\u015flama tarihi ile ilgili nas\u0131l bilgi alabilirim?<\/strong><\/h4>\n\n\n\n<p><em><a href=\"https:\/\/docs.google.com\/forms\/d\/e\/1FAIpQLSc33TyGQ2inKn7OZTKpkWgtWrkZLnyhPWQU_VC3mjiBw1s5fw\/closedform\" target=\"_blank\" rel=\"noreferrer noopener\">RCSummer &amp; RCS Academy Database<\/a><\/em> formunu doldurarak ileti\u015fim bilgilerinizi bize iletmeniz gerekmektedir. Bunu yapt\u0131\u011f\u0131n\u0131z takdirde \u00f6n kay\u0131tlar ba\u015flamadan \u00f6nce bilgi e-postas\u0131 g\u00f6nderilecektir.<\/p>\n\n\n\n<h4 class=\"wp-block-heading\"><strong>11. RCSummer program\u0131na kay\u0131t olmak i\u00e7in nas\u0131l m\u00fcracaat edebilirim?<\/strong><\/h4>\n\n\n\n<p>RCSummer kay\u0131tlar\u0131, <a href=\"https:\/\/rcsplus.org\/tr\/rcsummer-kayit-oncesi\/\" target=\"_blank\" rel=\"noreferrer noopener\">RCSummer Kay\u0131t&nbsp;<\/a>sayfas\u0131ndan sadece ONLINE olarak yap\u0131lmaktad\u0131r. Kontenjan\u0131m\u0131z s\u0131n\u0131rl\u0131 ve talep \u00e7ok yo\u011fun oldu\u011fu i\u00e7in \u00f6n kay\u0131tlar\u0131m\u0131z, m\u00fcracaat s\u0131ras\u0131na g\u00f6re al\u0131n\u0131r. \u00d6n kay\u0131tlar\u0131m\u0131z \u00e7ok k\u0131sa bir zaman i\u00e7inde dolmaktad\u0131r.&nbsp;Kay\u0131tlar a\u00e7\u0131ld\u0131\u011f\u0131nda bunu dikkate al\u0131n\u0131z. Kay\u0131t esnas\u0131nda \u00e7ocu\u011fun, annenin ve baban\u0131n T.C. kimlik numaralar\u0131 (yabanc\u0131lar i\u00e7in pasaport numaras\u0131), \u00e7ocu\u011funuzun okulu vb. bilgiler istenilecektir.<\/p>\n\n\n\n<p>Kay\u0131tlar\u0131m\u0131z \u00d6n Kay\u0131t ve Kay\u0131t Tamamlama a\u015famalar\u0131ndan olu\u015fmaktad\u0131r:<\/p>\n\n\n\n<p><strong>\u00d6n Kay\u0131t<\/strong><\/p>\n\n\n\n<ul class=\"wp-block-list\">\n<li>\u00d6n Kay\u0131tlar web sitemizde belirtilen tarih ve saatte Google Formlar \u00fczerinden yap\u0131l\u0131r. <\/li>\n\n\n\n<li>S\u0131n\u0131rl\u0131 say\u0131daki kontenjan\u0131m\u0131z dolduktan sonra yap\u0131lan m\u00fcracaatlar otomatik olarak yedek listemize ge\u00e7ecektir.<\/li>\n\n\n\n<li>5 i\u015f g\u00fcn\u00fc i\u00e7erisinde, kat\u0131l\u0131mc\u0131n\u0131n asil veya yedek durumu e-posta \u00fczerinden kay\u0131t sorumlusuna (Anne \/ Baba \/ Di\u011fer) iletilir.<\/li>\n<\/ul>\n\n\n\n<p><strong>Kay\u0131t Tamamlama<\/strong><\/p>\n\n\n\n<ul class=\"wp-block-list\">\n<li>Asil listeye girmeye hak kazanan veliler Kay\u0131t Portal\u0131&#8217;na y\u00f6nlendirilir. <\/li>\n\n\n\n<li>Asil listemize giren \u00f6\u011frenciler i\u00e7in 5 i\u015f g\u00fcn\u00fc i\u00e7erisinde portal \u00fczerinden kayd\u0131n tamamlanmas\u0131 gerekmektedir.  <\/li>\n\n\n\n<li>Kay\u0131t verilen s\u00fcre i\u00e7erisinde tamamlanmazsa, aday yedek listeye ge\u00e7er.<\/li>\n<\/ul>\n\n\n\n<h4 class=\"wp-block-heading\"><strong>12. RCSummer Program\u0131&#8217;nda \u00e7ocu\u011fumun \u0130ngilizce d\u00fczeyi \u00f6nemli midir?<\/strong><\/h4>\n\n\n\n<p>\u00c7ocu\u011funuzun temel seviyede \u0130ngilizce anlama ve konu\u015fma &nbsp;becerilerinin geli\u015fmi\u015f olmas\u0131, programda daha keyifli vakit ge\u00e7irmesi ve g\u00fcvenli\u011fi ile ilgili verilen y\u00f6nergeleri anlamas\u0131 i\u00e7in \u00e7ok \u00f6nemlidir.<\/p>\n\n\n\n<h4 class=\"wp-block-heading\"><strong>13. RCSummer Program\u0131 nerede ger\u00e7ekle\u015fiyor?<\/strong><\/h4>\n\n\n\n<p>RCSummer program\u0131 150 y\u0131ll\u0131k tarihi olan, do\u011fa ile i\u00e7 i\u00e7e bir kamp\u00fcse sahip Arnavutk\u00f6y\u2019de bulunan Robert Kolej\u2019de ger\u00e7ekle\u015fir. Baz\u0131 aktivitelerimiz i\u00e7in, Cuma Gezileri ve &#8220;\u0130stanbul Usta Biz \u00c7\u0131rak&#8221; gibi, haftan\u0131n belirli g\u00fcn ve saatlerinde de kamp\u00fcs d\u0131\u015f\u0131na veli izni ile gidilir.<\/p>\n<\/div>\n<\/div>\n","protected":false},"excerpt":{"rendered":"<p>S\u0131k\u00e7a Sorulan Sorular listesi 27 \u015eubat 2025 tarihinde g\u00fcncellenmi\u015ftir. 1. RCSummer program\u0131na kat\u0131labilecek \u00e7ocuklar\u0131n ya\u015f aral\u0131\u011f\u0131 nedir? RCSummer program\u0131na, program\u0131n ilk g\u00fcn\u00fc itibariyle 2&#8217;nci, 3&#8217;\u00fcnc\u00fc, 4&#8217;\u00fcnc\u00fc, 5&#8217;inci, 6&#8217;nc\u0131, 7&#8217;nci, veya 8&#8217;inci s\u0131n\u0131f\u0131 bitirmi\u015f olan \u00e7ocuklar i\u00e7in kay\u0131t yapt\u0131r\u0131labilir. \u00c7ocu\u011funuzun bitirmi\u015f oldu\u011fu s\u0131n\u0131f\u0131n bu aral\u0131kta olmamas\u0131 durumunda kayd\u0131n\u0131z al\u0131nmaz. Gerekti\u011fi durumda \u00e7ocu\u011funuzun okulundan, bulundu\u011fu s\u0131n\u0131f seviyesi &hellip; <\/p>\n<p class=\"link-more\"><a href=\"https:\/\/rcsplus.org\/tr\/sss-rcsummer\/\" class=\"more-link\">Okumaya devam et<span class=\"screen-reader-text\"> &#8220;S\u0131k\u00e7a Sorulan Sorular&#8221;<\/span><\/a><\/p>\n","protected":false},"author":1,"featured_media":0,"parent":0,"menu_order":0,"comment_status":"closed","ping_status":"closed","template":"","meta":{"inline_featured_image":false,"footnotes":""},"class_list":["post-527","page","type-page","status-publish","hentry"],"_links":{"self":[{"href":"https:\/\/rcsplus.org\/tr\/wp-json\/wp\/v2\/pages\/527","targetHints":{"allow":["GET"]}}],"collection":[{"href":"https:\/\/rcsplus.org\/tr\/wp-json\/wp\/v2\/pages"}],"about":[{"href":"https:\/\/rcsplus.org\/tr\/wp-json\/wp\/v2\/types\/page"}],"author":[{"embeddable":true,"href":"https:\/\/rcsplus.org\/tr\/wp-json\/wp\/v2\/users\/1"}],"replies":[{"embeddable":true,"href":"https:\/\/rcsplus.org\/tr\/wp-json\/wp\/v2\/comments?post=527"}],"version-history":[{"count":45,"href":"https:\/\/rcsplus.org\/tr\/wp-json\/wp\/v2\/pages\/527\/revisions"}],"predecessor-version":[{"id":3748,"href":"https:\/\/rcsplus.org\/tr\/wp-json\/wp\/v2\/pages\/527\/revisions\/3748"}],"wp:attachment":[{"href":"https:\/\/rcsplus.org\/tr\/wp-json\/wp\/v2\/media?parent=527"}],"curies":[{"name":"wp","href":"https:\/\/api.w.org\/{rel}","templated":true}]}}